{"version":"1.0","provider_name":"Fundacio Impulsa","provider_url":"https:\/\/www.fundacioimpulsa.org\/es\/","title":"La M\u00fatua General de Catalunya apoya a la Fundaci\u00f3 Impulsa para que j\u00f3venes en situaci\u00f3n de vulnerabilidad puedan continuar estudiando una Formaci\u00f3n Profesional. - Fundacio Impulsa","type":"rich","width":600,"height":338,"html":"<blockquote class=\"wp-embedded-content\" data-secret=\"yX1GHpuyzX\"><a href=\"https:\/\/www.fundacioimpulsa.org\/es\/campanya-origami\/\">La M\u00fatua General de Catalunya apoya a la Fundaci\u00f3 Impulsa para que j\u00f3venes en situaci\u00f3n de vulnerabilidad puedan continuar estudiando una Formaci\u00f3n Profesional.<\/a><\/blockquote><iframe sandbox=\"allow-scripts\" security=\"restricted\" src=\"https:\/\/www.fundacioimpulsa.org\/es\/campanya-origami\/embed\/#?secret=yX1GHpuyzX\" width=\"600\" height=\"338\" title=\"\u00abLa M\u00fatua General de Catalunya apoya a la Fundaci\u00f3 Impulsa para que j\u00f3venes en situaci\u00f3n de vulnerabilidad puedan continuar estudiando una Formaci\u00f3n Profesional.\u00bb \u2014 Fundacio Impulsa\" data-secret=\"yX1GHpuyzX\" frameborder=\"0\" marginwidth=\"0\" marginheight=\"0\" scrolling=\"no\" class=\"wp-embedded-content\"><\/iframe><script type=\"text\/javascript\">\n\/* <![CDATA[ *\/\n\/*! This file is auto-generated *\/\n!function(d,l){\"use strict\";l.querySelector&&d.addEventListener&&\"undefined\"!=typeof URL&&(d.wp=d.wp||{},d.wp.receiveEmbedMessage||(d.wp.receiveEmbedMessage=function(e){var t=e.data;if((t||t.secret||t.message||t.value)&&!\/[^a-zA-Z0-9]\/.test(t.secret)){for(var s,r,n,a=l.querySelectorAll('iframe[data-secret=\"'+t.secret+'\"]'),o=l.querySelectorAll('blockquote[data-secret=\"'+t.secret+'\"]'),c=new RegExp(\"^https?:$\",\"i\"),i=0;i<o.length;i++)o[i].style.display=\"none\";for(i=0;i<a.length;i++)s=a[i],e.source===s.contentWindow&&(s.removeAttribute(\"style\"),\"height\"===t.message?(1e3<(r=parseInt(t.value,10))?r=1e3:~~r<200&&(r=200),s.height=r):\"link\"===t.message&&(r=new URL(s.getAttribute(\"src\")),n=new URL(t.value),c.test(n.protocol))&&n.host===r.host&&l.activeElement===s&&(d.top.location.href=t.value))}},d.addEventListener(\"message\",d.wp.receiveEmbedMessage,!1),l.addEventListener(\"DOMContentLoaded\",function(){for(var e,t,s=l.querySelectorAll(\"iframe.wp-embedded-content\"),r=0;r<s.length;r++)(t=(e=s[r]).getAttribute(\"data-secret\"))||(t=Math.random().toString(36).substring(2,12),e.src+=\"#?secret=\"+t,e.setAttribute(\"data-secret\",t)),e.contentWindow.postMessage({message:\"ready\",secret:t},\"*\")},!1)))}(window,document);\n\/\/# sourceURL=https:\/\/www.fundacioimpulsa.org\/wp-includes\/js\/wp-embed.min.js\n\/* ]]> *\/\n<\/script>\n","thumbnail_url":"https:\/\/www.fundacioimpulsa.org\/wp-content\/uploads\/2025\/02\/Portada-noti-Fundacio-Impulsa-18.jpg","thumbnail_width":700,"thumbnail_height":483,"description":"La Mutua General de Catalunya ha realizado una donaci\u00f3n de 13.700 euros a la Fundaci\u00f3 Impulsa, en el marco de su campa\u00f1a solidaria \u201c1 origami, 1 euro\u201d, que este a\u00f1o ha alcanzado una participaci\u00f3n r\u00e9cord. Estos fondos permitir\u00e1n que m\u00e1s j\u00f3venes en situaci\u00f3n de vulnerabilidad puedan acceder a la Beca Impulsa y, por tanto, cursar Formaci\u00f3n Profesional y prepararse para su futuro laboral."}