{"version":"1.0","provider_name":"Fundacio Impulsa","provider_url":"https:\/\/www.fundacioimpulsa.org\/es\/","title":"Miembros del Patronato de la Fundaci\u00f3n Impulsa y su Directora General mantienen una reuni\u00f3n con la Presidenta de la Diputaci\u00f3 de Barcelona - Fundacio Impulsa","type":"rich","width":600,"height":338,"html":"<blockquote class=\"wp-embedded-content\" data-secret=\"1PeZGP5J6U\"><a href=\"https:\/\/www.fundacioimpulsa.org\/es\/diputacion-barcelona\/\">Miembros del Patronato de la Fundaci\u00f3n Impulsa y su Directora General mantienen una reuni\u00f3n con la Presidenta de la Diputaci\u00f3 de Barcelona<\/a><\/blockquote><iframe sandbox=\"allow-scripts\" security=\"restricted\" src=\"https:\/\/www.fundacioimpulsa.org\/es\/diputacion-barcelona\/embed\/#?secret=1PeZGP5J6U\" width=\"600\" height=\"338\" title=\"\u00abMiembros del Patronato de la Fundaci\u00f3n Impulsa y su Directora General mantienen una reuni\u00f3n con la Presidenta de la Diputaci\u00f3 de Barcelona\u00bb \u2014 Fundacio Impulsa\" data-secret=\"1PeZGP5J6U\" frameborder=\"0\" marginwidth=\"0\" marginheight=\"0\" scrolling=\"no\" class=\"wp-embedded-content\"><\/iframe><script type=\"text\/javascript\">\n\/* <![CDATA[ *\/\n\/*! This file is auto-generated *\/\n!function(d,l){\"use strict\";l.querySelector&&d.addEventListener&&\"undefined\"!=typeof URL&&(d.wp=d.wp||{},d.wp.receiveEmbedMessage||(d.wp.receiveEmbedMessage=function(e){var t=e.data;if((t||t.secret||t.message||t.value)&&!\/[^a-zA-Z0-9]\/.test(t.secret)){for(var s,r,n,a=l.querySelectorAll('iframe[data-secret=\"'+t.secret+'\"]'),o=l.querySelectorAll('blockquote[data-secret=\"'+t.secret+'\"]'),c=new RegExp(\"^https?:$\",\"i\"),i=0;i<o.length;i++)o[i].style.display=\"none\";for(i=0;i<a.length;i++)s=a[i],e.source===s.contentWindow&&(s.removeAttribute(\"style\"),\"height\"===t.message?(1e3<(r=parseInt(t.value,10))?r=1e3:~~r<200&&(r=200),s.height=r):\"link\"===t.message&&(r=new URL(s.getAttribute(\"src\")),n=new URL(t.value),c.test(n.protocol))&&n.host===r.host&&l.activeElement===s&&(d.top.location.href=t.value))}},d.addEventListener(\"message\",d.wp.receiveEmbedMessage,!1),l.addEventListener(\"DOMContentLoaded\",function(){for(var e,t,s=l.querySelectorAll(\"iframe.wp-embedded-content\"),r=0;r<s.length;r++)(t=(e=s[r]).getAttribute(\"data-secret\"))||(t=Math.random().toString(36).substring(2,12),e.src+=\"#?secret=\"+t,e.setAttribute(\"data-secret\",t)),e.contentWindow.postMessage({message:\"ready\",secret:t},\"*\")},!1)))}(window,document);\n\/\/# sourceURL=https:\/\/www.fundacioimpulsa.org\/wp-includes\/js\/wp-embed.min.js\n\/* ]]> *\/\n<\/script>\n","thumbnail_url":"https:\/\/www.fundacioimpulsa.org\/wp-content\/uploads\/2024\/10\/Impulsa_DibaBarcelona-12.jpg","thumbnail_width":1020,"thumbnail_height":680,"description":"Carlos Cuy\u00e0s, Presidente de la Fundaci\u00f3n Impulsa, y Andrea Carandell, miembro del Patronato, acompa\u00f1ados por la Directora General de la Fundaci\u00f3n, Rosa Pujols, han tenido la oportunidad de reunirse con la Presidenta de la Diputaci\u00f3n de Barcelona, \u200b\u200bLlu\u00efsa Moret."}