{"id":11868,"date":"2024-02-27T14:43:27","date_gmt":"2024-02-27T13:43:27","guid":{"rendered":"https:\/\/www.fundacioimpulsa.org\/?page_id=11868"},"modified":"2024-08-27T08:59:30","modified_gmt":"2024-08-27T06:59:30","slug":"reconocimientos","status":"publish","type":"page","link":"https:\/\/www.fundacioimpulsa.org\/es\/reconocimientos\/","title":{"rendered":"Reconocimientos"},"content":{"rendered":"\n<style type=\"text\/css\" data-created_by=\"avia_inline_auto\" id=\"style-css-av-av_section-39fb9a4442e0aba9f67a993b6c755246\">\n.avia-section.av-av_section-39fb9a4442e0aba9f67a993b6c755246{\nbackground-color:#ffdd94;\nbackground-image:unset;\n}\n<\/style>\n<div id='av_section_1'  class='avia-section av-av_section-39fb9a4442e0aba9f67a993b6c755246 main_color avia-section-default avia-no-border-styling  avia-builder-el-0  el_before_av_blog  avia-builder-el-first  avia-bg-style-scroll container_wrap fullsize'  ><div class='container av-section-cont-open' ><main  role=\"main\" itemprop=\"mainContentOfPage\"  class='template-page content  av-content-full alpha units'><div class='post-entry post-entry-type-page post-entry-11868'><div class='entry-content-wrapper clearfix'>\n\n<style type=\"text\/css\" data-created_by=\"avia_inline_auto\" id=\"style-css-av-av_heading-e0f56bba74a7965cf954d72f84994d94\">\n#top .av-special-heading.av-av_heading-e0f56bba74a7965cf954d72f84994d94{\npadding-bottom:10px;\n}\nbody .av-special-heading.av-av_heading-e0f56bba74a7965cf954d72f84994d94 .av-special-heading-tag .heading-char{\nfont-size:25px;\n}\n.av-special-heading.av-av_heading-e0f56bba74a7965cf954d72f84994d94 .av-subheading{\nfont-size:15px;\n}\n<\/style>\n<div  class='av-special-heading av-av_heading-e0f56bba74a7965cf954d72f84994d94 av-special-heading-h3 blockquote modern-quote  avia-builder-el-1  avia-builder-el-no-sibling '><h3 class='av-special-heading-tag '  itemprop=\"headline\"  >Reconeixements<\/h3><div class=\"special-heading-border\"><div class=\"special-heading-inner-border\"><\/div><\/div><\/div>\n<\/div><\/div><\/main><!-- close content main element --><\/div><\/div><div id='after_section_1'  class='main_color av_default_container_wrap container_wrap fullsize'  ><div class='container av-section-cont-open' ><div class='template-page content  av-content-full alpha units'><div class='post-entry post-entry-type-page post-entry-11868'><div class='entry-content-wrapper clearfix'>\n<div  data-slideshow-options=\"{&quot;animation&quot;:&quot;fade&quot;,&quot;autoplay&quot;:false,&quot;loop_autoplay&quot;:&quot;once&quot;,&quot;interval&quot;:5,&quot;loop_manual&quot;:&quot;manual-endless&quot;,&quot;autoplay_stopper&quot;:false,&quot;noNavigation&quot;:false,&quot;show_slide_delay&quot;:90}\" class='avia-content-slider avia-content-grid-active avia-content-slider1 avia-content-slider-odd  avia-builder-el-2  el_after_av_section  avia-builder-el-no-sibling  av-slideshow-ui av-control-default   av-no-slider-navigation av-slideshow-manual av-loop-once av-loop-manual-endless '  itemscope=\"itemscope\" itemtype=\"https:\/\/schema.org\/Blog\" ><div class=\"avia-content-slider-inner\"><div class=\"slide-entry-wrap\"><article class='slide-entry flex_column  post-entry post-entry-11262 slide-entry-overview slide-loop-1 slide-parity-odd  av_one_third first real-thumbnail posttype-post post-format-standard'  itemscope=\"itemscope\" itemtype=\"https:\/\/schema.org\/CreativeWork\" ><a href='https:\/\/www.fundacioimpulsa.org\/es\/la-fundacion-impulsa-recibe-el-premio-a-la-innovacion-y-el-talento-de-la-camara-de-comercio-de-barcelona-de-osona\/' data-rel='slide-1' class='slide-image' title='La Fundaci\u00f3n Impulsa recibe el Premio a la Innovaci\u00f3n y el Talento de la C\u00e1mara de Comercio de Barcelona de Osona'><img decoding=\"async\" fetchpriority=\"high\" width=\"1178\" height=\"716\" src=\"https:\/\/www.fundacioimpulsa.org\/wp-content\/uploads\/2024\/06\/GO7qaxPWcAAhOkl.jpeg\" class=\"wp-image-11257 avia-img-lazy-loading-not-11257 attachment-no scaling size-no scaling wp-post-image\" alt=\"\" srcset=\"https:\/\/www.fundacioimpulsa.org\/wp-content\/uploads\/2024\/06\/GO7qaxPWcAAhOkl.jpeg 1178w, https:\/\/www.fundacioimpulsa.org\/wp-content\/uploads\/2024\/06\/GO7qaxPWcAAhOkl-300x182.jpeg 300w, https:\/\/www.fundacioimpulsa.org\/wp-content\/uploads\/2024\/06\/GO7qaxPWcAAhOkl-1030x626.jpeg 1030w, https:\/\/www.fundacioimpulsa.org\/wp-content\/uploads\/2024\/06\/GO7qaxPWcAAhOkl-768x467.jpeg 768w, https:\/\/www.fundacioimpulsa.org\/wp-content\/uploads\/2024\/06\/GO7qaxPWcAAhOkl-705x429.jpeg 705w, https:\/\/www.fundacioimpulsa.org\/wp-content\/uploads\/2024\/06\/GO7qaxPWcAAhOkl-872x530.jpeg 872w, https:\/\/www.fundacioimpulsa.org\/wp-content\/uploads\/2024\/06\/GO7qaxPWcAAhOkl-315x191.jpeg 315w\" sizes=\"(max-width: 1178px) 100vw, 1178px\" \/><\/a><div class=\"slide-content\"><header class=\"entry-content-header\" aria-label=\"Slide: La Fundaci\u00f3n Impulsa recibe el Premio a la Innovaci\u00f3n y el Talento de la C\u00e1mara de Comercio de Barcelona de Osona\"><h3 class='slide-entry-title entry-title '  itemprop=\"headline\" ><a href='https:\/\/www.fundacioimpulsa.org\/es\/la-fundacion-impulsa-recibe-el-premio-a-la-innovacion-y-el-talento-de-la-camara-de-comercio-de-barcelona-de-osona\/' title='La Fundaci\u00f3n Impulsa recibe el Premio a la Innovaci\u00f3n y el Talento de la C\u00e1mara de Comercio de Barcelona de Osona'>La Fundaci\u00f3n Impulsa recibe el Premio a la Innovaci\u00f3n y el Talento de la C\u00e1mara de Comercio de Barcelona de Osona<\/a><\/h3><span class=\"av-vertical-delimiter\"><\/span><\/header><div class=\"slide-meta\"><time class='slide-meta-time updated'  itemprop=\"datePublished\" datetime=\"2024-06-06T17:26:45+02:00\" >6 de junio de 2024<\/time><\/div><div class='slide-entry-excerpt entry-content'  itemprop=\"text\" ><div class=\"post-tags\" style=\"display:block\"><p class=\"post-tags-inner\"><a href=\"  https:\/\/www.fundacioimpulsa.org\/es\/tag\/reconeixementsocial-es\/  \"><strong> #Reconeixementsocial <\/strong><\/a><br><\/p><\/div><div class=\"read-more-link\"><a href=\"https:\/\/www.fundacioimpulsa.org\/es\/la-fundacion-impulsa-recibe-el-premio-a-la-innovacion-y-el-talento-de-la-camara-de-comercio-de-barcelona-de-osona\/\" class=\"more-link\">Leer m\u00e1s<span class='more-link-arrow avia-svg-icon avia-font-svg_entypo-fontello' data-av_svg_icon='right-open-big' data-av_iconset='svg_entypo-fontello'><svg version=\"1.1\" xmlns=\"http:\/\/www.w3.org\/2000\/svg\" width=\"15\" height=\"32\" viewBox=\"0 0 15 32\" preserveAspectRatio=\"xMidYMid meet\" role=\"graphics-symbol\" aria-hidden=\"true\">\n<path d=\"M0.416 27.84l11.456-11.84-11.456-11.904q-0.832-0.832 0-1.536 0.832-0.832 1.536 0l12.544 12.608q0.768 0.832 0 1.6l-12.544 12.608q-0.704 0.832-1.536 0-0.832-0.704 0-1.536z\"><\/path>\n<\/svg><\/span><\/a><\/div><\/div><\/div><footer class=\"entry-footer\"><\/footer><span class='hidden'>\n\t\t\t\t<span class='av-structured-data'  itemprop=\"image\" itemscope=\"itemscope\" itemtype=\"https:\/\/schema.org\/ImageObject\" >\n\t\t\t\t\t\t<span itemprop='url'>https:\/\/www.fundacioimpulsa.org\/wp-content\/uploads\/2024\/06\/GO7qaxPWcAAhOkl.jpeg<\/span>\n\t\t\t\t\t\t<span itemprop='height'>716<\/span>\n\t\t\t\t\t\t<span itemprop='width'>1178<\/span>\n\t\t\t\t<\/span>\n\t\t\t\t<span class='av-structured-data'  itemprop=\"publisher\" itemtype=\"https:\/\/schema.org\/Organization\" itemscope=\"itemscope\" >\n\t\t\t\t\t\t<span itemprop='name'>anna<\/span>\n\t\t\t\t\t\t<span itemprop='logo' itemscope itemtype='https:\/\/schema.org\/ImageObject'>\n\t\t\t\t\t\t\t<span itemprop='url'>https:\/\/www.fundacioimpulsa.org\/wp-content\/uploads\/2022\/10\/fundacioImpulsa-logoes.png<\/span>\n\t\t\t\t\t\t<\/span>\n\t\t\t\t<\/span><span class='av-structured-data'  itemprop=\"author\" itemscope=\"itemscope\" itemtype=\"https:\/\/schema.org\/Person\" ><span itemprop='name'>anna<\/span><\/span><span class='av-structured-data'  itemprop=\"datePublished\" datetime=\"2024-02-27T14:43:27+01:00\" >2024-06-06 17:26:45<\/span><span class='av-structured-data'  itemprop=\"dateModified\" itemtype=\"https:\/\/schema.org\/dateModified\" >2024-08-27 08:49:09<\/span><span class='av-structured-data'  itemprop=\"mainEntityOfPage\" itemtype=\"https:\/\/schema.org\/mainEntityOfPage\" ><span itemprop='name'>La Fundaci\u00f3n Impulsa recibe el Premio a la Innovaci\u00f3n y el Talento de la C\u00e1mara de Comercio de Barcelona de Osona<\/span><\/span><\/span><\/article><article class='slide-entry flex_column  post-entry post-entry-11932 slide-entry-overview slide-loop-2 slide-parity-even  av_one_third  real-thumbnail posttype-post post-format-standard'  itemscope=\"itemscope\" itemtype=\"https:\/\/schema.org\/CreativeWork\" ><a href='https:\/\/www.fundacioimpulsa.org\/es\/el-cluster-de-la-energia-eficiente-de-cataluna-ceec-reconoce-la-labor-de-la-fundacion-impulsa-en-la-10a-noche-de-la-eficiencia\/' data-rel='slide-1' class='slide-image' title='El Cl\u00faster de la Energ\u00eda Eficiente de Catalu\u00f1a (CEEC) reconoce la labor de la Fundaci\u00f3n Impulsa en la 10\u00aa Noche de la Eficiencia'><img decoding=\"async\" fetchpriority=\"high\" width=\"2560\" height=\"1707\" src=\"https:\/\/www.fundacioimpulsa.org\/wp-content\/uploads\/2023\/06\/Ceec-Nit-Eficiencia-2023-18-scaled.jpg\" class=\"wp-image-8897 avia-img-lazy-loading-not-8897 attachment-no scaling size-no scaling wp-post-image\" alt=\"\" srcset=\"https:\/\/www.fundacioimpulsa.org\/wp-content\/uploads\/2023\/06\/Ceec-Nit-Eficiencia-2023-18-scaled.jpg 2560w, https:\/\/www.fundacioimpulsa.org\/wp-content\/uploads\/2023\/06\/Ceec-Nit-Eficiencia-2023-18-300x200.jpg 300w, https:\/\/www.fundacioimpulsa.org\/wp-content\/uploads\/2023\/06\/Ceec-Nit-Eficiencia-2023-18-1030x687.jpg 1030w, https:\/\/www.fundacioimpulsa.org\/wp-content\/uploads\/2023\/06\/Ceec-Nit-Eficiencia-2023-18-768x512.jpg 768w, https:\/\/www.fundacioimpulsa.org\/wp-content\/uploads\/2023\/06\/Ceec-Nit-Eficiencia-2023-18-1536x1024.jpg 1536w, https:\/\/www.fundacioimpulsa.org\/wp-content\/uploads\/2023\/06\/Ceec-Nit-Eficiencia-2023-18-2048x1365.jpg 2048w, https:\/\/www.fundacioimpulsa.org\/wp-content\/uploads\/2023\/06\/Ceec-Nit-Eficiencia-2023-18-1500x1000.jpg 1500w, https:\/\/www.fundacioimpulsa.org\/wp-content\/uploads\/2023\/06\/Ceec-Nit-Eficiencia-2023-18-705x470.jpg 705w, https:\/\/www.fundacioimpulsa.org\/wp-content\/uploads\/2023\/06\/Ceec-Nit-Eficiencia-2023-18-795x530.jpg 795w, https:\/\/www.fundacioimpulsa.org\/wp-content\/uploads\/2023\/06\/Ceec-Nit-Eficiencia-2023-18-315x211.jpg 315w\" sizes=\"(max-width: 2560px) 100vw, 2560px\" \/><\/a><div class=\"slide-content\"><header class=\"entry-content-header\" aria-label=\"Slide: El Cl\u00faster de la Energ\u00eda Eficiente de Catalu\u00f1a (CEEC) reconoce la labor de la Fundaci\u00f3n Impulsa en la 10\u00aa Noche de la Eficiencia\"><h3 class='slide-entry-title entry-title '  itemprop=\"headline\" ><a href='https:\/\/www.fundacioimpulsa.org\/es\/el-cluster-de-la-energia-eficiente-de-cataluna-ceec-reconoce-la-labor-de-la-fundacion-impulsa-en-la-10a-noche-de-la-eficiencia\/' title='El Cl\u00faster de la Energ\u00eda Eficiente de Catalu\u00f1a (CEEC) reconoce la labor de la Fundaci\u00f3n Impulsa en la 10\u00aa Noche de la Eficiencia'>El Cl\u00faster de la Energ\u00eda Eficiente de Catalu\u00f1a (CEEC) reconoce la labor de la Fundaci\u00f3n Impulsa en la 10\u00aa Noche de la Eficiencia<\/a><\/h3><span class=\"av-vertical-delimiter\"><\/span><\/header><div class=\"slide-meta\"><time class='slide-meta-time updated'  itemprop=\"datePublished\" datetime=\"2023-06-14T10:06:36+02:00\" >14 de junio de 2023<\/time><\/div><div class='slide-entry-excerpt entry-content'  itemprop=\"text\" ><div class=\"read-more-link\"><a href=\"https:\/\/www.fundacioimpulsa.org\/es\/el-cluster-de-la-energia-eficiente-de-cataluna-ceec-reconoce-la-labor-de-la-fundacion-impulsa-en-la-10a-noche-de-la-eficiencia\/\" class=\"more-link\">Leer m\u00e1s<span class='more-link-arrow avia-svg-icon avia-font-svg_entypo-fontello' data-av_svg_icon='right-open-big' data-av_iconset='svg_entypo-fontello'><svg version=\"1.1\" xmlns=\"http:\/\/www.w3.org\/2000\/svg\" width=\"15\" height=\"32\" viewBox=\"0 0 15 32\" preserveAspectRatio=\"xMidYMid meet\" role=\"graphics-symbol\" aria-hidden=\"true\">\n<path d=\"M0.416 27.84l11.456-11.84-11.456-11.904q-0.832-0.832 0-1.536 0.832-0.832 1.536 0l12.544 12.608q0.768 0.832 0 1.6l-12.544 12.608q-0.704 0.832-1.536 0-0.832-0.704 0-1.536z\"><\/path>\n<\/svg><\/span><\/a><\/div><\/div><\/div><footer class=\"entry-footer\"><\/footer><span class='hidden'>\n\t\t\t\t<span class='av-structured-data'  itemprop=\"image\" itemscope=\"itemscope\" itemtype=\"https:\/\/schema.org\/ImageObject\" >\n\t\t\t\t\t\t<span itemprop='url'>https:\/\/www.fundacioimpulsa.org\/wp-content\/uploads\/2023\/06\/Ceec-Nit-Eficiencia-2023-18-scaled.jpg<\/span>\n\t\t\t\t\t\t<span itemprop='height'>1707<\/span>\n\t\t\t\t\t\t<span itemprop='width'>2560<\/span>\n\t\t\t\t<\/span>\n\t\t\t\t<span class='av-structured-data'  itemprop=\"publisher\" itemtype=\"https:\/\/schema.org\/Organization\" itemscope=\"itemscope\" >\n\t\t\t\t\t\t<span itemprop='name'>anna<\/span>\n\t\t\t\t\t\t<span itemprop='logo' itemscope itemtype='https:\/\/schema.org\/ImageObject'>\n\t\t\t\t\t\t\t<span itemprop='url'>https:\/\/www.fundacioimpulsa.org\/wp-content\/uploads\/2022\/10\/fundacioImpulsa-logoes.png<\/span>\n\t\t\t\t\t\t<\/span>\n\t\t\t\t<\/span><span class='av-structured-data'  itemprop=\"author\" itemscope=\"itemscope\" itemtype=\"https:\/\/schema.org\/Person\" ><span itemprop='name'>anna<\/span><\/span><span class='av-structured-data'  itemprop=\"datePublished\" datetime=\"2024-02-27T14:43:27+01:00\" >2023-06-14 10:06:36<\/span><span class='av-structured-data'  itemprop=\"dateModified\" itemtype=\"https:\/\/schema.org\/dateModified\" >2024-08-28 10:29:36<\/span><span class='av-structured-data'  itemprop=\"mainEntityOfPage\" itemtype=\"https:\/\/schema.org\/mainEntityOfPage\" ><span itemprop='name'>El Cl\u00faster de la Energ\u00eda Eficiente de Catalu\u00f1a (CEEC) reconoce la labor de la Fundaci\u00f3n Impulsa en la 10\u00aa Noche de la Eficiencia<\/span><\/span><\/span><\/article><article class='slide-entry flex_column  post-entry post-entry-7529 slide-entry-overview slide-loop-3 slide-parity-odd  av_one_third  real-thumbnail posttype-post post-format-standard'  itemscope=\"itemscope\" itemtype=\"https:\/\/schema.org\/CreativeWork\" ><a href='https:\/\/www.fundacioimpulsa.org\/es\/cecot-posa-en-valor-la-tasca-de-la-fundacio-impulsa-a-traves-dels-reconeixements-2022-al-progres-empresarial\/' data-rel='slide-1' class='slide-image' title='Cecot pone en valor la labor de la Fundaci\u00f3n Impulsa a trav\u00e9s a los \u2018Reconocimientos 2022 al Progreso Empresarial\u2019'><img decoding=\"async\" fetchpriority=\"high\" width=\"2048\" height=\"1536\" src=\"https:\/\/www.fundacioimpulsa.org\/wp-content\/uploads\/2022\/10\/WhatsApp-Image-2022-10-25-at-20.45.25.jpeg\" class=\"wp-image-7525 avia-img-lazy-loading-not-7525 attachment-no scaling size-no scaling wp-post-image\" alt=\"Premis Cecot 2022\" srcset=\"https:\/\/www.fundacioimpulsa.org\/wp-content\/uploads\/2022\/10\/WhatsApp-Image-2022-10-25-at-20.45.25.jpeg 2048w, https:\/\/www.fundacioimpulsa.org\/wp-content\/uploads\/2022\/10\/WhatsApp-Image-2022-10-25-at-20.45.25-300x225.jpeg 300w, https:\/\/www.fundacioimpulsa.org\/wp-content\/uploads\/2022\/10\/WhatsApp-Image-2022-10-25-at-20.45.25-1030x773.jpeg 1030w, https:\/\/www.fundacioimpulsa.org\/wp-content\/uploads\/2022\/10\/WhatsApp-Image-2022-10-25-at-20.45.25-768x576.jpeg 768w, https:\/\/www.fundacioimpulsa.org\/wp-content\/uploads\/2022\/10\/WhatsApp-Image-2022-10-25-at-20.45.25-1536x1152.jpeg 1536w, https:\/\/www.fundacioimpulsa.org\/wp-content\/uploads\/2022\/10\/WhatsApp-Image-2022-10-25-at-20.45.25-1500x1125.jpeg 1500w, https:\/\/www.fundacioimpulsa.org\/wp-content\/uploads\/2022\/10\/WhatsApp-Image-2022-10-25-at-20.45.25-705x529.jpeg 705w, https:\/\/www.fundacioimpulsa.org\/wp-content\/uploads\/2022\/10\/WhatsApp-Image-2022-10-25-at-20.45.25-707x530.jpeg 707w, https:\/\/www.fundacioimpulsa.org\/wp-content\/uploads\/2022\/10\/WhatsApp-Image-2022-10-25-at-20.45.25-281x211.jpeg 281w\" sizes=\"(max-width: 2048px) 100vw, 2048px\" \/><\/a><div class=\"slide-content\"><header class=\"entry-content-header\" aria-label=\"Slide: Cecot pone en valor la labor de la Fundaci\u00f3n Impulsa a trav\u00e9s a los \u2018Reconocimientos 2022 al Progreso Empresarial\u2019\"><h3 class='slide-entry-title entry-title '  itemprop=\"headline\" ><a href='https:\/\/www.fundacioimpulsa.org\/es\/cecot-posa-en-valor-la-tasca-de-la-fundacio-impulsa-a-traves-dels-reconeixements-2022-al-progres-empresarial\/' title='Cecot pone en valor la labor de la Fundaci\u00f3n Impulsa a trav\u00e9s a los \u2018Reconocimientos 2022 al Progreso Empresarial\u2019'>Cecot pone en valor la labor de la Fundaci\u00f3n Impulsa a trav\u00e9s a los \u2018Reconocimientos 2022 al Progreso Empresarial\u2019<\/a><\/h3><span class=\"av-vertical-delimiter\"><\/span><\/header><div class=\"slide-meta\"><time class='slide-meta-time updated'  itemprop=\"datePublished\" datetime=\"2022-10-25T23:02:38+02:00\" >25 de octubre de 2022<\/time><\/div><div class='slide-entry-excerpt entry-content'  itemprop=\"text\" ><div class=\"post-tags\" style=\"display:block\"><p class=\"post-tags-inner\"><a href=\"  https:\/\/www.fundacioimpulsa.org\/es\/tag\/organitzacionsimpulsores-es\/  \"><strong> #OrganizacionesImpulsoras <\/strong><\/a><span class=\"text-sep\"> | <\/span><a href=\"  https:\/\/www.fundacioimpulsa.org\/es\/tag\/organizacionesimpulsoras\/  \"><strong> #OrganizacionesImpulsoras <\/strong><\/a><br><\/p><\/div><div class=\"read-more-link\"><a href=\"https:\/\/www.fundacioimpulsa.org\/es\/cecot-posa-en-valor-la-tasca-de-la-fundacio-impulsa-a-traves-dels-reconeixements-2022-al-progres-empresarial\/\" class=\"more-link\">Leer m\u00e1s<span class='more-link-arrow avia-svg-icon avia-font-svg_entypo-fontello' data-av_svg_icon='right-open-big' data-av_iconset='svg_entypo-fontello'><svg version=\"1.1\" xmlns=\"http:\/\/www.w3.org\/2000\/svg\" width=\"15\" height=\"32\" viewBox=\"0 0 15 32\" preserveAspectRatio=\"xMidYMid meet\" role=\"graphics-symbol\" aria-hidden=\"true\">\n<path d=\"M0.416 27.84l11.456-11.84-11.456-11.904q-0.832-0.832 0-1.536 0.832-0.832 1.536 0l12.544 12.608q0.768 0.832 0 1.6l-12.544 12.608q-0.704 0.832-1.536 0-0.832-0.704 0-1.536z\"><\/path>\n<\/svg><\/span><\/a><\/div><\/div><\/div><footer class=\"entry-footer\"><\/footer><span class='hidden'>\n\t\t\t\t<span class='av-structured-data'  itemprop=\"image\" itemscope=\"itemscope\" itemtype=\"https:\/\/schema.org\/ImageObject\" >\n\t\t\t\t\t\t<span itemprop='url'>https:\/\/www.fundacioimpulsa.org\/wp-content\/uploads\/2022\/10\/WhatsApp-Image-2022-10-25-at-20.45.25.jpeg<\/span>\n\t\t\t\t\t\t<span itemprop='height'>1536<\/span>\n\t\t\t\t\t\t<span itemprop='width'>2048<\/span>\n\t\t\t\t<\/span>\n\t\t\t\t<span class='av-structured-data'  itemprop=\"publisher\" itemtype=\"https:\/\/schema.org\/Organization\" itemscope=\"itemscope\" >\n\t\t\t\t\t\t<span itemprop='name'>comunicacio<\/span>\n\t\t\t\t\t\t<span itemprop='logo' itemscope itemtype='https:\/\/schema.org\/ImageObject'>\n\t\t\t\t\t\t\t<span itemprop='url'>https:\/\/www.fundacioimpulsa.org\/wp-content\/uploads\/2022\/10\/fundacioImpulsa-logoes.png<\/span>\n\t\t\t\t\t\t<\/span>\n\t\t\t\t<\/span><span class='av-structured-data'  itemprop=\"author\" itemscope=\"itemscope\" itemtype=\"https:\/\/schema.org\/Person\" ><span itemprop='name'>comunicacio<\/span><\/span><span class='av-structured-data'  itemprop=\"datePublished\" datetime=\"2024-02-27T14:43:27+01:00\" >2022-10-25 23:02:38<\/span><span class='av-structured-data'  itemprop=\"dateModified\" itemtype=\"https:\/\/schema.org\/dateModified\" >2024-08-27 08:51:28<\/span><span class='av-structured-data'  itemprop=\"mainEntityOfPage\" itemtype=\"https:\/\/schema.org\/mainEntityOfPage\" ><span itemprop='name'>Cecot pone en valor la labor de la Fundaci\u00f3n Impulsa a trav\u00e9s a los \u2018Reconocimientos 2022 al Progreso Empresarial\u2019<\/span><\/span><\/span><\/article><\/div><div class=\"slide-entry-wrap\"><article class='slide-entry flex_column  post-entry post-entry-7496 slide-entry-overview slide-loop-4 slide-parity-odd  av_one_third first real-thumbnail posttype-post post-format-standard'  itemscope=\"itemscope\" itemtype=\"https:\/\/schema.org\/CreativeWork\" ><a href='https:\/\/www.fundacioimpulsa.org\/es\/rebem-el-premi-trajectoria-duna-entitat-dels-premis-cambra-2022-de-la-cambra-de-comerc-de-sabadell-2\/' data-rel='slide-1' class='slide-image' title='Recibimos el Premio Trayectoria de una Entidad de los Premios Cambra\u00a0 2022 de la Cambra de Comercio de Sabadell'><img decoding=\"async\" fetchpriority=\"high\" width=\"325\" height=\"211\" src=\"https:\/\/www.fundacioimpulsa.org\/wp-content\/uploads\/2022\/10\/Entrades-bloc-FI-325-\u00d7-211-px.jpg\" class=\"wp-image-7440 avia-img-lazy-loading-not-7440 attachment-no scaling size-no scaling wp-post-image\" alt=\"\" srcset=\"https:\/\/www.fundacioimpulsa.org\/wp-content\/uploads\/2022\/10\/Entrades-bloc-FI-325-\u00d7-211-px.jpg 325w, https:\/\/www.fundacioimpulsa.org\/wp-content\/uploads\/2022\/10\/Entrades-bloc-FI-325-\u00d7-211-px-300x195.jpg 300w, https:\/\/www.fundacioimpulsa.org\/wp-content\/uploads\/2022\/10\/Entrades-bloc-FI-325-\u00d7-211-px-315x205.jpg 315w\" sizes=\"(max-width: 325px) 100vw, 325px\" \/><\/a><div class=\"slide-content\"><header class=\"entry-content-header\" aria-label=\"Slide: Recibimos el Premio Trayectoria de una Entidad de los Premios Cambra\u00a0 2022 de la Cambra de Comercio de Sabadell\"><h3 class='slide-entry-title entry-title '  itemprop=\"headline\" ><a href='https:\/\/www.fundacioimpulsa.org\/es\/rebem-el-premi-trajectoria-duna-entitat-dels-premis-cambra-2022-de-la-cambra-de-comerc-de-sabadell-2\/' title='Recibimos el Premio Trayectoria de una Entidad de los Premios Cambra\u00a0 2022 de la Cambra de Comercio de Sabadell'>Recibimos el Premio Trayectoria de una Entidad de los Premios Cambra\u00a0 2022 de la Cambra de Comercio de Sabadell<\/a><\/h3><span class=\"av-vertical-delimiter\"><\/span><\/header><div class=\"slide-meta\"><time class='slide-meta-time updated'  itemprop=\"datePublished\" datetime=\"2022-10-20T21:22:55+02:00\" >20 de octubre de 2022<\/time><\/div><div class='slide-entry-excerpt entry-content'  itemprop=\"text\" ><div class=\"post-tags\" style=\"display:block\"><p class=\"post-tags-inner\"><a href=\"  https:\/\/www.fundacioimpulsa.org\/es\/tag\/organitzacionsimpulsores-es\/  \"><strong> #OrganizacionesImpulsoras <\/strong><\/a><span class=\"text-sep\"> | <\/span><a href=\"  https:\/\/www.fundacioimpulsa.org\/es\/tag\/organizacionesimpulsoras\/  \"><strong> #OrganizacionesImpulsoras <\/strong><\/a><br><\/p><\/div><div class=\"read-more-link\"><a href=\"https:\/\/www.fundacioimpulsa.org\/es\/rebem-el-premi-trajectoria-duna-entitat-dels-premis-cambra-2022-de-la-cambra-de-comerc-de-sabadell-2\/\" class=\"more-link\">Leer m\u00e1s<span class='more-link-arrow avia-svg-icon avia-font-svg_entypo-fontello' data-av_svg_icon='right-open-big' data-av_iconset='svg_entypo-fontello'><svg version=\"1.1\" xmlns=\"http:\/\/www.w3.org\/2000\/svg\" width=\"15\" height=\"32\" viewBox=\"0 0 15 32\" preserveAspectRatio=\"xMidYMid meet\" role=\"graphics-symbol\" aria-hidden=\"true\">\n<path d=\"M0.416 27.84l11.456-11.84-11.456-11.904q-0.832-0.832 0-1.536 0.832-0.832 1.536 0l12.544 12.608q0.768 0.832 0 1.6l-12.544 12.608q-0.704 0.832-1.536 0-0.832-0.704 0-1.536z\"><\/path>\n<\/svg><\/span><\/a><\/div><\/div><\/div><footer class=\"entry-footer\"><\/footer><span class='hidden'>\n\t\t\t\t<span class='av-structured-data'  itemprop=\"image\" itemscope=\"itemscope\" itemtype=\"https:\/\/schema.org\/ImageObject\" >\n\t\t\t\t\t\t<span itemprop='url'>https:\/\/www.fundacioimpulsa.org\/wp-content\/uploads\/2022\/10\/Entrades-bloc-FI-325-\u00d7-211-px.jpg<\/span>\n\t\t\t\t\t\t<span itemprop='height'>211<\/span>\n\t\t\t\t\t\t<span itemprop='width'>325<\/span>\n\t\t\t\t<\/span>\n\t\t\t\t<span class='av-structured-data'  itemprop=\"publisher\" itemtype=\"https:\/\/schema.org\/Organization\" itemscope=\"itemscope\" >\n\t\t\t\t\t\t<span itemprop='name'>comunicacio<\/span>\n\t\t\t\t\t\t<span itemprop='logo' itemscope itemtype='https:\/\/schema.org\/ImageObject'>\n\t\t\t\t\t\t\t<span itemprop='url'>https:\/\/www.fundacioimpulsa.org\/wp-content\/uploads\/2022\/10\/fundacioImpulsa-logoes.png<\/span>\n\t\t\t\t\t\t<\/span>\n\t\t\t\t<\/span><span class='av-structured-data'  itemprop=\"author\" itemscope=\"itemscope\" itemtype=\"https:\/\/schema.org\/Person\" ><span itemprop='name'>comunicacio<\/span><\/span><span class='av-structured-data'  itemprop=\"datePublished\" datetime=\"2024-02-27T14:43:27+01:00\" >2022-10-20 21:22:55<\/span><span class='av-structured-data'  itemprop=\"dateModified\" itemtype=\"https:\/\/schema.org\/dateModified\" >2024-08-27 08:52:07<\/span><span class='av-structured-data'  itemprop=\"mainEntityOfPage\" itemtype=\"https:\/\/schema.org\/mainEntityOfPage\" ><span itemprop='name'>Recibimos el Premio Trayectoria de una Entidad de los Premios Cambra\u00a0 2022 de la Cambra de Comercio de Sabadell<\/span><\/span><\/span><\/article><article class='slide-entry flex_column  post-entry post-entry-11986 slide-entry-overview slide-loop-5 slide-parity-even  post-entry-last  av_one_third  real-thumbnail posttype-post post-format-standard'  itemscope=\"itemscope\" itemtype=\"https:\/\/schema.org\/CreativeWork\" ><a href='https:\/\/www.fundacioimpulsa.org\/es\/els-premis-garrotxi-de-lany-organitzats-per-cit-reconeixen-la-nostra-tasca-premiant-nos-com-a-millor-iniciativa-social\/' data-rel='slide-1' class='slide-image' title='Los Premios Garrotx\u00ed de l&#8217;Any, organizados por CIT, reconocen nuestra labor premi\u00e1ndonos como mejor iniciativa social'><img decoding=\"async\" fetchpriority=\"high\" width=\"1024\" height=\"768\" src=\"https:\/\/www.fundacioimpulsa.org\/wp-content\/uploads\/2022\/10\/WhatsApp-Image-2022-06-20-at-11.20.39-1.jpeg\" class=\"wp-image-7475 avia-img-lazy-loading-not-7475 attachment-no scaling size-no scaling wp-post-image\" alt=\"\" srcset=\"https:\/\/www.fundacioimpulsa.org\/wp-content\/uploads\/2022\/10\/WhatsApp-Image-2022-06-20-at-11.20.39-1.jpeg 1024w, https:\/\/www.fundacioimpulsa.org\/wp-content\/uploads\/2022\/10\/WhatsApp-Image-2022-06-20-at-11.20.39-1-300x225.jpeg 300w, https:\/\/www.fundacioimpulsa.org\/wp-content\/uploads\/2022\/10\/WhatsApp-Image-2022-06-20-at-11.20.39-1-768x576.jpeg 768w, https:\/\/www.fundacioimpulsa.org\/wp-content\/uploads\/2022\/10\/WhatsApp-Image-2022-06-20-at-11.20.39-1-705x529.jpeg 705w, https:\/\/www.fundacioimpulsa.org\/wp-content\/uploads\/2022\/10\/WhatsApp-Image-2022-06-20-at-11.20.39-1-707x530.jpeg 707w, https:\/\/www.fundacioimpulsa.org\/wp-content\/uploads\/2022\/10\/WhatsApp-Image-2022-06-20-at-11.20.39-1-281x211.jpeg 281w\" sizes=\"(max-width: 1024px) 100vw, 1024px\" \/><\/a><div class=\"slide-content\"><header class=\"entry-content-header\" aria-label=\"Slide: Los Premios Garrotx\u00ed de l&#039;Any, organizados por CIT, reconocen nuestra labor premi\u00e1ndonos como mejor iniciativa social\"><h3 class='slide-entry-title entry-title '  itemprop=\"headline\" ><a href='https:\/\/www.fundacioimpulsa.org\/es\/els-premis-garrotxi-de-lany-organitzats-per-cit-reconeixen-la-nostra-tasca-premiant-nos-com-a-millor-iniciativa-social\/' title='Los Premios Garrotx\u00ed de l&#8217;Any, organizados por CIT, reconocen nuestra labor premi\u00e1ndonos como mejor iniciativa social'>Los Premios Garrotx\u00ed de l&#8217;Any, organizados por CIT, reconocen nuestra labor premi\u00e1ndonos como mejor iniciativa social<\/a><\/h3><span class=\"av-vertical-delimiter\"><\/span><\/header><div class=\"slide-meta\"><time class='slide-meta-time updated'  itemprop=\"datePublished\" datetime=\"2022-06-11T22:30:49+02:00\" >11 de junio de 2022<\/time><\/div><div class='slide-entry-excerpt entry-content'  itemprop=\"text\" ><div class=\"post-tags\" style=\"display:block\"><p class=\"post-tags-inner\"><a href=\"  https:\/\/www.fundacioimpulsa.org\/es\/tag\/metodeimpulsa-es\/  \"><strong> #M\u00e8todeImpulsa <\/strong><\/a><br><\/p><\/div><div class=\"read-more-link\"><a href=\"https:\/\/www.fundacioimpulsa.org\/es\/els-premis-garrotxi-de-lany-organitzats-per-cit-reconeixen-la-nostra-tasca-premiant-nos-com-a-millor-iniciativa-social\/\" class=\"more-link\">Leer m\u00e1s<span class='more-link-arrow avia-svg-icon avia-font-svg_entypo-fontello' data-av_svg_icon='right-open-big' data-av_iconset='svg_entypo-fontello'><svg version=\"1.1\" xmlns=\"http:\/\/www.w3.org\/2000\/svg\" width=\"15\" height=\"32\" viewBox=\"0 0 15 32\" preserveAspectRatio=\"xMidYMid meet\" role=\"graphics-symbol\" aria-hidden=\"true\">\n<path d=\"M0.416 27.84l11.456-11.84-11.456-11.904q-0.832-0.832 0-1.536 0.832-0.832 1.536 0l12.544 12.608q0.768 0.832 0 1.6l-12.544 12.608q-0.704 0.832-1.536 0-0.832-0.704 0-1.536z\"><\/path>\n<\/svg><\/span><\/a><\/div><\/div><\/div><footer class=\"entry-footer\"><\/footer><span class='hidden'>\n\t\t\t\t<span class='av-structured-data'  itemprop=\"image\" itemscope=\"itemscope\" itemtype=\"https:\/\/schema.org\/ImageObject\" >\n\t\t\t\t\t\t<span itemprop='url'>https:\/\/www.fundacioimpulsa.org\/wp-content\/uploads\/2022\/10\/WhatsApp-Image-2022-06-20-at-11.20.39-1.jpeg<\/span>\n\t\t\t\t\t\t<span itemprop='height'>768<\/span>\n\t\t\t\t\t\t<span itemprop='width'>1024<\/span>\n\t\t\t\t<\/span>\n\t\t\t\t<span class='av-structured-data'  itemprop=\"publisher\" itemtype=\"https:\/\/schema.org\/Organization\" itemscope=\"itemscope\" >\n\t\t\t\t\t\t<span itemprop='name'>comunicacio<\/span>\n\t\t\t\t\t\t<span itemprop='logo' itemscope itemtype='https:\/\/schema.org\/ImageObject'>\n\t\t\t\t\t\t\t<span itemprop='url'>https:\/\/www.fundacioimpulsa.org\/wp-content\/uploads\/2022\/10\/fundacioImpulsa-logoes.png<\/span>\n\t\t\t\t\t\t<\/span>\n\t\t\t\t<\/span><span class='av-structured-data'  itemprop=\"author\" itemscope=\"itemscope\" itemtype=\"https:\/\/schema.org\/Person\" ><span itemprop='name'>comunicacio<\/span><\/span><span class='av-structured-data'  itemprop=\"datePublished\" datetime=\"2024-02-27T14:43:27+01:00\" >2022-06-11 22:30:49<\/span><span class='av-structured-data'  itemprop=\"dateModified\" itemtype=\"https:\/\/schema.org\/dateModified\" >2024-08-28 10:28:59<\/span><span class='av-structured-data'  itemprop=\"mainEntityOfPage\" itemtype=\"https:\/\/schema.org\/mainEntityOfPage\" ><span itemprop='name'>Los Premios Garrotx\u00ed de l&#8217;Any, organizados por CIT, reconocen nuestra labor premi\u00e1ndonos como mejor iniciativa social<\/span><\/span><\/span><\/article><\/div><\/div><\/div>\n","protected":false},"excerpt":{"rendered":"","protected":false},"author":10,"featured_media":0,"parent":0,"menu_order":0,"comment_status":"closed","ping_status":"closed","template":"","meta":{"_acf_changed":false,"footnotes":""},"class_list":["post-11868","page","type-page","status-publish","hentry"],"acf":[],"yoast_head":"<!-- This site is optimized with the Yoast SEO plugin v27.3 - https:\/\/yoast.com\/product\/yoast-seo-wordpress\/ -->\n<title>Reconocimientos - Fundacio Impulsa<\/title>\n<meta name=\"robots\" content=\"index, follow, max-snippet:-1, max-image-preview:large, max-video-preview:-1\" \/>\n<link rel=\"canonical\" href=\"https:\/\/www.fundacioimpulsa.org\/es\/reconocimientos\/\" \/>\n<meta property=\"og:locale\" content=\"es_ES\" \/>\n<meta property=\"og:type\" content=\"article\" \/>\n<meta property=\"og:title\" content=\"Reconocimientos - Fundacio Impulsa\" \/>\n<meta property=\"og:url\" content=\"https:\/\/www.fundacioimpulsa.org\/es\/reconocimientos\/\" \/>\n<meta property=\"og:site_name\" content=\"Fundacio Impulsa\" \/>\n<meta property=\"article:modified_time\" content=\"2024-08-27T06:59:30+00:00\" \/>\n<meta name=\"twitter:card\" content=\"summary_large_image\" \/>\n<meta name=\"twitter:label1\" content=\"Tiempo de lectura\" \/>\n\t<meta name=\"twitter:data1\" content=\"1 minuto\" \/>\n<script type=\"application\/ld+json\" class=\"yoast-schema-graph\">{\"@context\":\"https:\\\/\\\/schema.org\",\"@graph\":[{\"@type\":\"WebPage\",\"@id\":\"https:\\\/\\\/www.fundacioimpulsa.org\\\/es\\\/reconocimientos\\\/\",\"url\":\"https:\\\/\\\/www.fundacioimpulsa.org\\\/es\\\/reconocimientos\\\/\",\"name\":\"Reconocimientos - Fundacio Impulsa\",\"isPartOf\":{\"@id\":\"https:\\\/\\\/www.fundacioimpulsa.org\\\/es\\\/#website\"},\"datePublished\":\"2024-02-27T13:43:27+00:00\",\"dateModified\":\"2024-08-27T06:59:30+00:00\",\"breadcrumb\":{\"@id\":\"https:\\\/\\\/www.fundacioimpulsa.org\\\/es\\\/reconocimientos\\\/#breadcrumb\"},\"inLanguage\":\"es\",\"potentialAction\":[{\"@type\":\"ReadAction\",\"target\":[\"https:\\\/\\\/www.fundacioimpulsa.org\\\/es\\\/reconocimientos\\\/\"]}]},{\"@type\":\"BreadcrumbList\",\"@id\":\"https:\\\/\\\/www.fundacioimpulsa.org\\\/es\\\/reconocimientos\\\/#breadcrumb\",\"itemListElement\":[{\"@type\":\"ListItem\",\"position\":1,\"name\":\"Inici\",\"item\":\"https:\\\/\\\/www.fundacioimpulsa.org\\\/es\\\/fundacio-impulsa\\\/\"},{\"@type\":\"ListItem\",\"position\":2,\"name\":\"Reconocimientos\"}]},{\"@type\":\"WebSite\",\"@id\":\"https:\\\/\\\/www.fundacioimpulsa.org\\\/es\\\/#website\",\"url\":\"https:\\\/\\\/www.fundacioimpulsa.org\\\/es\\\/\",\"name\":\"Fundacio Impulsa\",\"description\":\"\",\"potentialAction\":[{\"@type\":\"SearchAction\",\"target\":{\"@type\":\"EntryPoint\",\"urlTemplate\":\"https:\\\/\\\/www.fundacioimpulsa.org\\\/es\\\/?s={search_term_string}\"},\"query-input\":{\"@type\":\"PropertyValueSpecification\",\"valueRequired\":true,\"valueName\":\"search_term_string\"}}],\"inLanguage\":\"es\"}]}<\/script>\n<!-- \/ Yoast SEO plugin. -->","yoast_head_json":{"title":"Reconocimientos - Fundacio Impulsa","robots":{"index":"index","follow":"follow","max-snippet":"max-snippet:-1","max-image-preview":"max-image-preview:large","max-video-preview":"max-video-preview:-1"},"canonical":"https:\/\/www.fundacioimpulsa.org\/es\/reconocimientos\/","og_locale":"es_ES","og_type":"article","og_title":"Reconocimientos - Fundacio Impulsa","og_url":"https:\/\/www.fundacioimpulsa.org\/es\/reconocimientos\/","og_site_name":"Fundacio Impulsa","article_modified_time":"2024-08-27T06:59:30+00:00","twitter_card":"summary_large_image","twitter_misc":{"Tiempo de lectura":"1 minuto"},"schema":{"@context":"https:\/\/schema.org","@graph":[{"@type":"WebPage","@id":"https:\/\/www.fundacioimpulsa.org\/es\/reconocimientos\/","url":"https:\/\/www.fundacioimpulsa.org\/es\/reconocimientos\/","name":"Reconocimientos - Fundacio Impulsa","isPartOf":{"@id":"https:\/\/www.fundacioimpulsa.org\/es\/#website"},"datePublished":"2024-02-27T13:43:27+00:00","dateModified":"2024-08-27T06:59:30+00:00","breadcrumb":{"@id":"https:\/\/www.fundacioimpulsa.org\/es\/reconocimientos\/#breadcrumb"},"inLanguage":"es","potentialAction":[{"@type":"ReadAction","target":["https:\/\/www.fundacioimpulsa.org\/es\/reconocimientos\/"]}]},{"@type":"BreadcrumbList","@id":"https:\/\/www.fundacioimpulsa.org\/es\/reconocimientos\/#breadcrumb","itemListElement":[{"@type":"ListItem","position":1,"name":"Inici","item":"https:\/\/www.fundacioimpulsa.org\/es\/fundacio-impulsa\/"},{"@type":"ListItem","position":2,"name":"Reconocimientos"}]},{"@type":"WebSite","@id":"https:\/\/www.fundacioimpulsa.org\/es\/#website","url":"https:\/\/www.fundacioimpulsa.org\/es\/","name":"Fundacio Impulsa","description":"","potentialAction":[{"@type":"SearchAction","target":{"@type":"EntryPoint","urlTemplate":"https:\/\/www.fundacioimpulsa.org\/es\/?s={search_term_string}"},"query-input":{"@type":"PropertyValueSpecification","valueRequired":true,"valueName":"search_term_string"}}],"inLanguage":"es"}]}},"publishpress_future_action":{"enabled":false,"date":"2026-05-06 02:38:21","action":"change-status","newStatus":"draft","terms":[],"taxonomy":"translation_priority","extraData":[]},"publishpress_future_workflow_manual_trigger":{"enabledWorkflows":[]},"_links":{"self":[{"href":"https:\/\/www.fundacioimpulsa.org\/es\/wp-json\/wp\/v2\/pages\/11868","targetHints":{"allow":["GET"]}}],"collection":[{"href":"https:\/\/www.fundacioimpulsa.org\/es\/wp-json\/wp\/v2\/pages"}],"about":[{"href":"https:\/\/www.fundacioimpulsa.org\/es\/wp-json\/wp\/v2\/types\/page"}],"author":[{"embeddable":true,"href":"https:\/\/www.fundacioimpulsa.org\/es\/wp-json\/wp\/v2\/users\/10"}],"replies":[{"embeddable":true,"href":"https:\/\/www.fundacioimpulsa.org\/es\/wp-json\/wp\/v2\/comments?post=11868"}],"version-history":[{"count":4,"href":"https:\/\/www.fundacioimpulsa.org\/es\/wp-json\/wp\/v2\/pages\/11868\/revisions"}],"predecessor-version":[{"id":11876,"href":"https:\/\/www.fundacioimpulsa.org\/es\/wp-json\/wp\/v2\/pages\/11868\/revisions\/11876"}],"wp:attachment":[{"href":"https:\/\/www.fundacioimpulsa.org\/es\/wp-json\/wp\/v2\/media?parent=11868"}],"curies":[{"name":"wp","href":"https:\/\/api.w.org\/{rel}","templated":true}]}}