{"id":5522,"date":"2022-02-21T14:33:32","date_gmt":"2022-02-21T13:33:32","guid":{"rendered":"https:\/\/www.fundacioimpulsa.org\/alumni\/"},"modified":"2024-08-28T06:34:41","modified_gmt":"2024-08-28T04:34:41","slug":"alumni","status":"publish","type":"page","link":"https:\/\/www.fundacioimpulsa.org\/es\/alumni\/","title":{"rendered":"Alumni"},"content":{"rendered":"\n<style type=\"text\/css\" data-created_by=\"avia_inline_auto\" id=\"style-css-av-7lcnz-1196c4f485b0de34e6c2009028924bbd\">\n.avia-section.av-7lcnz-1196c4f485b0de34e6c2009028924bbd{\nbackground-color:#ffed80;\nbackground-image:unset;\n}\n<\/style>\n<div id='av_section_1'  class='avia-section av-7lcnz-1196c4f485b0de34e6c2009028924bbd main_color avia-section-default avia-no-border-styling  avia-builder-el-0  el_before_av_four_fifth  avia-builder-el-first  avia-bg-style-scroll container_wrap fullsize'  ><div class='container av-section-cont-open' ><main  role=\"main\" itemprop=\"mainContentOfPage\"  class='template-page content  av-content-full alpha units'><div class='post-entry post-entry-type-page post-entry-5522'><div class='entry-content-wrapper clearfix'>\n\n<style type=\"text\/css\" data-created_by=\"avia_inline_auto\" id=\"style-css-av-kzwqoujk-07f802c89f960504bc437081ebc286fe\">\n#top .av-special-heading.av-kzwqoujk-07f802c89f960504bc437081ebc286fe{\npadding-bottom:10px;\n}\nbody .av-special-heading.av-kzwqoujk-07f802c89f960504bc437081ebc286fe .av-special-heading-tag .heading-char{\nfont-size:25px;\n}\n.av-special-heading.av-kzwqoujk-07f802c89f960504bc437081ebc286fe .av-subheading{\nfont-size:15px;\n}\n<\/style>\n<div  class='av-special-heading av-kzwqoujk-07f802c89f960504bc437081ebc286fe av-special-heading-h3 blockquote modern-quote  avia-builder-el-1  avia-builder-el-no-sibling '><h3 class='av-special-heading-tag '  itemprop=\"headline\"  >Alumni<\/h3><div class=\"special-heading-border\"><div class=\"special-heading-inner-border\"><\/div><\/div><\/div>\n<\/div><\/div><\/main><!-- close content main element --><\/div><\/div><div id='after_section_1'  class='main_color av_default_container_wrap container_wrap fullsize'  ><div class='container av-section-cont-open' ><div class='template-page content  av-content-full alpha units'><div class='post-entry post-entry-type-page post-entry-5522'><div class='entry-content-wrapper clearfix'>\n<div  class='flex_column av-3cpqdj-a32f35d38d9642077cce94729ee65c24 av_four_fifth  avia-builder-el-2  el_after_av_section  el_before_av_two_third  avia-builder-el-first  first flex_column_div  '     ><section  class='av_textblock_section av-3am78n-40e1ab8867843add210af20f4491ca82 '   itemscope=\"itemscope\" itemtype=\"https:\/\/schema.org\/CreativeWork\" ><div class='avia_textblock'  itemprop=\"text\" ><h1><strong>Los j\u00f3venes Impulsers se mantienen en red despu\u00e9s de su paso por la Fundaci\u00f3n Impulsa, una propuesta para compartir aprendizajes, oportunidades y una comunidad de personas con talento y motivaci\u00f3n para seguir avanzando<br \/>\n<\/strong><\/h1>\n<\/div><\/section><\/div>\n\n<style type=\"text\/css\" data-created_by=\"avia_inline_auto\" id=\"style-css-av-319adr-c93ae94b1571e15e7ae86281a3e0f663\">\n#top .flex_column.av-319adr-c93ae94b1571e15e7ae86281a3e0f663{\nmargin-top:0px;\nmargin-bottom:0px;\n}\n.responsive #top #wrap_all .flex_column.av-319adr-c93ae94b1571e15e7ae86281a3e0f663{\nmargin-top:0px;\nmargin-bottom:0px;\n}\n<\/style>\n<div  class='flex_column av-319adr-c93ae94b1571e15e7ae86281a3e0f663 av_two_third  avia-builder-el-4  el_after_av_four_fifth  el_before_av_section  avia-builder-el-last  first no_margin flex_column_div  '     ><section  class='av_textblock_section av-2wfz6n-31e94455f51d838176d5ba3d425d7d91 '   itemscope=\"itemscope\" itemtype=\"https:\/\/schema.org\/CreativeWork\" ><div class='avia_textblock'  itemprop=\"text\" ><h6><strong>La comunidad Alumni de la Fundaci\u00f3n Impulsa est\u00e1 formada por el antiguo alumnado beneficiario de la Beca Impulsa desde su apertura en el curso 2015-2016 hasta el d\u00eda de hoy. Se trata de un programa que tiene como objetivo dinamizar a la comunidad de alumnado antiguo, incentivando que este mantenga el contacto con la comunidad Impulsa, con los antiguos compa\u00f1eros Impulsers y con las empresas que colaboran con la Fundaci\u00f3n.<\/strong><\/h6>\n<p>El programa Alumni da acceso a sus miembros a ofertas laborales, a formaciones, ya formar parte de forma activa del M\u00e9todo Impulsa, ayudando a otros j\u00f3venes Impulsers durante su paso por la Fundaci\u00f3n ya sea a trav\u00e9s de la mentor\u00eda, aportando su propia experiencia acad\u00e9mica o profesional, o como prescriptores de la Fundaci\u00f3n.<\/p>\n<p>Alumni tambi\u00e9n se convierte en un espacio a partir del que valoramos el impacto que la Beca Impulsa tiene en los j\u00f3venes becados a trav\u00e9s de encuestas anuales para conocer su situaci\u00f3n a nivel profesional y personal, as\u00ed como para contribuir a detectar de la mano de los Alumni posibles mejoras en los diferentes programas para que se adapten a las necesidades reales de los j\u00f3venes.<\/p>\n<\/div><\/section><\/div>\n<\/div><\/div><\/div><!-- close content main div --><\/div><\/div>\n<style type=\"text\/css\" data-created_by=\"avia_inline_auto\" id=\"style-css-av-1rhrfb-3ae5ccdcad23396cea8207fcb8fdd798\">\n.avia-section.av-1rhrfb-3ae5ccdcad23396cea8207fcb8fdd798{\nbackground-color:#ddf7e4;\nbackground-image:url(https:\/\/www.fundacioimpulsa.org\/wp-content\/uploads\/2022\/02\/triangle-verd.png);\nbackground-repeat:no-repeat;\nbackground-position:100% 100%;\nbackground-attachment:scroll;\nmargin-top:30px;\nmargin-bottom:30px;\n}\n<\/style>\n<div id='av_section_2'  class='avia-section av-1rhrfb-3ae5ccdcad23396cea8207fcb8fdd798 main_color avia-section-no-padding avia-no-border-styling  avia-builder-el-6  el_after_av_two_third  el_before_av_section  avia-bg-style-scroll container_wrap fullsize'  data-section-bg-repeat='no-repeat'><div class='container av-section-cont-open' ><div class='template-page content  av-content-full alpha units'><div class='post-entry post-entry-type-page post-entry-5522'><div class='entry-content-wrapper clearfix'>\n<div  class='flex_column av-1lze7z-bea77adda0e00250da1a0502d1983f10 av_one_half  avia-builder-el-7  el_before_av_one_half  avia-builder-el-first  first flex_column_div  '     ><p>\n<style type=\"text\/css\" data-created_by=\"avia_inline_auto\" id=\"style-css-av-1hirtb-3971c42f6a1a9260ac29390c80f318c5\">\n#top .hr.hr-invisible.av-1hirtb-3971c42f6a1a9260ac29390c80f318c5{\nheight:50px;\n}\n<\/style>\n<div  class='hr av-1hirtb-3971c42f6a1a9260ac29390c80f318c5 hr-invisible  avia-builder-el-8  el_before_av_textblock  avia-builder-el-first '><span class='hr-inner '><span class=\"hr-inner-style\"><\/span><\/span><\/div><br \/>\n<section  class='av_textblock_section av-19uuxz-bee9d11296151bc04a02ec1ceee0694c '   itemscope=\"itemscope\" itemtype=\"https:\/\/schema.org\/CreativeWork\" ><div class='avia_textblock'  itemprop=\"text\" ><h3 style=\"text-align: left;\">\u00abCuando recib\u00ed la Beca Impulsa, mi padre y mi madre no trabajaban y, por tanto, sin Beca no habr\u00eda podido estudiar mucho. En cambio, ahora tengo un grado medio y un grado superior, y me he dado cuenta de que me gusta estudiar y aprender\u00bb<\/h3>\n<\/div><\/section><br \/>\n\n<style type=\"text\/css\" data-created_by=\"avia_inline_auto\" id=\"style-css-av-42jun-3b33dd805d617baa7b0f3efd067c6d9c\">\n#top .hr.hr-invisible.av-42jun-3b33dd805d617baa7b0f3efd067c6d9c{\nheight:50px;\n}\n<\/style>\n<div  class='hr av-42jun-3b33dd805d617baa7b0f3efd067c6d9c hr-invisible  avia-builder-el-10  el_after_av_textblock  el_before_av_textblock '><span class='hr-inner '><span class=\"hr-inner-style\"><\/span><\/span><\/div><br \/>\n\n<style type=\"text\/css\" data-created_by=\"avia_inline_auto\" id=\"style-css-av-zabvb-d534882352c1eb00d85bcc7b27f5151f\">\n#top .av_textblock_section.av-zabvb-d534882352c1eb00d85bcc7b27f5151f .avia_textblock{\ncolor:#1d1d1b;\n}\n<\/style>\n<section  class='av_textblock_section av-zabvb-d534882352c1eb00d85bcc7b27f5151f '   itemscope=\"itemscope\" itemtype=\"https:\/\/schema.org\/CreativeWork\" ><div class='avia_textblock av_inherit_color'  itemprop=\"text\" ><h6><strong>Souhaila Abbou.<\/strong><br \/>\nJoven Impulser 2019-2021<\/h6>\n<\/div><\/section><br \/>\n\n<style type=\"text\/css\" data-created_by=\"avia_inline_auto\" id=\"style-css-av-r2tr3-144f5598892bcc13182b1221f92ec6ea\">\n#top .hr.hr-invisible.av-r2tr3-144f5598892bcc13182b1221f92ec6ea{\nheight:20px;\n}\n<\/style>\n<div  class='hr av-r2tr3-144f5598892bcc13182b1221f92ec6ea hr-invisible  avia-builder-el-12  el_after_av_textblock  el_before_av_textblock '><span class='hr-inner '><span class=\"hr-inner-style\"><\/span><\/span><\/div><br \/>\n\n<style type=\"text\/css\" data-created_by=\"avia_inline_auto\" id=\"style-css-av-ma1uf-0ffdaa7faf2e52c23c9916b96af5b0f5\">\n#top .av_textblock_section.av-ma1uf-0ffdaa7faf2e52c23c9916b96af5b0f5 .avia_textblock{\ncolor:#1d1d1b;\n}\n<\/style>\n<section  class='av_textblock_section av-ma1uf-0ffdaa7faf2e52c23c9916b96af5b0f5 '   itemscope=\"itemscope\" itemtype=\"https:\/\/schema.org\/CreativeWork\" ><div class='avia_textblock av_inherit_color'  itemprop=\"text\" ><p><strong>Leer m\u00e1s en:<\/strong><\/p>\n<\/div><\/section><br \/>\n<div  id=\"verde\"  class='avia-button-wrap av-l622932r-55058c1b10c35ca98248502fe7175c45-wrap avia-button-left  avia-builder-el-14  el_after_av_textblock  avia-builder-el-last '>\n<style type=\"text\/css\" data-created_by=\"avia_inline_auto\" id=\"style-css-av-l622932r-55058c1b10c35ca98248502fe7175c45\">\n#top #wrap_all .avia-button.av-l622932r-55058c1b10c35ca98248502fe7175c45{\nbox-shadow:none;\ntransition:all 0.4s ease-in-out;\n}\n<\/style>\n<a href='https:\/\/www.fundacioimpulsa.org\/els-clients-de-bonpreu-i-esclat-donen-59-000e-a-la-fundacio-impulsa\/'  class='avia-button av-l622932r-55058c1b10c35ca98248502fe7175c45 av-link-btn avia-icon_select-no avia-size-large avia-position-left avia-color-theme-color'   aria-label=\"Protagonistas Impulsa\"><span class='avia_iconbox_title' >Protagonistas Impulsa<\/span><\/a><\/div><\/p><\/div>\n<style type=\"text\/css\" data-created_by=\"avia_inline_auto\" id=\"style-css-av-e8t1b-ecc97f5139b165d2f20603d4ba3acf9e\">\n.flex_column.av-e8t1b-ecc97f5139b165d2f20603d4ba3acf9e{\npadding:50px 0 0 0;\nbackground:url(https:\/\/www.fundacioimpulsa.org\/wp-content\/uploads\/2022\/07\/entrevistes-sohalia3.png) 100% 100% no-repeat scroll ;\n}\n<\/style>\n<div  class='flex_column av-e8t1b-ecc97f5139b165d2f20603d4ba3acf9e av_one_half  avia-builder-el-15  el_after_av_one_half  avia-builder-el-last  flex_column_div  '     ><style type=\"text\/css\" data-created_by=\"avia_inline_auto\" id=\"style-css-av-azbvb-1f77222dbd949f9bb66d57f59ad8c0ed\">\n#top .hr.hr-invisible.av-azbvb-1f77222dbd949f9bb66d57f59ad8c0ed{\nheight:450px;\n}\n<\/style>\n<div  class='hr av-azbvb-1f77222dbd949f9bb66d57f59ad8c0ed hr-invisible  avia-builder-el-16  avia-builder-el-no-sibling '><span class='hr-inner '><span class=\"hr-inner-style\"><\/span><\/span><\/div><\/div>\n\n<\/div><\/div><\/div><!-- close content main div --><\/div><\/div>\n<style type=\"text\/css\" data-created_by=\"avia_inline_auto\" id=\"style-css-av-up20v-fe1641147bb964f4dffbd5145edb4e83\">\n.avia-section.av-up20v-fe1641147bb964f4dffbd5145edb4e83{\nbackground-color:#f6f6f4;\nbackground-image:unset;\nmargin-top:0px;\nmargin-bottom:0px;\n}\n<\/style>\n<div id='av_section_3'  class='avia-section av-up20v-fe1641147bb964f4dffbd5145edb4e83 main_color avia-section-large avia-no-border-styling  avia-builder-el-17  el_after_av_section  avia-builder-el-last  avia-bg-style-scroll container_wrap fullsize'  ><div class='container av-section-cont-open' ><div class='template-page content  av-content-full alpha units'><div class='post-entry post-entry-type-page post-entry-5522'><div class='entry-content-wrapper clearfix'>\n\n<style type=\"text\/css\" data-created_by=\"avia_inline_auto\" id=\"style-css-av-ohebr-ac4b29369d80f3654be13a25bb4ad049\">\n#top .hr.hr-invisible.av-ohebr-ac4b29369d80f3654be13a25bb4ad049{\nheight:20px;\n}\n<\/style>\n<div  class='hr av-ohebr-ac4b29369d80f3654be13a25bb4ad049 hr-invisible  avia-builder-el-18  el_before_av_one_full  avia-builder-el-first '><span class='hr-inner '><span class=\"hr-inner-style\"><\/span><\/span><\/div>\n\n<style type=\"text\/css\" data-created_by=\"avia_inline_auto\" id=\"style-css-av-lh5pz-d09a53f0bff9c8146b7215703faaaf70\">\n#top .flex_column.av-lh5pz-d09a53f0bff9c8146b7215703faaaf70{\nmargin-top:20px;\nmargin-bottom:20px;\n}\n.flex_column.av-lh5pz-d09a53f0bff9c8146b7215703faaaf70{\npadding:0 30px 0 30px;\n}\n.responsive #top #wrap_all .flex_column.av-lh5pz-d09a53f0bff9c8146b7215703faaaf70{\nmargin-top:20px;\nmargin-bottom:20px;\n}\n<\/style>\n<div  class='flex_column av-lh5pz-d09a53f0bff9c8146b7215703faaaf70 av_one_full  avia-builder-el-19  el_after_av_hr  el_before_av_hr  first flex_column_div  '     ><div  class='avia-video av-dv3zb-5651ee4a42c34db031557d100d889693 avia-video-16-9 av-no-preview-image avia-video-load-always av-lazyload-immediate av-lazyload-video-embed'  itemprop=\"video\" itemtype=\"https:\/\/schema.org\/VideoObject\"  data-original_url='https:\/\/youtu.be\/q-vJYffSe1M'><script type='text\/html' class='av-video-tmpl'><div class='avia-iframe-wrap'><iframe loading=\"lazy\" title=\"Vi\u0301deo corporatiu Fundaci\u00f3 Impulsa\" width=\"1500\" height=\"844\" src=\"https:\/\/www.youtube.com\/embed\/q-vJYffSe1M?feature=oembed&autoplay=0&loop=0&controls=1&mute=0\" frameborder=\"0\" allow=\"accelerometer; autoplay; clipboard-write; encrypted-media; gyroscope; picture-in-picture; web-share\" referrerpolicy=\"strict-origin-when-cross-origin\" allowfullscreen><\/iframe><\/div><\/script><div class='av-click-to-play-overlay'><div class=\"avia_playpause_icon\"><\/div><\/div><\/div><\/div>\n<style type=\"text\/css\" data-created_by=\"avia_inline_auto\" id=\"style-css-av-9amon-0954c650d1eb75d227f8b9bc4295d27b\">\n#top .hr.hr-invisible.av-9amon-0954c650d1eb75d227f8b9bc4295d27b{\nheight:50px;\n}\n<\/style>\n<div  class='hr av-9amon-0954c650d1eb75d227f8b9bc4295d27b hr-invisible  avia-builder-el-21  el_after_av_one_full  avia-builder-el-last '><span class='hr-inner '><span class=\"hr-inner-style\"><\/span><\/span><\/div>\n\n","protected":false},"excerpt":{"rendered":"","protected":false},"author":1,"featured_media":0,"parent":0,"menu_order":0,"comment_status":"closed","ping_status":"closed","template":"","meta":{"_acf_changed":false,"footnotes":""},"class_list":["post-5522","page","type-page","status-publish","hentry"],"acf":[],"yoast_head":"<!-- This site is optimized with the Yoast SEO plugin v27.3 - https:\/\/yoast.com\/product\/yoast-seo-wordpress\/ -->\n<title>Alumni - Fundacio Impulsa<\/title>\n<meta name=\"robots\" content=\"index, follow, max-snippet:-1, max-image-preview:large, max-video-preview:-1\" \/>\n<link rel=\"canonical\" href=\"https:\/\/www.fundacioimpulsa.org\/es\/alumni\/\" \/>\n<meta property=\"og:locale\" content=\"es_ES\" \/>\n<meta property=\"og:type\" content=\"article\" \/>\n<meta property=\"og:title\" content=\"Alumni - Fundacio Impulsa\" \/>\n<meta property=\"og:url\" content=\"https:\/\/www.fundacioimpulsa.org\/es\/alumni\/\" \/>\n<meta property=\"og:site_name\" content=\"Fundacio Impulsa\" \/>\n<meta property=\"article:modified_time\" content=\"2024-08-28T04:34:41+00:00\" \/>\n<meta name=\"twitter:card\" content=\"summary_large_image\" \/>\n<meta name=\"twitter:label1\" content=\"Tiempo de lectura\" \/>\n\t<meta name=\"twitter:data1\" content=\"2 minutos\" \/>\n<script type=\"application\/ld+json\" class=\"yoast-schema-graph\">{\"@context\":\"https:\\\/\\\/schema.org\",\"@graph\":[{\"@type\":\"WebPage\",\"@id\":\"https:\\\/\\\/www.fundacioimpulsa.org\\\/es\\\/alumni\\\/\",\"url\":\"https:\\\/\\\/www.fundacioimpulsa.org\\\/es\\\/alumni\\\/\",\"name\":\"Alumni - Fundacio Impulsa\",\"isPartOf\":{\"@id\":\"https:\\\/\\\/www.fundacioimpulsa.org\\\/es\\\/#website\"},\"datePublished\":\"2022-02-21T13:33:32+00:00\",\"dateModified\":\"2024-08-28T04:34:41+00:00\",\"breadcrumb\":{\"@id\":\"https:\\\/\\\/www.fundacioimpulsa.org\\\/es\\\/alumni\\\/#breadcrumb\"},\"inLanguage\":\"es\",\"potentialAction\":[{\"@type\":\"ReadAction\",\"target\":[\"https:\\\/\\\/www.fundacioimpulsa.org\\\/es\\\/alumni\\\/\"]}]},{\"@type\":\"BreadcrumbList\",\"@id\":\"https:\\\/\\\/www.fundacioimpulsa.org\\\/es\\\/alumni\\\/#breadcrumb\",\"itemListElement\":[{\"@type\":\"ListItem\",\"position\":1,\"name\":\"Inici\",\"item\":\"https:\\\/\\\/www.fundacioimpulsa.org\\\/es\\\/fundacio-impulsa\\\/\"},{\"@type\":\"ListItem\",\"position\":2,\"name\":\"Alumni\"}]},{\"@type\":\"WebSite\",\"@id\":\"https:\\\/\\\/www.fundacioimpulsa.org\\\/es\\\/#website\",\"url\":\"https:\\\/\\\/www.fundacioimpulsa.org\\\/es\\\/\",\"name\":\"Fundacio Impulsa\",\"description\":\"\",\"potentialAction\":[{\"@type\":\"SearchAction\",\"target\":{\"@type\":\"EntryPoint\",\"urlTemplate\":\"https:\\\/\\\/www.fundacioimpulsa.org\\\/es\\\/?s={search_term_string}\"},\"query-input\":{\"@type\":\"PropertyValueSpecification\",\"valueRequired\":true,\"valueName\":\"search_term_string\"}}],\"inLanguage\":\"es\"}]}<\/script>\n<!-- \/ Yoast SEO plugin. -->","yoast_head_json":{"title":"Alumni - Fundacio Impulsa","robots":{"index":"index","follow":"follow","max-snippet":"max-snippet:-1","max-image-preview":"max-image-preview:large","max-video-preview":"max-video-preview:-1"},"canonical":"https:\/\/www.fundacioimpulsa.org\/es\/alumni\/","og_locale":"es_ES","og_type":"article","og_title":"Alumni - Fundacio Impulsa","og_url":"https:\/\/www.fundacioimpulsa.org\/es\/alumni\/","og_site_name":"Fundacio Impulsa","article_modified_time":"2024-08-28T04:34:41+00:00","twitter_card":"summary_large_image","twitter_misc":{"Tiempo de lectura":"2 minutos"},"schema":{"@context":"https:\/\/schema.org","@graph":[{"@type":"WebPage","@id":"https:\/\/www.fundacioimpulsa.org\/es\/alumni\/","url":"https:\/\/www.fundacioimpulsa.org\/es\/alumni\/","name":"Alumni - Fundacio Impulsa","isPartOf":{"@id":"https:\/\/www.fundacioimpulsa.org\/es\/#website"},"datePublished":"2022-02-21T13:33:32+00:00","dateModified":"2024-08-28T04:34:41+00:00","breadcrumb":{"@id":"https:\/\/www.fundacioimpulsa.org\/es\/alumni\/#breadcrumb"},"inLanguage":"es","potentialAction":[{"@type":"ReadAction","target":["https:\/\/www.fundacioimpulsa.org\/es\/alumni\/"]}]},{"@type":"BreadcrumbList","@id":"https:\/\/www.fundacioimpulsa.org\/es\/alumni\/#breadcrumb","itemListElement":[{"@type":"ListItem","position":1,"name":"Inici","item":"https:\/\/www.fundacioimpulsa.org\/es\/fundacio-impulsa\/"},{"@type":"ListItem","position":2,"name":"Alumni"}]},{"@type":"WebSite","@id":"https:\/\/www.fundacioimpulsa.org\/es\/#website","url":"https:\/\/www.fundacioimpulsa.org\/es\/","name":"Fundacio Impulsa","description":"","potentialAction":[{"@type":"SearchAction","target":{"@type":"EntryPoint","urlTemplate":"https:\/\/www.fundacioimpulsa.org\/es\/?s={search_term_string}"},"query-input":{"@type":"PropertyValueSpecification","valueRequired":true,"valueName":"search_term_string"}}],"inLanguage":"es"}]}},"publishpress_future_action":{"enabled":false,"date":"2026-05-06 04:21:37","action":"change-status","newStatus":"draft","terms":[],"taxonomy":"translation_priority","extraData":[]},"publishpress_future_workflow_manual_trigger":{"enabledWorkflows":[]},"_links":{"self":[{"href":"https:\/\/www.fundacioimpulsa.org\/es\/wp-json\/wp\/v2\/pages\/5522","targetHints":{"allow":["GET"]}}],"collection":[{"href":"https:\/\/www.fundacioimpulsa.org\/es\/wp-json\/wp\/v2\/pages"}],"about":[{"href":"https:\/\/www.fundacioimpulsa.org\/es\/wp-json\/wp\/v2\/types\/page"}],"author":[{"embeddable":true,"href":"https:\/\/www.fundacioimpulsa.org\/es\/wp-json\/wp\/v2\/users\/1"}],"replies":[{"embeddable":true,"href":"https:\/\/www.fundacioimpulsa.org\/es\/wp-json\/wp\/v2\/comments?post=5522"}],"version-history":[{"count":7,"href":"https:\/\/www.fundacioimpulsa.org\/es\/wp-json\/wp\/v2\/pages\/5522\/revisions"}],"predecessor-version":[{"id":11979,"href":"https:\/\/www.fundacioimpulsa.org\/es\/wp-json\/wp\/v2\/pages\/5522\/revisions\/11979"}],"wp:attachment":[{"href":"https:\/\/www.fundacioimpulsa.org\/es\/wp-json\/wp\/v2\/media?parent=5522"}],"curies":[{"name":"wp","href":"https:\/\/api.w.org\/{rel}","templated":true}]}}