{"id":5622,"date":"2022-02-21T09:19:59","date_gmt":"2022-02-21T08:19:59","guid":{"rendered":"https:\/\/www.fundacioimpulsa.org\/impulsa-coneixement\/"},"modified":"2025-07-09T07:14:52","modified_gmt":"2025-07-09T05:14:52","slug":"impulsa-coneixement","status":"publish","type":"page","link":"https:\/\/www.fundacioimpulsa.org\/es\/impulsa-coneixement\/","title":{"rendered":"Impulsa Conocimiento"},"content":{"rendered":"\n<style type=\"text\/css\" data-created_by=\"avia_inline_auto\" id=\"style-css-av-9mdfu-37807dc2b1783207d99ce0845f28d224\">\n.avia-section.av-9mdfu-37807dc2b1783207d99ce0845f28d224{\nbackground-color:#ffdd94;\nbackground-image:unset;\n}\n<\/style>\n<div id='av_section_1'  class='avia-section av-9mdfu-37807dc2b1783207d99ce0845f28d224 main_color avia-section-default avia-no-border-styling  avia-builder-el-0  el_before_av_blog  avia-builder-el-first  avia-bg-style-scroll container_wrap fullsize'  ><div class='container av-section-cont-open' ><main  role=\"main\" itemprop=\"mainContentOfPage\"  class='template-page content  av-content-full alpha units'><div class='post-entry post-entry-type-page post-entry-5622'><div class='entry-content-wrapper clearfix'>\n\n<style type=\"text\/css\" data-created_by=\"avia_inline_auto\" id=\"style-css-av-kzwhf6md-f2532f5fae6a4d3789ba2dada7eb228a\">\n#top .av-special-heading.av-kzwhf6md-f2532f5fae6a4d3789ba2dada7eb228a{\npadding-bottom:10px;\n}\nbody .av-special-heading.av-kzwhf6md-f2532f5fae6a4d3789ba2dada7eb228a .av-special-heading-tag .heading-char{\nfont-size:25px;\n}\n.av-special-heading.av-kzwhf6md-f2532f5fae6a4d3789ba2dada7eb228a .av-subheading{\nfont-size:15px;\n}\n<\/style>\n<div  class='av-special-heading av-kzwhf6md-f2532f5fae6a4d3789ba2dada7eb228a av-special-heading-h3 blockquote modern-quote  avia-builder-el-1  avia-builder-el-no-sibling '><h3 class='av-special-heading-tag '  itemprop=\"headline\"  >Impulsa Conocimiento<\/h3><div class=\"special-heading-border\"><div class=\"special-heading-inner-border\"><\/div><\/div><\/div>\n<\/div><\/div><\/main><!-- close content main element --><\/div><\/div><div id='after_section_1'  class='main_color av_default_container_wrap container_wrap fullsize'  ><div class='container av-section-cont-open' ><div class='template-page content  av-content-full alpha units'><div class='post-entry post-entry-type-page post-entry-5622'><div class='entry-content-wrapper clearfix'>\n<div  data-slideshow-options=\"{&quot;animation&quot;:&quot;fade&quot;,&quot;autoplay&quot;:false,&quot;loop_autoplay&quot;:&quot;once&quot;,&quot;interval&quot;:5,&quot;loop_manual&quot;:&quot;manual-endless&quot;,&quot;autoplay_stopper&quot;:false,&quot;noNavigation&quot;:false,&quot;show_slide_delay&quot;:90}\" class='avia-content-slider avia-content-grid-active avia-content-slider1 avia-content-slider-odd  avia-builder-el-2  el_after_av_section  avia-builder-el-no-sibling  av-slideshow-ui av-control-default   av-no-slider-navigation av-slideshow-manual av-loop-once av-loop-manual-endless '  itemscope=\"itemscope\" itemtype=\"https:\/\/schema.org\/Blog\" ><div class=\"avia-content-slider-inner\"><div class=\"slide-entry-wrap\"><article class='slide-entry flex_column  post-entry post-entry-13125 slide-entry-overview slide-loop-1 slide-parity-odd  av_one_third first real-thumbnail posttype-post post-format-standard'  itemscope=\"itemscope\" itemtype=\"https:\/\/schema.org\/CreativeWork\" ><a href='https:\/\/www.fundacioimpulsa.org\/es\/fp-laboral\/' data-rel='slide-1' class='slide-image' title='La FP y su camino hacia un sistema adaptado al mundo laboral'><img decoding=\"async\" fetchpriority=\"high\" width=\"700\" height=\"483\" src=\"https:\/\/www.fundacioimpulsa.org\/wp-content\/uploads\/2025\/06\/Portada-noti-Fundacio-Impulsa-30.jpg\" class=\"wp-image-13120 avia-img-lazy-loading-not-13120 attachment-no scaling size-no scaling wp-post-image\" alt=\"\" srcset=\"https:\/\/www.fundacioimpulsa.org\/wp-content\/uploads\/2025\/06\/Portada-noti-Fundacio-Impulsa-30.jpg 700w, https:\/\/www.fundacioimpulsa.org\/wp-content\/uploads\/2025\/06\/Portada-noti-Fundacio-Impulsa-30-300x207.jpg 300w, https:\/\/www.fundacioimpulsa.org\/wp-content\/uploads\/2025\/06\/Portada-noti-Fundacio-Impulsa-30-306x211.jpg 306w\" sizes=\"(max-width: 700px) 100vw, 700px\" \/><\/a><div class=\"slide-content\"><header class=\"entry-content-header\" aria-label=\"Slide: La FP y su camino hacia un sistema adaptado al mundo laboral\"><h3 class='slide-entry-title entry-title '  itemprop=\"headline\" ><a href='https:\/\/www.fundacioimpulsa.org\/es\/fp-laboral\/' title='La FP y su camino hacia un sistema adaptado al mundo laboral'>La FP y su camino hacia un sistema adaptado al mundo laboral<\/a><\/h3><span class=\"av-vertical-delimiter\"><\/span><\/header><div class=\"slide-meta\"><time class='slide-meta-time updated'  itemprop=\"datePublished\" datetime=\"2025-06-17T15:40:58+02:00\" >17 de junio de 2025<\/time><\/div><div class='slide-entry-excerpt entry-content'  itemprop=\"text\" ><div class=\"post-tags\" style=\"display:block\"><p class=\"post-tags-inner\"><a href=\"  https:\/\/www.fundacioimpulsa.org\/es\/tag\/impulsaconocimiento\/  \"><strong> #ImpulsaConocimiento <\/strong><\/a><br><\/p><\/div><div class=\"read-more-link\"><a href=\"https:\/\/www.fundacioimpulsa.org\/es\/fp-laboral\/\" class=\"more-link\">Leer m\u00e1s<span class='more-link-arrow avia-svg-icon avia-font-svg_entypo-fontello' data-av_svg_icon='right-open-big' data-av_iconset='svg_entypo-fontello'><svg version=\"1.1\" xmlns=\"http:\/\/www.w3.org\/2000\/svg\" width=\"15\" height=\"32\" viewBox=\"0 0 15 32\" preserveAspectRatio=\"xMidYMid meet\" role=\"graphics-symbol\" aria-hidden=\"true\">\n<path d=\"M0.416 27.84l11.456-11.84-11.456-11.904q-0.832-0.832 0-1.536 0.832-0.832 1.536 0l12.544 12.608q0.768 0.832 0 1.6l-12.544 12.608q-0.704 0.832-1.536 0-0.832-0.704 0-1.536z\"><\/path>\n<\/svg><\/span><\/a><\/div><\/div><\/div><footer class=\"entry-footer\"><\/footer><span class='hidden'>\n\t\t\t\t<span class='av-structured-data'  itemprop=\"image\" itemscope=\"itemscope\" itemtype=\"https:\/\/schema.org\/ImageObject\" >\n\t\t\t\t\t\t<span itemprop='url'>https:\/\/www.fundacioimpulsa.org\/wp-content\/uploads\/2025\/06\/Portada-noti-Fundacio-Impulsa-30.jpg<\/span>\n\t\t\t\t\t\t<span itemprop='height'>483<\/span>\n\t\t\t\t\t\t<span itemprop='width'>700<\/span>\n\t\t\t\t<\/span>\n\t\t\t\t<span class='av-structured-data'  itemprop=\"publisher\" itemtype=\"https:\/\/schema.org\/Organization\" itemscope=\"itemscope\" >\n\t\t\t\t\t\t<span itemprop='name'>anna<\/span>\n\t\t\t\t\t\t<span itemprop='logo' itemscope itemtype='https:\/\/schema.org\/ImageObject'>\n\t\t\t\t\t\t\t<span itemprop='url'>https:\/\/www.fundacioimpulsa.org\/wp-content\/uploads\/2022\/10\/fundacioImpulsa-logoes.png<\/span>\n\t\t\t\t\t\t<\/span>\n\t\t\t\t<\/span><span class='av-structured-data'  itemprop=\"author\" itemscope=\"itemscope\" itemtype=\"https:\/\/schema.org\/Person\" ><span itemprop='name'>anna<\/span><\/span><span class='av-structured-data'  itemprop=\"datePublished\" datetime=\"2022-02-21T09:19:59+01:00\" >2025-06-17 15:40:58<\/span><span class='av-structured-data'  itemprop=\"dateModified\" itemtype=\"https:\/\/schema.org\/dateModified\" >2025-07-09 07:15:43<\/span><span class='av-structured-data'  itemprop=\"mainEntityOfPage\" itemtype=\"https:\/\/schema.org\/mainEntityOfPage\" ><span itemprop='name'>La FP y su camino hacia un sistema adaptado al mundo laboral<\/span><\/span><\/span><\/article><article class='slide-entry flex_column  post-entry post-entry-12947 slide-entry-overview slide-loop-2 slide-parity-even  av_one_third  real-thumbnail posttype-post post-format-standard'  itemscope=\"itemscope\" itemtype=\"https:\/\/schema.org\/CreativeWork\" ><a href='https:\/\/www.fundacioimpulsa.org\/es\/la-mentoria-social-un-acompanyament-que-transforma-vides\/' data-rel='slide-1' class='slide-image' title='La mentor\u00eda social, un acompa\u00f1amiento que transforma vidas'><img decoding=\"async\" fetchpriority=\"high\" width=\"700\" height=\"483\" src=\"https:\/\/www.fundacioimpulsa.org\/wp-content\/uploads\/2025\/03\/Portada-noti-Fundacio-Impulsa-20.jpg\" class=\"wp-image-12683 avia-img-lazy-loading-not-12683 attachment-no scaling size-no scaling wp-post-image\" alt=\"\" srcset=\"https:\/\/www.fundacioimpulsa.org\/wp-content\/uploads\/2025\/03\/Portada-noti-Fundacio-Impulsa-20.jpg 700w, https:\/\/www.fundacioimpulsa.org\/wp-content\/uploads\/2025\/03\/Portada-noti-Fundacio-Impulsa-20-300x207.jpg 300w, https:\/\/www.fundacioimpulsa.org\/wp-content\/uploads\/2025\/03\/Portada-noti-Fundacio-Impulsa-20-306x211.jpg 306w\" sizes=\"(max-width: 700px) 100vw, 700px\" \/><\/a><div class=\"slide-content\"><header class=\"entry-content-header\" aria-label=\"Slide: La mentor\u00eda social, un acompa\u00f1amiento que transforma vidas\"><h3 class='slide-entry-title entry-title '  itemprop=\"headline\" ><a href='https:\/\/www.fundacioimpulsa.org\/es\/la-mentoria-social-un-acompanyament-que-transforma-vides\/' title='La mentor\u00eda social, un acompa\u00f1amiento que transforma vidas'>La mentor\u00eda social, un acompa\u00f1amiento que transforma vidas<\/a><\/h3><span class=\"av-vertical-delimiter\"><\/span><\/header><div class=\"slide-meta\"><time class='slide-meta-time updated'  itemprop=\"datePublished\" datetime=\"2025-03-16T10:36:55+01:00\" >16 de marzo de 2025<\/time><\/div><div class='slide-entry-excerpt entry-content'  itemprop=\"text\" ><div class=\"post-tags\" style=\"display:block\"><p class=\"post-tags-inner\"><a href=\"  https:\/\/www.fundacioimpulsa.org\/es\/tag\/impulsaconeixement-es-2\/  \"><strong> #ImpulsaConocimiento <\/strong><\/a><br><\/p><\/div><div class=\"read-more-link\"><a href=\"https:\/\/www.fundacioimpulsa.org\/es\/la-mentoria-social-un-acompanyament-que-transforma-vides\/\" class=\"more-link\">Leer m\u00e1s<span class='more-link-arrow avia-svg-icon avia-font-svg_entypo-fontello' data-av_svg_icon='right-open-big' data-av_iconset='svg_entypo-fontello'><svg version=\"1.1\" xmlns=\"http:\/\/www.w3.org\/2000\/svg\" width=\"15\" height=\"32\" viewBox=\"0 0 15 32\" preserveAspectRatio=\"xMidYMid meet\" role=\"graphics-symbol\" aria-hidden=\"true\">\n<path d=\"M0.416 27.84l11.456-11.84-11.456-11.904q-0.832-0.832 0-1.536 0.832-0.832 1.536 0l12.544 12.608q0.768 0.832 0 1.6l-12.544 12.608q-0.704 0.832-1.536 0-0.832-0.704 0-1.536z\"><\/path>\n<\/svg><\/span><\/a><\/div><\/div><\/div><footer class=\"entry-footer\"><\/footer><span class='hidden'>\n\t\t\t\t<span class='av-structured-data'  itemprop=\"image\" itemscope=\"itemscope\" itemtype=\"https:\/\/schema.org\/ImageObject\" >\n\t\t\t\t\t\t<span itemprop='url'>https:\/\/www.fundacioimpulsa.org\/wp-content\/uploads\/2025\/03\/Portada-noti-Fundacio-Impulsa-20.jpg<\/span>\n\t\t\t\t\t\t<span itemprop='height'>483<\/span>\n\t\t\t\t\t\t<span itemprop='width'>700<\/span>\n\t\t\t\t<\/span>\n\t\t\t\t<span class='av-structured-data'  itemprop=\"publisher\" itemtype=\"https:\/\/schema.org\/Organization\" itemscope=\"itemscope\" >\n\t\t\t\t\t\t<span itemprop='name'>anna<\/span>\n\t\t\t\t\t\t<span itemprop='logo' itemscope itemtype='https:\/\/schema.org\/ImageObject'>\n\t\t\t\t\t\t\t<span itemprop='url'>https:\/\/www.fundacioimpulsa.org\/wp-content\/uploads\/2022\/10\/fundacioImpulsa-logoes.png<\/span>\n\t\t\t\t\t\t<\/span>\n\t\t\t\t<\/span><span class='av-structured-data'  itemprop=\"author\" itemscope=\"itemscope\" itemtype=\"https:\/\/schema.org\/Person\" ><span itemprop='name'>anna<\/span><\/span><span class='av-structured-data'  itemprop=\"datePublished\" datetime=\"2022-02-21T09:19:59+01:00\" >2025-03-16 10:36:55<\/span><span class='av-structured-data'  itemprop=\"dateModified\" itemtype=\"https:\/\/schema.org\/dateModified\" >2025-06-02 13:29:10<\/span><span class='av-structured-data'  itemprop=\"mainEntityOfPage\" itemtype=\"https:\/\/schema.org\/mainEntityOfPage\" ><span itemprop='name'>La mentor\u00eda social, un acompa\u00f1amiento que transforma vidas<\/span><\/span><\/span><\/article><article class='slide-entry flex_column  post-entry post-entry-12207 slide-entry-overview slide-loop-3 slide-parity-odd  av_one_third  real-thumbnail posttype-post post-format-standard'  itemscope=\"itemscope\" itemtype=\"https:\/\/schema.org\/CreativeWork\" ><a href='https:\/\/www.fundacioimpulsa.org\/es\/futuro-formacion-profesional\/' data-rel='slide-1' class='slide-image' title='Futuro prometedor por la Formaci\u00f3n Profesional, que se posiciona como pieza fundamental en el mercado laboral'><img decoding=\"async\" fetchpriority=\"high\" width=\"700\" height=\"483\" src=\"https:\/\/www.fundacioimpulsa.org\/wp-content\/uploads\/2024\/10\/Portada-noti-Fundacio-Impulsa-5-e1729594003222.jpg\" class=\"wp-image-12197 avia-img-lazy-loading-not-12197 attachment-no scaling size-no scaling wp-post-image\" alt=\"\" \/><\/a><div class=\"slide-content\"><header class=\"entry-content-header\" aria-label=\"Slide: Futuro prometedor por la Formaci\u00f3n Profesional, que se posiciona como pieza fundamental en el mercado laboral\"><h3 class='slide-entry-title entry-title '  itemprop=\"headline\" ><a href='https:\/\/www.fundacioimpulsa.org\/es\/futuro-formacion-profesional\/' title='Futuro prometedor por la Formaci\u00f3n Profesional, que se posiciona como pieza fundamental en el mercado laboral'>Futuro prometedor por la Formaci\u00f3n Profesional, que se posiciona como pieza fundamental en el mercado laboral<\/a><\/h3><span class=\"av-vertical-delimiter\"><\/span><\/header><div class=\"slide-meta\"><time class='slide-meta-time updated'  itemprop=\"datePublished\" datetime=\"2024-10-22T12:26:34+02:00\" >22 de octubre de 2024<\/time><\/div><div class='slide-entry-excerpt entry-content'  itemprop=\"text\" ><div class=\"post-tags\" style=\"display:block\"><p class=\"post-tags-inner\"><a href=\"  https:\/\/www.fundacioimpulsa.org\/es\/tag\/impulsaconocimiento\/  \"><strong> #ImpulsaConocimiento <\/strong><\/a><br><\/p><\/div><div class=\"read-more-link\"><a href=\"https:\/\/www.fundacioimpulsa.org\/es\/futuro-formacion-profesional\/\" class=\"more-link\">Leer m\u00e1s<span class='more-link-arrow avia-svg-icon avia-font-svg_entypo-fontello' data-av_svg_icon='right-open-big' data-av_iconset='svg_entypo-fontello'><svg version=\"1.1\" xmlns=\"http:\/\/www.w3.org\/2000\/svg\" width=\"15\" height=\"32\" viewBox=\"0 0 15 32\" preserveAspectRatio=\"xMidYMid meet\" role=\"graphics-symbol\" aria-hidden=\"true\">\n<path d=\"M0.416 27.84l11.456-11.84-11.456-11.904q-0.832-0.832 0-1.536 0.832-0.832 1.536 0l12.544 12.608q0.768 0.832 0 1.6l-12.544 12.608q-0.704 0.832-1.536 0-0.832-0.704 0-1.536z\"><\/path>\n<\/svg><\/span><\/a><\/div><\/div><\/div><footer class=\"entry-footer\"><\/footer><span class='hidden'>\n\t\t\t\t<span class='av-structured-data'  itemprop=\"image\" itemscope=\"itemscope\" itemtype=\"https:\/\/schema.org\/ImageObject\" >\n\t\t\t\t\t\t<span itemprop='url'>https:\/\/www.fundacioimpulsa.org\/wp-content\/uploads\/2024\/10\/Portada-noti-Fundacio-Impulsa-5-e1729594003222.jpg<\/span>\n\t\t\t\t\t\t<span itemprop='height'>483<\/span>\n\t\t\t\t\t\t<span itemprop='width'>700<\/span>\n\t\t\t\t<\/span>\n\t\t\t\t<span class='av-structured-data'  itemprop=\"publisher\" itemtype=\"https:\/\/schema.org\/Organization\" itemscope=\"itemscope\" >\n\t\t\t\t\t\t<span itemprop='name'>anna<\/span>\n\t\t\t\t\t\t<span itemprop='logo' itemscope itemtype='https:\/\/schema.org\/ImageObject'>\n\t\t\t\t\t\t\t<span itemprop='url'>https:\/\/www.fundacioimpulsa.org\/wp-content\/uploads\/2022\/10\/fundacioImpulsa-logoes.png<\/span>\n\t\t\t\t\t\t<\/span>\n\t\t\t\t<\/span><span class='av-structured-data'  itemprop=\"author\" itemscope=\"itemscope\" itemtype=\"https:\/\/schema.org\/Person\" ><span itemprop='name'>anna<\/span><\/span><span class='av-structured-data'  itemprop=\"datePublished\" datetime=\"2022-02-21T09:19:59+01:00\" >2024-10-22 12:26:34<\/span><span class='av-structured-data'  itemprop=\"dateModified\" itemtype=\"https:\/\/schema.org\/dateModified\" >2024-10-22 16:55:43<\/span><span class='av-structured-data'  itemprop=\"mainEntityOfPage\" itemtype=\"https:\/\/schema.org\/mainEntityOfPage\" ><span itemprop='name'>Futuro prometedor por la Formaci\u00f3n Profesional, que se posiciona como pieza fundamental en el mercado laboral<\/span><\/span><\/span><\/article><\/div><div class=\"slide-entry-wrap\"><article class='slide-entry flex_column  post-entry post-entry-9779 slide-entry-overview slide-loop-4 slide-parity-odd  av_one_third first real-thumbnail posttype-post post-format-standard'  itemscope=\"itemscope\" itemtype=\"https:\/\/schema.org\/CreativeWork\" ><a href='https:\/\/www.fundacioimpulsa.org\/es\/zero-abandonament-escolar-per-a-un-futur-amb-igualtat-doportunitats\/' data-rel='slide-1' class='slide-image' title='Cero abandono escolar para un futuro con igualdad de oportunidades'><img decoding=\"async\" fetchpriority=\"high\" width=\"1080\" height=\"690\" src=\"https:\/\/www.fundacioimpulsa.org\/wp-content\/uploads\/2023\/10\/coneixement_web8_2.jpg\" class=\"wp-image-9792 avia-img-lazy-loading-not-9792 attachment-no scaling size-no scaling wp-post-image\" alt=\"\" srcset=\"https:\/\/www.fundacioimpulsa.org\/wp-content\/uploads\/2023\/10\/coneixement_web8_2.jpg 1080w, https:\/\/www.fundacioimpulsa.org\/wp-content\/uploads\/2023\/10\/coneixement_web8_2-300x192.jpg 300w, https:\/\/www.fundacioimpulsa.org\/wp-content\/uploads\/2023\/10\/coneixement_web8_2-1030x658.jpg 1030w, https:\/\/www.fundacioimpulsa.org\/wp-content\/uploads\/2023\/10\/coneixement_web8_2-768x491.jpg 768w, https:\/\/www.fundacioimpulsa.org\/wp-content\/uploads\/2023\/10\/coneixement_web8_2-705x450.jpg 705w, https:\/\/www.fundacioimpulsa.org\/wp-content\/uploads\/2023\/10\/coneixement_web8_2-830x530.jpg 830w, https:\/\/www.fundacioimpulsa.org\/wp-content\/uploads\/2023\/10\/coneixement_web8_2-315x201.jpg 315w\" sizes=\"(max-width: 1080px) 100vw, 1080px\" \/><\/a><div class=\"slide-content\"><header class=\"entry-content-header\" aria-label=\"Slide: Cero abandono escolar para un futuro con igualdad de oportunidades\"><h3 class='slide-entry-title entry-title '  itemprop=\"headline\" ><a href='https:\/\/www.fundacioimpulsa.org\/es\/zero-abandonament-escolar-per-a-un-futur-amb-igualtat-doportunitats\/' title='Cero abandono escolar para un futuro con igualdad de oportunidades'>Cero abandono escolar para un futuro con igualdad de oportunidades<\/a><\/h3><span class=\"av-vertical-delimiter\"><\/span><\/header><div class=\"slide-meta\"><time class='slide-meta-time updated'  itemprop=\"datePublished\" datetime=\"2023-10-21T06:00:03+02:00\" >21 de octubre de 2023<\/time><\/div><div class='slide-entry-excerpt entry-content'  itemprop=\"text\" ><div class=\"post-tags\" style=\"display:block\"><p class=\"post-tags-inner\"><a href=\"  https:\/\/www.fundacioimpulsa.org\/es\/tag\/impulsaconocimiento\/  \"><strong> #ImpulsaConocimiento <\/strong><\/a><br><\/p><\/div><div class=\"read-more-link\"><a href=\"https:\/\/www.fundacioimpulsa.org\/es\/zero-abandonament-escolar-per-a-un-futur-amb-igualtat-doportunitats\/\" class=\"more-link\">Leer m\u00e1s<span class='more-link-arrow avia-svg-icon avia-font-svg_entypo-fontello' data-av_svg_icon='right-open-big' data-av_iconset='svg_entypo-fontello'><svg version=\"1.1\" xmlns=\"http:\/\/www.w3.org\/2000\/svg\" width=\"15\" height=\"32\" viewBox=\"0 0 15 32\" preserveAspectRatio=\"xMidYMid meet\" role=\"graphics-symbol\" aria-hidden=\"true\">\n<path d=\"M0.416 27.84l11.456-11.84-11.456-11.904q-0.832-0.832 0-1.536 0.832-0.832 1.536 0l12.544 12.608q0.768 0.832 0 1.6l-12.544 12.608q-0.704 0.832-1.536 0-0.832-0.704 0-1.536z\"><\/path>\n<\/svg><\/span><\/a><\/div><\/div><\/div><footer class=\"entry-footer\"><\/footer><span class='hidden'>\n\t\t\t\t<span class='av-structured-data'  itemprop=\"image\" itemscope=\"itemscope\" itemtype=\"https:\/\/schema.org\/ImageObject\" >\n\t\t\t\t\t\t<span itemprop='url'>https:\/\/www.fundacioimpulsa.org\/wp-content\/uploads\/2023\/10\/coneixement_web8_2.jpg<\/span>\n\t\t\t\t\t\t<span itemprop='height'>690<\/span>\n\t\t\t\t\t\t<span itemprop='width'>1080<\/span>\n\t\t\t\t<\/span>\n\t\t\t\t<span class='av-structured-data'  itemprop=\"publisher\" itemtype=\"https:\/\/schema.org\/Organization\" itemscope=\"itemscope\" >\n\t\t\t\t\t\t<span itemprop='name'>comunicacio<\/span>\n\t\t\t\t\t\t<span itemprop='logo' itemscope itemtype='https:\/\/schema.org\/ImageObject'>\n\t\t\t\t\t\t\t<span itemprop='url'>https:\/\/www.fundacioimpulsa.org\/wp-content\/uploads\/2022\/10\/fundacioImpulsa-logoes.png<\/span>\n\t\t\t\t\t\t<\/span>\n\t\t\t\t<\/span><span class='av-structured-data'  itemprop=\"author\" itemscope=\"itemscope\" itemtype=\"https:\/\/schema.org\/Person\" ><span itemprop='name'>comunicacio<\/span><\/span><span class='av-structured-data'  itemprop=\"datePublished\" datetime=\"2022-02-21T09:19:59+01:00\" >2023-10-21 06:00:03<\/span><span class='av-structured-data'  itemprop=\"dateModified\" itemtype=\"https:\/\/schema.org\/dateModified\" >2025-07-09 07:16:17<\/span><span class='av-structured-data'  itemprop=\"mainEntityOfPage\" itemtype=\"https:\/\/schema.org\/mainEntityOfPage\" ><span itemprop='name'>Cero abandono escolar para un futuro con igualdad de oportunidades<\/span><\/span><\/span><\/article><article class='slide-entry flex_column  post-entry post-entry-8470 slide-entry-overview slide-loop-5 slide-parity-even  av_one_third  real-thumbnail posttype-post post-format-standard'  itemscope=\"itemscope\" itemtype=\"https:\/\/schema.org\/CreativeWork\" ><a href='https:\/\/www.fundacioimpulsa.org\/es\/igualtat-doportunitats-en-clau-de-genere-trencant-el-sostre-de-vidre-abans-de-topar-hi\/' data-rel='slide-1' class='slide-image' title='Igualdad de oportunidades en clave de g\u00e9nero: rompiendo el techo de cristal antes de chocar con \u00e9l'><img decoding=\"async\" fetchpriority=\"high\" width=\"1080\" height=\"690\" src=\"https:\/\/www.fundacioimpulsa.org\/wp-content\/uploads\/2023\/03\/coneixement_web8M.jpg\" class=\"wp-image-8477 avia-img-lazy-loading-not-8477 attachment-no scaling size-no scaling wp-post-image\" alt=\"\" srcset=\"https:\/\/www.fundacioimpulsa.org\/wp-content\/uploads\/2023\/03\/coneixement_web8M.jpg 1080w, https:\/\/www.fundacioimpulsa.org\/wp-content\/uploads\/2023\/03\/coneixement_web8M-300x192.jpg 300w, https:\/\/www.fundacioimpulsa.org\/wp-content\/uploads\/2023\/03\/coneixement_web8M-1030x658.jpg 1030w, https:\/\/www.fundacioimpulsa.org\/wp-content\/uploads\/2023\/03\/coneixement_web8M-768x491.jpg 768w, https:\/\/www.fundacioimpulsa.org\/wp-content\/uploads\/2023\/03\/coneixement_web8M-705x450.jpg 705w, https:\/\/www.fundacioimpulsa.org\/wp-content\/uploads\/2023\/03\/coneixement_web8M-830x530.jpg 830w, https:\/\/www.fundacioimpulsa.org\/wp-content\/uploads\/2023\/03\/coneixement_web8M-315x201.jpg 315w\" sizes=\"(max-width: 1080px) 100vw, 1080px\" \/><\/a><div class=\"slide-content\"><header class=\"entry-content-header\" aria-label=\"Slide: Igualdad de oportunidades en clave de g\u00e9nero: rompiendo el techo de cristal antes de chocar con \u00e9l\"><h3 class='slide-entry-title entry-title '  itemprop=\"headline\" ><a href='https:\/\/www.fundacioimpulsa.org\/es\/igualtat-doportunitats-en-clau-de-genere-trencant-el-sostre-de-vidre-abans-de-topar-hi\/' title='Igualdad de oportunidades en clave de g\u00e9nero: rompiendo el techo de cristal antes de chocar con \u00e9l'>Igualdad de oportunidades en clave de g\u00e9nero: rompiendo el techo de cristal antes de chocar con \u00e9l<\/a><\/h3><span class=\"av-vertical-delimiter\"><\/span><\/header><div class=\"slide-meta\"><time class='slide-meta-time updated'  itemprop=\"datePublished\" datetime=\"2023-03-08T07:30:20+01:00\" >8 de marzo de 2023<\/time><\/div><div class='slide-entry-excerpt entry-content'  itemprop=\"text\" ><div class=\"post-tags\" style=\"display:block\"><p class=\"post-tags-inner\"><a href=\"  https:\/\/www.fundacioimpulsa.org\/es\/tag\/impulsaconocimiento\/  \"><strong> #ImpulsaConocimiento <\/strong><\/a><br><\/p><\/div><div class=\"read-more-link\"><a href=\"https:\/\/www.fundacioimpulsa.org\/es\/igualtat-doportunitats-en-clau-de-genere-trencant-el-sostre-de-vidre-abans-de-topar-hi\/\" class=\"more-link\">Leer m\u00e1s<span class='more-link-arrow avia-svg-icon avia-font-svg_entypo-fontello' data-av_svg_icon='right-open-big' data-av_iconset='svg_entypo-fontello'><svg version=\"1.1\" xmlns=\"http:\/\/www.w3.org\/2000\/svg\" width=\"15\" height=\"32\" viewBox=\"0 0 15 32\" preserveAspectRatio=\"xMidYMid meet\" role=\"graphics-symbol\" aria-hidden=\"true\">\n<path d=\"M0.416 27.84l11.456-11.84-11.456-11.904q-0.832-0.832 0-1.536 0.832-0.832 1.536 0l12.544 12.608q0.768 0.832 0 1.6l-12.544 12.608q-0.704 0.832-1.536 0-0.832-0.704 0-1.536z\"><\/path>\n<\/svg><\/span><\/a><\/div><\/div><\/div><footer class=\"entry-footer\"><\/footer><span class='hidden'>\n\t\t\t\t<span class='av-structured-data'  itemprop=\"image\" itemscope=\"itemscope\" itemtype=\"https:\/\/schema.org\/ImageObject\" >\n\t\t\t\t\t\t<span itemprop='url'>https:\/\/www.fundacioimpulsa.org\/wp-content\/uploads\/2023\/03\/coneixement_web8M.jpg<\/span>\n\t\t\t\t\t\t<span itemprop='height'>690<\/span>\n\t\t\t\t\t\t<span itemprop='width'>1080<\/span>\n\t\t\t\t<\/span>\n\t\t\t\t<span class='av-structured-data'  itemprop=\"publisher\" itemtype=\"https:\/\/schema.org\/Organization\" itemscope=\"itemscope\" >\n\t\t\t\t\t\t<span itemprop='name'>comunicacio<\/span>\n\t\t\t\t\t\t<span itemprop='logo' itemscope itemtype='https:\/\/schema.org\/ImageObject'>\n\t\t\t\t\t\t\t<span itemprop='url'>https:\/\/www.fundacioimpulsa.org\/wp-content\/uploads\/2022\/10\/fundacioImpulsa-logoes.png<\/span>\n\t\t\t\t\t\t<\/span>\n\t\t\t\t<\/span><span class='av-structured-data'  itemprop=\"author\" itemscope=\"itemscope\" itemtype=\"https:\/\/schema.org\/Person\" ><span itemprop='name'>comunicacio<\/span><\/span><span class='av-structured-data'  itemprop=\"datePublished\" datetime=\"2022-02-21T09:19:59+01:00\" >2023-03-08 07:30:20<\/span><span class='av-structured-data'  itemprop=\"dateModified\" itemtype=\"https:\/\/schema.org\/dateModified\" >2025-07-09 07:16:24<\/span><span class='av-structured-data'  itemprop=\"mainEntityOfPage\" itemtype=\"https:\/\/schema.org\/mainEntityOfPage\" ><span itemprop='name'>Igualdad de oportunidades en clave de g\u00e9nero: rompiendo el techo de cristal antes de chocar con \u00e9l<\/span><\/span><\/span><\/article><article class='slide-entry flex_column  post-entry post-entry-7944 slide-entry-overview slide-loop-6 slide-parity-odd  post-entry-last  av_one_third  real-thumbnail posttype-post post-format-standard'  itemscope=\"itemscope\" itemtype=\"https:\/\/schema.org\/CreativeWork\" ><a href='https:\/\/www.fundacioimpulsa.org\/es\/el-repte-majuscul-de-la-salut-mental\/' data-rel='slide-1' class='slide-image' title='El reto may\u00fasculo de la salud mental'><img decoding=\"async\" fetchpriority=\"high\" width=\"1080\" height=\"690\" src=\"https:\/\/www.fundacioimpulsa.org\/wp-content\/uploads\/2022\/12\/salutmental_web.png\" class=\"wp-image-7937 avia-img-lazy-loading-not-7937 attachment-no scaling size-no scaling wp-post-image\" alt=\"\" srcset=\"https:\/\/www.fundacioimpulsa.org\/wp-content\/uploads\/2022\/12\/salutmental_web.png 1080w, https:\/\/www.fundacioimpulsa.org\/wp-content\/uploads\/2022\/12\/salutmental_web-300x192.png 300w, https:\/\/www.fundacioimpulsa.org\/wp-content\/uploads\/2022\/12\/salutmental_web-1030x658.png 1030w, https:\/\/www.fundacioimpulsa.org\/wp-content\/uploads\/2022\/12\/salutmental_web-768x491.png 768w, https:\/\/www.fundacioimpulsa.org\/wp-content\/uploads\/2022\/12\/salutmental_web-705x450.png 705w, https:\/\/www.fundacioimpulsa.org\/wp-content\/uploads\/2022\/12\/salutmental_web-830x530.png 830w, https:\/\/www.fundacioimpulsa.org\/wp-content\/uploads\/2022\/12\/salutmental_web-315x201.png 315w\" sizes=\"(max-width: 1080px) 100vw, 1080px\" \/><\/a><div class=\"slide-content\"><header class=\"entry-content-header\" aria-label=\"Slide: El reto may\u00fasculo de la salud mental\"><h3 class='slide-entry-title entry-title '  itemprop=\"headline\" ><a href='https:\/\/www.fundacioimpulsa.org\/es\/el-repte-majuscul-de-la-salut-mental\/' title='El reto may\u00fasculo de la salud mental'>El reto may\u00fasculo de la salud mental<\/a><\/h3><span class=\"av-vertical-delimiter\"><\/span><\/header><div class=\"slide-meta\"><time class='slide-meta-time updated'  itemprop=\"datePublished\" datetime=\"2022-12-13T12:30:04+01:00\" >13 de diciembre de 2022<\/time><\/div><div class='slide-entry-excerpt entry-content'  itemprop=\"text\" ><div class=\"post-tags\" style=\"display:block\"><p class=\"post-tags-inner\"><a href=\"  https:\/\/www.fundacioimpulsa.org\/es\/tag\/impulsaconocimiento\/  \"><strong> #ImpulsaConocimiento <\/strong><\/a><br><\/p><\/div><div class=\"read-more-link\"><a href=\"https:\/\/www.fundacioimpulsa.org\/es\/el-repte-majuscul-de-la-salut-mental\/\" class=\"more-link\">Leer m\u00e1s<span class='more-link-arrow avia-svg-icon avia-font-svg_entypo-fontello' data-av_svg_icon='right-open-big' data-av_iconset='svg_entypo-fontello'><svg version=\"1.1\" xmlns=\"http:\/\/www.w3.org\/2000\/svg\" width=\"15\" height=\"32\" viewBox=\"0 0 15 32\" preserveAspectRatio=\"xMidYMid meet\" role=\"graphics-symbol\" aria-hidden=\"true\">\n<path d=\"M0.416 27.84l11.456-11.84-11.456-11.904q-0.832-0.832 0-1.536 0.832-0.832 1.536 0l12.544 12.608q0.768 0.832 0 1.6l-12.544 12.608q-0.704 0.832-1.536 0-0.832-0.704 0-1.536z\"><\/path>\n<\/svg><\/span><\/a><\/div><\/div><\/div><footer class=\"entry-footer\"><\/footer><span class='hidden'>\n\t\t\t\t<span class='av-structured-data'  itemprop=\"image\" itemscope=\"itemscope\" itemtype=\"https:\/\/schema.org\/ImageObject\" >\n\t\t\t\t\t\t<span itemprop='url'>https:\/\/www.fundacioimpulsa.org\/wp-content\/uploads\/2022\/12\/salutmental_web.png<\/span>\n\t\t\t\t\t\t<span itemprop='height'>690<\/span>\n\t\t\t\t\t\t<span itemprop='width'>1080<\/span>\n\t\t\t\t<\/span>\n\t\t\t\t<span class='av-structured-data'  itemprop=\"publisher\" itemtype=\"https:\/\/schema.org\/Organization\" itemscope=\"itemscope\" >\n\t\t\t\t\t\t<span itemprop='name'>comunicacio<\/span>\n\t\t\t\t\t\t<span itemprop='logo' itemscope itemtype='https:\/\/schema.org\/ImageObject'>\n\t\t\t\t\t\t\t<span itemprop='url'>https:\/\/www.fundacioimpulsa.org\/wp-content\/uploads\/2022\/10\/fundacioImpulsa-logoes.png<\/span>\n\t\t\t\t\t\t<\/span>\n\t\t\t\t<\/span><span class='av-structured-data'  itemprop=\"author\" itemscope=\"itemscope\" itemtype=\"https:\/\/schema.org\/Person\" ><span itemprop='name'>comunicacio<\/span><\/span><span class='av-structured-data'  itemprop=\"datePublished\" datetime=\"2022-02-21T09:19:59+01:00\" >2022-12-13 12:30:04<\/span><span class='av-structured-data'  itemprop=\"dateModified\" itemtype=\"https:\/\/schema.org\/dateModified\" >2022-12-27 11:38:56<\/span><span class='av-structured-data'  itemprop=\"mainEntityOfPage\" itemtype=\"https:\/\/schema.org\/mainEntityOfPage\" ><span itemprop='name'>El reto may\u00fasculo de la salud mental<\/span><\/span><\/span><\/article><\/div><\/div><\/div>\n","protected":false},"excerpt":{"rendered":"","protected":false},"author":1,"featured_media":0,"parent":0,"menu_order":0,"comment_status":"closed","ping_status":"closed","template":"","meta":{"_acf_changed":false,"footnotes":""},"class_list":["post-5622","page","type-page","status-publish","hentry"],"acf":[],"yoast_head":"<!-- This site is optimized with the Yoast SEO plugin v27.5 - https:\/\/yoast.com\/product\/yoast-seo-wordpress\/ -->\n<title>Impulsa Conocimiento - Fundacio Impulsa<\/title>\n<meta name=\"robots\" content=\"index, follow, max-snippet:-1, max-image-preview:large, max-video-preview:-1\" \/>\n<link rel=\"canonical\" href=\"https:\/\/www.fundacioimpulsa.org\/es\/impulsa-coneixement\/\" \/>\n<meta property=\"og:locale\" content=\"es_ES\" \/>\n<meta property=\"og:type\" content=\"article\" \/>\n<meta property=\"og:title\" content=\"Impulsa Conocimiento - Fundacio Impulsa\" \/>\n<meta property=\"og:url\" content=\"https:\/\/www.fundacioimpulsa.org\/es\/impulsa-coneixement\/\" \/>\n<meta property=\"og:site_name\" content=\"Fundacio Impulsa\" \/>\n<meta property=\"article:modified_time\" content=\"2025-07-09T05:14:52+00:00\" \/>\n<meta name=\"twitter:card\" content=\"summary_large_image\" \/>\n<meta name=\"twitter:label1\" content=\"Tiempo de lectura\" \/>\n\t<meta name=\"twitter:data1\" content=\"5 minutos\" \/>\n<script type=\"application\/ld+json\" class=\"yoast-schema-graph\">{\"@context\":\"https:\\\/\\\/schema.org\",\"@graph\":[{\"@type\":\"WebPage\",\"@id\":\"https:\\\/\\\/www.fundacioimpulsa.org\\\/es\\\/impulsa-coneixement\\\/\",\"url\":\"https:\\\/\\\/www.fundacioimpulsa.org\\\/es\\\/impulsa-coneixement\\\/\",\"name\":\"Impulsa Conocimiento - Fundacio Impulsa\",\"isPartOf\":{\"@id\":\"https:\\\/\\\/www.fundacioimpulsa.org\\\/es\\\/#website\"},\"datePublished\":\"2022-02-21T08:19:59+00:00\",\"dateModified\":\"2025-07-09T05:14:52+00:00\",\"breadcrumb\":{\"@id\":\"https:\\\/\\\/www.fundacioimpulsa.org\\\/es\\\/impulsa-coneixement\\\/#breadcrumb\"},\"inLanguage\":\"es\",\"potentialAction\":[{\"@type\":\"ReadAction\",\"target\":[\"https:\\\/\\\/www.fundacioimpulsa.org\\\/es\\\/impulsa-coneixement\\\/\"]}]},{\"@type\":\"BreadcrumbList\",\"@id\":\"https:\\\/\\\/www.fundacioimpulsa.org\\\/es\\\/impulsa-coneixement\\\/#breadcrumb\",\"itemListElement\":[{\"@type\":\"ListItem\",\"position\":1,\"name\":\"Inici\",\"item\":\"https:\\\/\\\/www.fundacioimpulsa.org\\\/es\\\/fundacio-impulsa\\\/\"},{\"@type\":\"ListItem\",\"position\":2,\"name\":\"Impulsa Conocimiento\"}]},{\"@type\":\"WebSite\",\"@id\":\"https:\\\/\\\/www.fundacioimpulsa.org\\\/es\\\/#website\",\"url\":\"https:\\\/\\\/www.fundacioimpulsa.org\\\/es\\\/\",\"name\":\"Fundacio Impulsa\",\"description\":\"\",\"potentialAction\":[{\"@type\":\"SearchAction\",\"target\":{\"@type\":\"EntryPoint\",\"urlTemplate\":\"https:\\\/\\\/www.fundacioimpulsa.org\\\/es\\\/?s={search_term_string}\"},\"query-input\":{\"@type\":\"PropertyValueSpecification\",\"valueRequired\":true,\"valueName\":\"search_term_string\"}}],\"inLanguage\":\"es\"}]}<\/script>\n<!-- \/ Yoast SEO plugin. -->","yoast_head_json":{"title":"Impulsa Conocimiento - Fundacio Impulsa","robots":{"index":"index","follow":"follow","max-snippet":"max-snippet:-1","max-image-preview":"max-image-preview:large","max-video-preview":"max-video-preview:-1"},"canonical":"https:\/\/www.fundacioimpulsa.org\/es\/impulsa-coneixement\/","og_locale":"es_ES","og_type":"article","og_title":"Impulsa Conocimiento - Fundacio Impulsa","og_url":"https:\/\/www.fundacioimpulsa.org\/es\/impulsa-coneixement\/","og_site_name":"Fundacio Impulsa","article_modified_time":"2025-07-09T05:14:52+00:00","twitter_card":"summary_large_image","twitter_misc":{"Tiempo de lectura":"5 minutos"},"schema":{"@context":"https:\/\/schema.org","@graph":[{"@type":"WebPage","@id":"https:\/\/www.fundacioimpulsa.org\/es\/impulsa-coneixement\/","url":"https:\/\/www.fundacioimpulsa.org\/es\/impulsa-coneixement\/","name":"Impulsa Conocimiento - Fundacio Impulsa","isPartOf":{"@id":"https:\/\/www.fundacioimpulsa.org\/es\/#website"},"datePublished":"2022-02-21T08:19:59+00:00","dateModified":"2025-07-09T05:14:52+00:00","breadcrumb":{"@id":"https:\/\/www.fundacioimpulsa.org\/es\/impulsa-coneixement\/#breadcrumb"},"inLanguage":"es","potentialAction":[{"@type":"ReadAction","target":["https:\/\/www.fundacioimpulsa.org\/es\/impulsa-coneixement\/"]}]},{"@type":"BreadcrumbList","@id":"https:\/\/www.fundacioimpulsa.org\/es\/impulsa-coneixement\/#breadcrumb","itemListElement":[{"@type":"ListItem","position":1,"name":"Inici","item":"https:\/\/www.fundacioimpulsa.org\/es\/fundacio-impulsa\/"},{"@type":"ListItem","position":2,"name":"Impulsa Conocimiento"}]},{"@type":"WebSite","@id":"https:\/\/www.fundacioimpulsa.org\/es\/#website","url":"https:\/\/www.fundacioimpulsa.org\/es\/","name":"Fundacio Impulsa","description":"","potentialAction":[{"@type":"SearchAction","target":{"@type":"EntryPoint","urlTemplate":"https:\/\/www.fundacioimpulsa.org\/es\/?s={search_term_string}"},"query-input":{"@type":"PropertyValueSpecification","valueRequired":true,"valueName":"search_term_string"}}],"inLanguage":"es"}]}},"publishpress_future_action":{"enabled":false,"date":"2026-05-08 06:27:48","action":"change-status","newStatus":"draft","terms":[],"taxonomy":"translation_priority","extraData":[]},"publishpress_future_workflow_manual_trigger":{"enabledWorkflows":[]},"_links":{"self":[{"href":"https:\/\/www.fundacioimpulsa.org\/es\/wp-json\/wp\/v2\/pages\/5622","targetHints":{"allow":["GET"]}}],"collection":[{"href":"https:\/\/www.fundacioimpulsa.org\/es\/wp-json\/wp\/v2\/pages"}],"about":[{"href":"https:\/\/www.fundacioimpulsa.org\/es\/wp-json\/wp\/v2\/types\/page"}],"author":[{"embeddable":true,"href":"https:\/\/www.fundacioimpulsa.org\/es\/wp-json\/wp\/v2\/users\/1"}],"replies":[{"embeddable":true,"href":"https:\/\/www.fundacioimpulsa.org\/es\/wp-json\/wp\/v2\/comments?post=5622"}],"version-history":[{"count":5,"href":"https:\/\/www.fundacioimpulsa.org\/es\/wp-json\/wp\/v2\/pages\/5622\/revisions"}],"predecessor-version":[{"id":13877,"href":"https:\/\/www.fundacioimpulsa.org\/es\/wp-json\/wp\/v2\/pages\/5622\/revisions\/13877"}],"wp:attachment":[{"href":"https:\/\/www.fundacioimpulsa.org\/es\/wp-json\/wp\/v2\/media?parent=5622"}],"curies":[{"name":"wp","href":"https:\/\/api.w.org\/{rel}","templated":true}]}}