{"id":5630,"date":"2022-02-21T12:02:09","date_gmt":"2022-02-21T11:02:09","guid":{"rendered":"https:\/\/www.fundacioimpulsa.org\/impulsa-creixement-huma\/"},"modified":"2025-11-19T15:33:26","modified_gmt":"2025-11-19T14:33:26","slug":"impulsa-creixement-huma","status":"publish","type":"page","link":"https:\/\/www.fundacioimpulsa.org\/es\/impulsa-creixement-huma\/","title":{"rendered":"Impulsa Crecimiento Humano"},"content":{"rendered":"\n<style type=\"text\/css\" data-created_by=\"avia_inline_auto\" id=\"style-css-av-90fd0-0ebf32c5752ea6a2b4d3c9b7d4d4bc35\">\n.avia-section.av-90fd0-0ebf32c5752ea6a2b4d3c9b7d4d4bc35{\nbackground-color:#ffdd94;\nbackground-image:unset;\n}\n<\/style>\n<div id='av_section_1'  class='avia-section av-90fd0-0ebf32c5752ea6a2b4d3c9b7d4d4bc35 main_color avia-section-default avia-no-border-styling  avia-builder-el-0  el_before_av_three_fourth  avia-builder-el-first  avia-bg-style-scroll container_wrap fullsize'  ><div class='container av-section-cont-open' ><main  role=\"main\" itemprop=\"mainContentOfPage\"  class='template-page content  av-content-full alpha units'><div class='post-entry post-entry-type-page post-entry-5630'><div class='entry-content-wrapper clearfix'>\n\n<style type=\"text\/css\" data-created_by=\"avia_inline_auto\" id=\"style-css-av-kzwlahju-312a8898ee4dafda7e0605dad05e6383\">\n#top .av-special-heading.av-kzwlahju-312a8898ee4dafda7e0605dad05e6383{\npadding-bottom:10px;\n}\nbody .av-special-heading.av-kzwlahju-312a8898ee4dafda7e0605dad05e6383 .av-special-heading-tag .heading-char{\nfont-size:25px;\n}\n.av-special-heading.av-kzwlahju-312a8898ee4dafda7e0605dad05e6383 .av-subheading{\nfont-size:15px;\n}\n<\/style>\n<div  class='av-special-heading av-kzwlahju-312a8898ee4dafda7e0605dad05e6383 av-special-heading-h3 blockquote modern-quote  avia-builder-el-1  avia-builder-el-no-sibling '><h3 class='av-special-heading-tag '  itemprop=\"headline\"  >Impulsa Crecimiento<\/h3><div class=\"special-heading-border\"><div class=\"special-heading-inner-border\"><\/div><\/div><\/div>\n<\/div><\/div><\/main><!-- close content main element --><\/div><\/div><div id='after_section_1'  class='main_color av_default_container_wrap container_wrap fullsize'  ><div class='container av-section-cont-open' ><div class='template-page content  av-content-full alpha units'><div class='post-entry post-entry-type-page post-entry-5630'><div class='entry-content-wrapper clearfix'>\n<div  class='flex_column av-hnrp0-fcfcd296e84d27dc5157945c9ab8e771 av_three_fourth  avia-builder-el-2  el_after_av_section  el_before_av_two_third  avia-builder-el-first  first flex_column_div  '     ><section  class='av_textblock_section av-94nd8-979550020043ba720604617876985e71 '   itemscope=\"itemscope\" itemtype=\"https:\/\/schema.org\/CreativeWork\" ><div class='avia_textblock'  itemprop=\"text\" ><h1>Potenciamos los valores humanos y sociales de los j\u00f3venes y su papel como agente activo de la comunidad<\/h1>\n<\/div><\/section><\/div>\n\n<style type=\"text\/css\" data-created_by=\"avia_inline_auto\" id=\"style-css-av-ar1zo-2224cf62e3a7ce02638697b94d359e07\">\n#top .flex_column.av-ar1zo-2224cf62e3a7ce02638697b94d359e07{\nmargin-top:0px;\nmargin-bottom:0px;\n}\n.responsive #top #wrap_all .flex_column.av-ar1zo-2224cf62e3a7ce02638697b94d359e07{\nmargin-top:0px;\nmargin-bottom:0px;\n}\n<\/style>\n<div  class='flex_column av-ar1zo-2224cf62e3a7ce02638697b94d359e07 av_two_third  avia-builder-el-4  el_after_av_three_fourth  el_before_av_hr  first no_margin flex_column_div  column-top-margin'     ><section  class='av_textblock_section av-l32qmut2-0889f16f57607b8ac10445c345b9e959 '   itemscope=\"itemscope\" itemtype=\"https:\/\/schema.org\/CreativeWork\" ><div class='avia_textblock'  itemprop=\"text\" ><h6><strong>Este programa ofrece a los j\u00f3venes una completa formaci\u00f3n en competencias transversales que les permite trabajar aquellas habilidades clave para su desarrollo como personas, poniendo tambi\u00e9n en valor la ecolog\u00eda y la vinculaci\u00f3n con la cultura.<\/strong><\/h6>\n<p>En el marco de este programa y como parte indispensable de su crecimiento personal, los j\u00f3venes se implican como voluntarios en entidades del territorio, fomentando su compromiso social y ayudando a crear una red de relaciones.<\/p>\n<p>La Fundaci\u00f3n Impulsa pone en contacto a los j\u00f3venes Impulsers y las entidades participantes en el programa, con quienes colaborar\u00e1n haciendo acciones de voluntariado social al a\u00f1o.<\/p>\n<\/div><\/section><\/div>\n<style type=\"text\/css\" data-created_by=\"avia_inline_auto\" id=\"style-css-av-h411o-615f1c2b987a13c11dc97a08789570e9\">\n#top .hr.hr-invisible.av-h411o-615f1c2b987a13c11dc97a08789570e9{\nheight:40px;\n}\n<\/style>\n<div  class='hr av-h411o-615f1c2b987a13c11dc97a08789570e9 hr-invisible  avia-builder-el-6  el_after_av_two_third  el_before_av_section  avia-builder-el-last '><span class='hr-inner '><span class=\"hr-inner-style\"><\/span><\/span><\/div><\/p>\n<\/div><\/div><\/div><!-- close content main div --><\/div><\/div>\n<style type=\"text\/css\" data-created_by=\"avia_inline_auto\" id=\"style-css-av-bd2fg-ce4f82def30978e7d84b056e0f67fc4a\">\n.avia-section.av-bd2fg-ce4f82def30978e7d84b056e0f67fc4a{\nbackground-color:#009fe3;\nbackground-image:unset;\nmargin-top:10px;\nmargin-bottom:30px;\n}\n<\/style>\n<div id='av_section_2'  class='avia-section av-bd2fg-ce4f82def30978e7d84b056e0f67fc4a main_color avia-section-large avia-no-border-styling  avia-builder-el-7  el_after_av_hr  el_before_av_section  avia-bg-style-scroll container_wrap fullsize'  ><div class='container av-section-cont-open' ><div class='template-page content  av-content-full alpha units'><div class='post-entry post-entry-type-page post-entry-5630'><div class='entry-content-wrapper clearfix'>\n\n<style type=\"text\/css\" data-created_by=\"avia_inline_auto\" id=\"style-css-av-kqtdo-b4cd43b6621eeaff2e40355a7329cd03\">\n#top .flex_column.av-kqtdo-b4cd43b6621eeaff2e40355a7329cd03{\nmargin-top:0px;\nmargin-bottom:0px;\n}\n.flex_column.av-kqtdo-b4cd43b6621eeaff2e40355a7329cd03{\npadding:0px 0px 0px 0px;\n}\n.responsive #top #wrap_all .flex_column.av-kqtdo-b4cd43b6621eeaff2e40355a7329cd03{\nmargin-top:0px;\nmargin-bottom:0px;\n}\n<\/style>\n<div  class='flex_column av-kqtdo-b4cd43b6621eeaff2e40355a7329cd03 av_one_half  avia-builder-el-8  el_before_av_one_half  avia-builder-el-first  first flex_column_div av-zero-column-padding  '     ><style type=\"text\/css\" data-created_by=\"avia_inline_auto\" id=\"style-css-av-l028h6yh-06eba60b0150e9015c81e6ea40dd17d7\">\n#top .av-special-heading.av-l028h6yh-06eba60b0150e9015c81e6ea40dd17d7{\nmargin:30px 30px 30px 0;\npadding-bottom:10px;\ncolor:#ffffff;\n}\nbody .av-special-heading.av-l028h6yh-06eba60b0150e9015c81e6ea40dd17d7 .av-special-heading-tag .heading-char{\nfont-size:25px;\n}\n#top #wrap_all .av-special-heading.av-l028h6yh-06eba60b0150e9015c81e6ea40dd17d7 .av-special-heading-tag{\npadding:0 0 20px 0;\n}\n.av-special-heading.av-l028h6yh-06eba60b0150e9015c81e6ea40dd17d7 .special-heading-inner-border{\nborder-color:#ffffff;\n}\n.av-special-heading.av-l028h6yh-06eba60b0150e9015c81e6ea40dd17d7 .av-subheading{\nfont-size:15px;\n}\n<\/style>\n<div  class='av-special-heading av-l028h6yh-06eba60b0150e9015c81e6ea40dd17d7 av-special-heading-h3 custom-color-heading blockquote modern-quote  avia-builder-el-9  avia-builder-el-no-sibling '><h3 class='av-special-heading-tag '  itemprop=\"headline\"  >\u00bfEres una entidad social y necesitas voluntariado?<\/h3><div class='av_custom_color av-subheading av-subheading_below'><p>Rellena este formulario y una t\u00e9cnica de la Fundaci\u00f3n Impulsa se pondr\u00e1 en contacto contigo<\/p>\n<\/div><div class=\"special-heading-border\"><div class=\"special-heading-inner-border\"><\/div><\/div><\/div><\/div>\n<style type=\"text\/css\" data-created_by=\"avia_inline_auto\" id=\"style-css-av-ftk7g-cc130e949a6659f86b97cbdd7a2bfb21\">\n#top .flex_column.av-ftk7g-cc130e949a6659f86b97cbdd7a2bfb21{\nmargin-top:0px;\nmargin-bottom:0px;\n}\n.flex_column.av-ftk7g-cc130e949a6659f86b97cbdd7a2bfb21{\npadding:30px 0px 0px 0px;\n}\n.responsive #top #wrap_all .flex_column.av-ftk7g-cc130e949a6659f86b97cbdd7a2bfb21{\nmargin-top:0px;\nmargin-bottom:0px;\n}\n<\/style>\n<div  class='flex_column av-ftk7g-cc130e949a6659f86b97cbdd7a2bfb21 av_one_half  avia-builder-el-10  el_after_av_one_half  el_before_av_hr  flex_column_div  '     ><div  id=\"azul\"  class='avia-button-wrap av-s68k-1fce443533deb32e6eadae5be9346155-wrap avia-button-center  avia-builder-el-11  avia-builder-el-no-sibling '>\n<style type=\"text\/css\" data-created_by=\"avia_inline_auto\" id=\"style-css-av-s68k-1fce443533deb32e6eadae5be9346155\">\n#top #wrap_all .avia-button.av-s68k-1fce443533deb32e6eadae5be9346155{\nbox-shadow:none;\ntransition:all 0.4s ease-in-out;\n}\n<\/style>\n<a href='https:\/\/fundacioimpulsa.typeform.com\/voluntariado '  class='avia-button av-s68k-1fce443533deb32e6eadae5be9346155 av-link-btn avia-icon_select-no avia-size-x-large avia-position-center avia-color-theme-color'  target=\"_blank\"  rel=\"noopener noreferrer\"  aria-label=\"Necesito voluntariado\"><span class='avia_iconbox_title' >Necesito voluntariado<\/span><\/a><\/div><\/div>\n<style type=\"text\/css\" data-created_by=\"avia_inline_auto\" id=\"style-css-av-a26xg-72d30643faf521d02a8e73d6f26b45a8\">\n#top .hr.hr-invisible.av-a26xg-72d30643faf521d02a8e73d6f26b45a8{\nheight:20px;\n}\n<\/style>\n<div  class='hr av-a26xg-72d30643faf521d02a8e73d6f26b45a8 hr-invisible  avia-builder-el-12  el_after_av_one_half  avia-builder-el-last '><span class='hr-inner '><span class=\"hr-inner-style\"><\/span><\/span><\/div>\n\n<\/div><\/div><\/div><!-- close content main div --><\/div><\/div>\n<style type=\"text\/css\" data-created_by=\"avia_inline_auto\" id=\"style-css-av-1fy0kc-a14edf58eeba5f79f86fe5d3dc0f1497\">\n.avia-section.av-1fy0kc-a14edf58eeba5f79f86fe5d3dc0f1497{\nbackground-color:#ddf7e4;\nbackground-image:url(https:\/\/www.fundacioimpulsa.org\/wp-content\/uploads\/2022\/02\/triangle-verd.png);\nbackground-repeat:no-repeat;\nbackground-position:100% 100%;\nbackground-attachment:scroll;\n}\n<\/style>\n<div id='av_section_3'  class='avia-section av-1fy0kc-a14edf58eeba5f79f86fe5d3dc0f1497 main_color avia-section-no-padding avia-no-border-styling  avia-builder-el-13  el_after_av_section  el_before_av_section  avia-bg-style-scroll container_wrap fullsize'  data-section-bg-repeat='no-repeat'><div class='container av-section-cont-open' ><div class='template-page content  av-content-full alpha units'><div class='post-entry post-entry-type-page post-entry-5630'><div class='entry-content-wrapper clearfix'>\n<div class='flex_column_table av-1a6xbg-654b743583e28fcdd5fb1c792544c798 sc-av_one_half av-equal-height-column-flextable'><div  class='flex_column av-1a6xbg-654b743583e28fcdd5fb1c792544c798 av_one_half  avia-builder-el-14  el_before_av_one_half  avia-builder-el-first  first flex_column_table_cell av-equal-height-column av-align-bottom  '     ><section  class='av_textblock_section av-kzwleytq-51817c0c68f387388770f963f6235efe '   itemscope=\"itemscope\" itemtype=\"https:\/\/schema.org\/CreativeWork\" ><div class='avia_textblock'  itemprop=\"text\" ><h3 style=\"text-align: left;\">\u201cLas formaciones me han parecido muy \u00fatiles, sobre todo las que hemos hecho sobre emociones, porque es algo de lo que no se habla. Son temas que en el instituto no se tratan a fondo y creo que te ayudan mucho en la vida\u201d<\/h3>\n<\/div><\/section><br \/>\n\n<style type=\"text\/css\" data-created_by=\"avia_inline_auto\" id=\"style-css-av-xen3o-79db4ba98a31599377dfb52bdebeca43\">\n#top .hr.hr-invisible.av-xen3o-79db4ba98a31599377dfb52bdebeca43{\nheight:20px;\n}\n<\/style>\n<div  class='hr av-xen3o-79db4ba98a31599377dfb52bdebeca43 hr-invisible  avia-builder-el-16  el_after_av_textblock  el_before_av_textblock '><span class='hr-inner '><span class=\"hr-inner-style\"><\/span><\/span><\/div><br \/>\n\n<style type=\"text\/css\" data-created_by=\"avia_inline_auto\" id=\"style-css-av-kzwlgd44-cfc45d40a0ff43239c27b57be2e740e1\">\n#top .av_textblock_section.av-kzwlgd44-cfc45d40a0ff43239c27b57be2e740e1 .avia_textblock{\ncolor:#1d1d1b;\n}\n<\/style>\n<section  class='av_textblock_section av-kzwlgd44-cfc45d40a0ff43239c27b57be2e740e1 '   itemscope=\"itemscope\" itemtype=\"https:\/\/schema.org\/CreativeWork\" ><div class='avia_textblock av_inherit_color'  itemprop=\"text\" ><p><strong>Judit Reyes.<br \/>\n<\/strong>Joven Impulser<\/p>\n<\/div><\/section><br \/>\n\n<style type=\"text\/css\" data-created_by=\"avia_inline_auto\" id=\"style-css-av-bmlsk-a07c9cdb161dff0da35e56ee78edab12\">\n#top .hr.hr-invisible.av-bmlsk-a07c9cdb161dff0da35e56ee78edab12{\nheight:20px;\n}\n<\/style>\n<div  class='hr av-bmlsk-a07c9cdb161dff0da35e56ee78edab12 hr-invisible  avia-builder-el-18  el_after_av_textblock  el_before_av_textblock '><span class='hr-inner '><span class=\"hr-inner-style\"><\/span><\/span><\/div><br \/>\n\n<style type=\"text\/css\" data-created_by=\"avia_inline_auto\" id=\"style-css-av-t1nv8-37d51a84710bc03652d5cc900fb2b0ec\">\n#top .av_textblock_section.av-t1nv8-37d51a84710bc03652d5cc900fb2b0ec .avia_textblock{\ncolor:#1d1d1b;\n}\n<\/style>\n<section  class='av_textblock_section av-t1nv8-37d51a84710bc03652d5cc900fb2b0ec '   itemscope=\"itemscope\" itemtype=\"https:\/\/schema.org\/CreativeWork\" ><div class='avia_textblock av_inherit_color'  itemprop=\"text\" ><p><strong>Leer m\u00e1s en:<\/strong><\/p>\n<\/div><\/section><br \/>\n<div  id=\"verde\"  class='avia-button-wrap av-e1u84-30d8f1af4379011e74438a85f241c29d-wrap avia-button-left  avia-builder-el-20  el_after_av_textblock  el_before_av_hr '>\n<style type=\"text\/css\" data-created_by=\"avia_inline_auto\" id=\"style-css-av-e1u84-30d8f1af4379011e74438a85f241c29d\">\n#top #wrap_all .avia-button.av-e1u84-30d8f1af4379011e74438a85f241c29d{\nbox-shadow:none;\ntransition:all 0.4s ease-in-out;\n}\n<\/style>\n<a href='https:\/\/www.fundacioimpulsa.org\/es\/accions-solidaries\/'  class='avia-button av-e1u84-30d8f1af4379011e74438a85f241c29d av-link-btn avia-icon_select-no avia-size-large avia-position-left avia-color-theme-color'   aria-label=\"Protagonistas Impulsa\"><span class='avia_iconbox_title' >Protagonistas Impulsa<\/span><\/a><\/div><br \/>\n\n<style type=\"text\/css\" data-created_by=\"avia_inline_auto\" id=\"style-css-av-sbcc4-1ef55161c6cfb555ef2bab389a807b81\">\n#top .hr.hr-invisible.av-sbcc4-1ef55161c6cfb555ef2bab389a807b81{\nheight:30px;\n}\n<\/style>\n<div  class='hr av-sbcc4-1ef55161c6cfb555ef2bab389a807b81 hr-invisible  avia-builder-el-21  el_after_av_button  avia-builder-el-last '><span class='hr-inner '><span class=\"hr-inner-style\"><\/span><\/span><\/div><\/p><\/div><div class='av-flex-placeholder'><\/div>\n<style type=\"text\/css\" data-created_by=\"avia_inline_auto\" id=\"style-css-av-kzwlfdk3-a8758ffab7373277f682b1548772555d\">\n.flex_column.av-kzwlfdk3-a8758ffab7373277f682b1548772555d{\npadding:50px 0 0 0;\nbackground:url(https:\/\/www.fundacioimpulsa.org\/wp-content\/uploads\/2022\/07\/foto-judithreyes.png) 50% 100% no-repeat scroll ;\n}\n<\/style>\n<div  class='flex_column av-kzwlfdk3-a8758ffab7373277f682b1548772555d av_one_half  avia-builder-el-22  el_after_av_one_half  avia-builder-el-last  flex_column_table_cell av-equal-height-column av-align-bottom  '     ><style type=\"text\/css\" data-created_by=\"avia_inline_auto\" id=\"style-css-av-7o790-6c8f1cac5da066f24984d48703b3ef88\">\n#top .hr.hr-invisible.av-7o790-6c8f1cac5da066f24984d48703b3ef88{\nheight:450px;\n}\n<\/style>\n<div  class='hr av-7o790-6c8f1cac5da066f24984d48703b3ef88 hr-invisible  avia-builder-el-23  avia-builder-el-no-sibling '><span class='hr-inner '><span class=\"hr-inner-style\"><\/span><\/span><\/div><\/div><\/div><!--close column table wrapper. Autoclose: 1 -->\n\n<\/div><\/div><\/div><!-- close content main div --><\/div><\/div>\n<style type=\"text\/css\" data-created_by=\"avia_inline_auto\" id=\"style-css-av-l32r5m15-c5502b43f2db900d4217d6fae454b059\">\n.avia-section.av-l32r5m15-c5502b43f2db900d4217d6fae454b059{\nbackground-color:#f6f6f4;\nbackground-image:unset;\nmargin-top:0px;\nmargin-bottom:0px;\n}\n<\/style>\n<div id='av_section_4'  class='avia-section av-l32r5m15-c5502b43f2db900d4217d6fae454b059 main_color avia-section-large avia-no-border-styling  avia-builder-el-24  el_after_av_section  avia-builder-el-last  avia-bg-style-scroll container_wrap fullsize'  ><div class='container av-section-cont-open' ><div class='template-page content  av-content-full alpha units'><div class='post-entry post-entry-type-page post-entry-5630'><div class='entry-content-wrapper clearfix'>\n\n<style type=\"text\/css\" data-created_by=\"avia_inline_auto\" id=\"style-css-av-799fw-68e3edb5e9d2c6fe8b75668fb51a116a\">\n#top .hr.hr-invisible.av-799fw-68e3edb5e9d2c6fe8b75668fb51a116a{\nheight:20px;\n}\n<\/style>\n<div  class='hr av-799fw-68e3edb5e9d2c6fe8b75668fb51a116a hr-invisible  avia-builder-el-25  el_before_av_one_full  avia-builder-el-first '><span class='hr-inner '><span class=\"hr-inner-style\"><\/span><\/span><\/div>\n\n<style type=\"text\/css\" data-created_by=\"avia_inline_auto\" id=\"style-css-av-mkg18-177ca86b19675a4897d53b6af67a0fcc\">\n#top .flex_column.av-mkg18-177ca86b19675a4897d53b6af67a0fcc{\nmargin-top:20px;\nmargin-bottom:20px;\n}\n.flex_column.av-mkg18-177ca86b19675a4897d53b6af67a0fcc{\npadding:0 30px 0 30px;\n}\n.responsive #top #wrap_all .flex_column.av-mkg18-177ca86b19675a4897d53b6af67a0fcc{\nmargin-top:20px;\nmargin-bottom:20px;\n}\n<\/style>\n<div  class='flex_column av-mkg18-177ca86b19675a4897d53b6af67a0fcc av_one_full  avia-builder-el-26  el_after_av_hr  el_before_av_hr  first flex_column_div  '     ><div  class='avia-video av-gkv8c-d6ec045a0af90b626d54e08918f36dc1 avia-video-16-9 av-no-preview-image avia-video-load-always av-lazyload-immediate av-lazyload-video-embed'  itemprop=\"video\" itemtype=\"https:\/\/schema.org\/VideoObject\"  data-original_url='https:\/\/youtu.be\/q-vJYffSe1M'><script type='text\/html' class='av-video-tmpl'><div class='avia-iframe-wrap'><iframe loading=\"lazy\" title=\"Vi\u0301deo corporatiu Fundaci\u00f3 Impulsa\" width=\"1500\" height=\"844\" src=\"https:\/\/www.youtube.com\/embed\/q-vJYffSe1M?feature=oembed&autoplay=0&loop=0&controls=1&mute=0\" frameborder=\"0\" allow=\"accelerometer; autoplay; clipboard-write; encrypted-media; gyroscope; picture-in-picture; web-share\" referrerpolicy=\"strict-origin-when-cross-origin\" allowfullscreen><\/iframe><\/div><\/script><div class='av-click-to-play-overlay'><div class=\"avia_playpause_icon\"><\/div><\/div><\/div><\/div>\n<style type=\"text\/css\" data-created_by=\"avia_inline_auto\" id=\"style-css-av-6mews-362f27e53393f98f0eab576cd821f09f\">\n#top .hr.hr-invisible.av-6mews-362f27e53393f98f0eab576cd821f09f{\nheight:50px;\n}\n<\/style>\n<div  class='hr av-6mews-362f27e53393f98f0eab576cd821f09f hr-invisible  avia-builder-el-28  el_after_av_one_full  avia-builder-el-last '><span class='hr-inner '><span class=\"hr-inner-style\"><\/span><\/span><\/div>\n\n","protected":false},"excerpt":{"rendered":"","protected":false},"author":1,"featured_media":0,"parent":0,"menu_order":0,"comment_status":"closed","ping_status":"closed","template":"","meta":{"_acf_changed":false,"footnotes":""},"class_list":["post-5630","page","type-page","status-publish","hentry"],"acf":[],"yoast_head":"<!-- This site is optimized with the Yoast SEO plugin v27.5 - https:\/\/yoast.com\/product\/yoast-seo-wordpress\/ -->\n<title>Impulsa Crecimiento Humano - Fundacio Impulsa<\/title>\n<meta name=\"robots\" content=\"index, follow, max-snippet:-1, max-image-preview:large, max-video-preview:-1\" \/>\n<link rel=\"canonical\" href=\"https:\/\/www.fundacioimpulsa.org\/es\/impulsa-creixement-huma\/\" \/>\n<meta property=\"og:locale\" content=\"es_ES\" \/>\n<meta property=\"og:type\" content=\"article\" \/>\n<meta property=\"og:title\" content=\"Impulsa Crecimiento Humano - Fundacio Impulsa\" \/>\n<meta property=\"og:url\" content=\"https:\/\/www.fundacioimpulsa.org\/es\/impulsa-creixement-huma\/\" \/>\n<meta property=\"og:site_name\" content=\"Fundacio Impulsa\" \/>\n<meta property=\"article:modified_time\" content=\"2025-11-19T14:33:26+00:00\" \/>\n<meta name=\"twitter:card\" content=\"summary_large_image\" \/>\n<meta name=\"twitter:label1\" content=\"Tiempo de lectura\" \/>\n\t<meta name=\"twitter:data1\" content=\"2 minutos\" \/>\n<script type=\"application\/ld+json\" class=\"yoast-schema-graph\">{\"@context\":\"https:\\\/\\\/schema.org\",\"@graph\":[{\"@type\":\"WebPage\",\"@id\":\"https:\\\/\\\/www.fundacioimpulsa.org\\\/es\\\/impulsa-creixement-huma\\\/\",\"url\":\"https:\\\/\\\/www.fundacioimpulsa.org\\\/es\\\/impulsa-creixement-huma\\\/\",\"name\":\"Impulsa Crecimiento Humano - Fundacio Impulsa\",\"isPartOf\":{\"@id\":\"https:\\\/\\\/www.fundacioimpulsa.org\\\/es\\\/#website\"},\"datePublished\":\"2022-02-21T11:02:09+00:00\",\"dateModified\":\"2025-11-19T14:33:26+00:00\",\"breadcrumb\":{\"@id\":\"https:\\\/\\\/www.fundacioimpulsa.org\\\/es\\\/impulsa-creixement-huma\\\/#breadcrumb\"},\"inLanguage\":\"es\",\"potentialAction\":[{\"@type\":\"ReadAction\",\"target\":[\"https:\\\/\\\/www.fundacioimpulsa.org\\\/es\\\/impulsa-creixement-huma\\\/\"]}]},{\"@type\":\"BreadcrumbList\",\"@id\":\"https:\\\/\\\/www.fundacioimpulsa.org\\\/es\\\/impulsa-creixement-huma\\\/#breadcrumb\",\"itemListElement\":[{\"@type\":\"ListItem\",\"position\":1,\"name\":\"Inici\",\"item\":\"https:\\\/\\\/www.fundacioimpulsa.org\\\/es\\\/fundacio-impulsa\\\/\"},{\"@type\":\"ListItem\",\"position\":2,\"name\":\"Impulsa Crecimiento Humano\"}]},{\"@type\":\"WebSite\",\"@id\":\"https:\\\/\\\/www.fundacioimpulsa.org\\\/es\\\/#website\",\"url\":\"https:\\\/\\\/www.fundacioimpulsa.org\\\/es\\\/\",\"name\":\"Fundacio Impulsa\",\"description\":\"\",\"potentialAction\":[{\"@type\":\"SearchAction\",\"target\":{\"@type\":\"EntryPoint\",\"urlTemplate\":\"https:\\\/\\\/www.fundacioimpulsa.org\\\/es\\\/?s={search_term_string}\"},\"query-input\":{\"@type\":\"PropertyValueSpecification\",\"valueRequired\":true,\"valueName\":\"search_term_string\"}}],\"inLanguage\":\"es\"}]}<\/script>\n<!-- \/ Yoast SEO plugin. -->","yoast_head_json":{"title":"Impulsa Crecimiento Humano - Fundacio Impulsa","robots":{"index":"index","follow":"follow","max-snippet":"max-snippet:-1","max-image-preview":"max-image-preview:large","max-video-preview":"max-video-preview:-1"},"canonical":"https:\/\/www.fundacioimpulsa.org\/es\/impulsa-creixement-huma\/","og_locale":"es_ES","og_type":"article","og_title":"Impulsa Crecimiento Humano - Fundacio Impulsa","og_url":"https:\/\/www.fundacioimpulsa.org\/es\/impulsa-creixement-huma\/","og_site_name":"Fundacio Impulsa","article_modified_time":"2025-11-19T14:33:26+00:00","twitter_card":"summary_large_image","twitter_misc":{"Tiempo de lectura":"2 minutos"},"schema":{"@context":"https:\/\/schema.org","@graph":[{"@type":"WebPage","@id":"https:\/\/www.fundacioimpulsa.org\/es\/impulsa-creixement-huma\/","url":"https:\/\/www.fundacioimpulsa.org\/es\/impulsa-creixement-huma\/","name":"Impulsa Crecimiento Humano - Fundacio Impulsa","isPartOf":{"@id":"https:\/\/www.fundacioimpulsa.org\/es\/#website"},"datePublished":"2022-02-21T11:02:09+00:00","dateModified":"2025-11-19T14:33:26+00:00","breadcrumb":{"@id":"https:\/\/www.fundacioimpulsa.org\/es\/impulsa-creixement-huma\/#breadcrumb"},"inLanguage":"es","potentialAction":[{"@type":"ReadAction","target":["https:\/\/www.fundacioimpulsa.org\/es\/impulsa-creixement-huma\/"]}]},{"@type":"BreadcrumbList","@id":"https:\/\/www.fundacioimpulsa.org\/es\/impulsa-creixement-huma\/#breadcrumb","itemListElement":[{"@type":"ListItem","position":1,"name":"Inici","item":"https:\/\/www.fundacioimpulsa.org\/es\/fundacio-impulsa\/"},{"@type":"ListItem","position":2,"name":"Impulsa Crecimiento Humano"}]},{"@type":"WebSite","@id":"https:\/\/www.fundacioimpulsa.org\/es\/#website","url":"https:\/\/www.fundacioimpulsa.org\/es\/","name":"Fundacio Impulsa","description":"","potentialAction":[{"@type":"SearchAction","target":{"@type":"EntryPoint","urlTemplate":"https:\/\/www.fundacioimpulsa.org\/es\/?s={search_term_string}"},"query-input":{"@type":"PropertyValueSpecification","valueRequired":true,"valueName":"search_term_string"}}],"inLanguage":"es"}]}},"publishpress_future_action":{"enabled":false,"date":"2026-05-09 04:52:13","action":"change-status","newStatus":"draft","terms":[],"taxonomy":"translation_priority","extraData":[]},"publishpress_future_workflow_manual_trigger":{"enabledWorkflows":[]},"_links":{"self":[{"href":"https:\/\/www.fundacioimpulsa.org\/es\/wp-json\/wp\/v2\/pages\/5630","targetHints":{"allow":["GET"]}}],"collection":[{"href":"https:\/\/www.fundacioimpulsa.org\/es\/wp-json\/wp\/v2\/pages"}],"about":[{"href":"https:\/\/www.fundacioimpulsa.org\/es\/wp-json\/wp\/v2\/types\/page"}],"author":[{"embeddable":true,"href":"https:\/\/www.fundacioimpulsa.org\/es\/wp-json\/wp\/v2\/users\/1"}],"replies":[{"embeddable":true,"href":"https:\/\/www.fundacioimpulsa.org\/es\/wp-json\/wp\/v2\/comments?post=5630"}],"version-history":[{"count":14,"href":"https:\/\/www.fundacioimpulsa.org\/es\/wp-json\/wp\/v2\/pages\/5630\/revisions"}],"predecessor-version":[{"id":13752,"href":"https:\/\/www.fundacioimpulsa.org\/es\/wp-json\/wp\/v2\/pages\/5630\/revisions\/13752"}],"wp:attachment":[{"href":"https:\/\/www.fundacioimpulsa.org\/es\/wp-json\/wp\/v2\/media?parent=5630"}],"curies":[{"name":"wp","href":"https:\/\/api.w.org\/{rel}","templated":true}]}}