{"id":5656,"date":"2022-02-21T12:28:06","date_gmt":"2022-02-21T11:28:06","guid":{"rendered":"https:\/\/www.fundacioimpulsa.org\/impulsa-vida\/"},"modified":"2025-11-27T09:29:38","modified_gmt":"2025-11-27T08:29:38","slug":"impulsa-vida","status":"publish","type":"page","link":"https:\/\/www.fundacioimpulsa.org\/es\/impulsa-vida\/","title":{"rendered":"Impulsa Vida"},"content":{"rendered":"\n<style type=\"text\/css\" data-created_by=\"avia_inline_auto\" id=\"style-css-av-914u7-5930e77c52b7bdf3e507fdd3e63e4e62\">\n.avia-section.av-914u7-5930e77c52b7bdf3e507fdd3e63e4e62{\nbackground-color:#ffdd94;\nbackground-image:unset;\n}\n<\/style>\n<div id='av_section_1'  class='avia-section av-914u7-5930e77c52b7bdf3e507fdd3e63e4e62 main_color avia-section-default avia-no-border-styling  avia-builder-el-0  el_before_av_four_fifth  avia-builder-el-first  avia-bg-style-scroll container_wrap fullsize'  ><div class='container av-section-cont-open' ><main  role=\"main\" itemprop=\"mainContentOfPage\"  class='template-page content  av-content-full alpha units'><div class='post-entry post-entry-type-page post-entry-5656'><div class='entry-content-wrapper clearfix'>\n\n<style type=\"text\/css\" data-created_by=\"avia_inline_auto\" id=\"style-css-av-kzwm6t9w-167c22d55444fb853eda77a91e158b42\">\n#top .av-special-heading.av-kzwm6t9w-167c22d55444fb853eda77a91e158b42{\npadding-bottom:10px;\n}\nbody .av-special-heading.av-kzwm6t9w-167c22d55444fb853eda77a91e158b42 .av-special-heading-tag .heading-char{\nfont-size:25px;\n}\n.av-special-heading.av-kzwm6t9w-167c22d55444fb853eda77a91e158b42 .av-subheading{\nfont-size:15px;\n}\n<\/style>\n<div  class='av-special-heading av-kzwm6t9w-167c22d55444fb853eda77a91e158b42 av-special-heading-h3 blockquote modern-quote  avia-builder-el-1  avia-builder-el-no-sibling '><h3 class='av-special-heading-tag '  itemprop=\"headline\"  >Impulsa Vida<\/h3><div class=\"special-heading-border\"><div class=\"special-heading-inner-border\"><\/div><\/div><\/div>\n<\/div><\/div><\/main><!-- close content main element --><\/div><\/div><div id='after_section_1'  class='main_color av_default_container_wrap container_wrap fullsize'  ><div class='container av-section-cont-open' ><div class='template-page content  av-content-full alpha units'><div class='post-entry post-entry-type-page post-entry-5656'><div class='entry-content-wrapper clearfix'>\n<div  class='flex_column av-1s507-566fd418deae3ff7ef873803264f2f18 av_four_fifth  avia-builder-el-2  el_after_av_section  el_before_av_two_third  avia-builder-el-first  first flex_column_div  '     ><section  class='av_textblock_section av-l32ukkep-c8081cef2989fdc58d40e20927ec41c9 '   itemscope=\"itemscope\" itemtype=\"https:\/\/schema.org\/CreativeWork\" ><div class='avia_textblock'  itemprop=\"text\" ><h1>Ofrecemos apoyo puntual a los j\u00f3venes becados para que puedan seguir con sus estudios<\/h1>\n<\/div><\/section><\/div>\n\n<style type=\"text\/css\" data-created_by=\"avia_inline_auto\" id=\"style-css-av-b4pin-17aee9ffd6e33d845cdf36434dd09ff4\">\n#top .flex_column.av-b4pin-17aee9ffd6e33d845cdf36434dd09ff4{\nmargin-top:0px;\nmargin-bottom:0px;\n}\n.responsive #top #wrap_all .flex_column.av-b4pin-17aee9ffd6e33d845cdf36434dd09ff4{\nmargin-top:0px;\nmargin-bottom:0px;\n}\n<\/style>\n<div  class='flex_column av-b4pin-17aee9ffd6e33d845cdf36434dd09ff4 av_two_third  avia-builder-el-4  el_after_av_four_fifth  el_before_av_hr  first no_margin flex_column_div  '     ><section  class='av_textblock_section av-l32ukynu-cb37ece09e5b896b562381fa4cbacee3 '   itemscope=\"itemscope\" itemtype=\"https:\/\/schema.org\/CreativeWork\" ><div class='avia_textblock'  itemprop=\"text\" ><h6><strong>Programa dirigido a los j\u00f3venes becados que pasen por un per\u00edodo sobrevenido de dificultades econ\u00f3micas extremas i\/o emocionales que pueden poner en riesgo la continuidad en sus estudios.<\/strong><\/h6>\n<p>Desde la Fundaci\u00f3n Impulsa se les ofrece un apoyo econ\u00f3mico fijo para cubrir las necesidades b\u00e1sicas i\/o un acompa\u00f1amiento psicopedag\u00f3gico mas cercano e intensivo durante un per\u00edodo de tiempo determinado.<\/p>\n<p>Este seguimiento prev\u00e9 la acogida inicial de la situaci\u00f3n del joven, la movilizaci\u00f3n de los recursos necesarios para el abordaje de la situaci\u00f3n y, en caso que as\u00ed se considere, la valoraci\u00f3n por parte de un profesional de la psicolog\u00eda externo.<\/p>\n<\/div><\/section><\/div>\n\n<style type=\"text\/css\" data-created_by=\"avia_inline_auto\" id=\"style-css-av-ktn8v-912ff9f4fcccfd0d22f1838885ee2762\">\n#top .hr.hr-invisible.av-ktn8v-912ff9f4fcccfd0d22f1838885ee2762{\nheight:50px;\n}\n<\/style>\n<div  class='hr av-ktn8v-912ff9f4fcccfd0d22f1838885ee2762 hr-invisible  avia-builder-el-6  el_after_av_two_third  el_before_av_section  avia-builder-el-last '><span class='hr-inner '><span class=\"hr-inner-style\"><\/span><\/span><\/div>\n<\/div><\/div><\/div><!-- close content main div --><\/div><\/div>\n<style type=\"text\/css\" data-created_by=\"avia_inline_auto\" id=\"style-css-av-av_section-59094099056408b35d715a4eee7cd239\">\n.avia-section.av-av_section-59094099056408b35d715a4eee7cd239{\nbackground-color:#ddf7e4;\nbackground-image:url(https:\/\/www.fundacioimpulsa.org\/wp-content\/uploads\/2022\/02\/triangle-verd.png);\nbackground-repeat:no-repeat;\nbackground-position:100% 100%;\nbackground-attachment:scroll;\n}\n<\/style>\n<div id='av_section_2'  class='avia-section av-av_section-59094099056408b35d715a4eee7cd239 main_color avia-section-no-padding avia-no-border-styling  avia-builder-el-7  el_after_av_hr  el_before_av_section  avia-bg-style-scroll container_wrap fullsize'  data-section-bg-repeat='no-repeat'><div class='container av-section-cont-open' ><div class='template-page content  av-content-full alpha units'><div class='post-entry post-entry-type-page post-entry-5656'><div class='entry-content-wrapper clearfix'>\n<div class='flex_column_table av-av_one_half-7389f6782c15c73e3b6d2f7350ffdf51 sc-av_one_half av-equal-height-column-flextable'><div  class='flex_column av-av_one_half-7389f6782c15c73e3b6d2f7350ffdf51 av_one_half  avia-builder-el-8  el_before_av_one_half  avia-builder-el-first  first flex_column_table_cell av-equal-height-column av-align-bottom  '     ><section  class='av_textblock_section av-l7luo21r-5b7e108448cbe7889b75b411d2aa2c92 '   itemscope=\"itemscope\" itemtype=\"https:\/\/schema.org\/CreativeWork\" ><div class='avia_textblock'  itemprop=\"text\" ><h3 style=\"text-align: left;\">\u00abLos j\u00f3venes son los que deben girar la rueda y dar continuidad; son desarrollo, innovaci\u00f3n, apertura de mirada&#8230;\u00bb<\/h3>\n<\/div><\/section><br \/>\n\n<style type=\"text\/css\" data-created_by=\"avia_inline_auto\" id=\"style-css-av-av_hr-82f5be0ae0af6a64fe3091010b237709\">\n#top .hr.hr-invisible.av-av_hr-82f5be0ae0af6a64fe3091010b237709{\nheight:20px;\n}\n<\/style>\n<div  class='hr av-av_hr-82f5be0ae0af6a64fe3091010b237709 hr-invisible  avia-builder-el-10  el_after_av_textblock  el_before_av_textblock '><span class='hr-inner '><span class=\"hr-inner-style\"><\/span><\/span><\/div><br \/>\n\n<style type=\"text\/css\" data-created_by=\"avia_inline_auto\" id=\"style-css-av-l7luplom-ec8e06d0e0d94cad67827471a9bc54f8\">\n#top .av_textblock_section.av-l7luplom-ec8e06d0e0d94cad67827471a9bc54f8 .avia_textblock{\ncolor:#1d1d1b;\n}\n<\/style>\n<section  class='av_textblock_section av-l7luplom-ec8e06d0e0d94cad67827471a9bc54f8 '   itemscope=\"itemscope\" itemtype=\"https:\/\/schema.org\/CreativeWork\" ><div class='avia_textblock av_inherit_color'  itemprop=\"text\" ><p><strong>Daniel Cortina.<br \/>\n<\/strong>Director de Calidad y miembro del extended comit\u00e9 ejecutivo de SEAT-CUPRA. Mentor de diferentes impulsers de la Fundaci\u00f3n Impulsa<\/p>\n<\/div><\/section><br \/>\n\n<style type=\"text\/css\" data-created_by=\"avia_inline_auto\" id=\"style-css-av-av_hr-82f5be0ae0af6a64fe3091010b237709\">\n#top .hr.hr-invisible.av-av_hr-82f5be0ae0af6a64fe3091010b237709{\nheight:20px;\n}\n<\/style>\n<div  class='hr av-av_hr-82f5be0ae0af6a64fe3091010b237709 hr-invisible  avia-builder-el-12  el_after_av_textblock  el_before_av_textblock '><span class='hr-inner '><span class=\"hr-inner-style\"><\/span><\/span><\/div><br \/>\n\n<style type=\"text\/css\" data-created_by=\"avia_inline_auto\" id=\"style-css-av-l7lupvk5-85ec581d3bacb89a3dd6dcf4b0e6699c\">\n#top .av_textblock_section.av-l7lupvk5-85ec581d3bacb89a3dd6dcf4b0e6699c .avia_textblock{\ncolor:#1d1d1b;\n}\n<\/style>\n<section  class='av_textblock_section av-l7lupvk5-85ec581d3bacb89a3dd6dcf4b0e6699c '   itemscope=\"itemscope\" itemtype=\"https:\/\/schema.org\/CreativeWork\" ><div class='avia_textblock av_inherit_color'  itemprop=\"text\" ><p><strong>Leer m\u00e1s en:<\/strong><\/p>\n<\/div><\/section><br \/>\n<div  id=\"verde\"  class='avia-button-wrap av-l621xz1w-47542601fdfeb9e41f4bb23843cf6c34-wrap avia-button-left  avia-builder-el-14  el_after_av_textblock  el_before_av_hr '>\n<style type=\"text\/css\" data-created_by=\"avia_inline_auto\" id=\"style-css-av-l621xz1w-47542601fdfeb9e41f4bb23843cf6c34\">\n#top #wrap_all .avia-button.av-l621xz1w-47542601fdfeb9e41f4bb23843cf6c34{\nbox-shadow:none;\ntransition:all 0.4s ease-in-out;\n}\n<\/style>\n<a href='https:\/\/www.fundacioimpulsa.org\/els-clients-de-bonpreu-i-esclat-donen-59-000e-a-la-fundacio-impulsa\/'  class='avia-button av-l621xz1w-47542601fdfeb9e41f4bb23843cf6c34 av-link-btn avia-icon_select-no avia-size-large avia-position-left avia-color-theme-color'   aria-label=\"Protagonistas Impulsa\"><span class='avia_iconbox_title' >Protagonistas Impulsa<\/span><\/a><\/div><br \/>\n\n<style type=\"text\/css\" data-created_by=\"avia_inline_auto\" id=\"style-css-av-av_hr-4508713e17546aa7d4d0edcd26a171dc\">\n#top .hr.hr-invisible.av-av_hr-4508713e17546aa7d4d0edcd26a171dc{\nheight:30px;\n}\n<\/style>\n<div  class='hr av-av_hr-4508713e17546aa7d4d0edcd26a171dc hr-invisible  avia-builder-el-15  el_after_av_button  avia-builder-el-last '><span class='hr-inner '><span class=\"hr-inner-style\"><\/span><\/span><\/div><\/p><\/div><div class='av-flex-placeholder'><\/div>\n<style type=\"text\/css\" data-created_by=\"avia_inline_auto\" id=\"style-css-av-mih6ab7c-be6f864bc079cff2bf860f2199641b66\">\n.flex_column.av-mih6ab7c-be6f864bc079cff2bf860f2199641b66{\npadding:50px 0 0 0;\nbackground:url(https:\/\/www.fundacioimpulsa.org\/wp-content\/uploads\/2025\/11\/Portada-noti-Fundacio-Impulsa-4-768x530.png) 50% 100% no-repeat scroll ;\n}\n<\/style>\n<div  class='flex_column av-mih6ab7c-be6f864bc079cff2bf860f2199641b66 av_one_half  avia-builder-el-16  el_after_av_one_half  avia-builder-el-last  flex_column_table_cell av-equal-height-column av-align-bottom  '     ><style type=\"text\/css\" data-created_by=\"avia_inline_auto\" id=\"style-css-av-av_hr-2551062b3a31a4b962257fb38ce7d82a\">\n#top .hr.hr-invisible.av-av_hr-2551062b3a31a4b962257fb38ce7d82a{\nheight:450px;\n}\n<\/style>\n<div  class='hr av-av_hr-2551062b3a31a4b962257fb38ce7d82a hr-invisible  avia-builder-el-17  avia-builder-el-no-sibling '><span class='hr-inner '><span class=\"hr-inner-style\"><\/span><\/span><\/div><\/div><\/div><!--close column table wrapper. Autoclose: 1 --><\/div><\/div><\/div><!-- close content main div --><\/div><\/div>\n<style type=\"text\/css\" data-created_by=\"avia_inline_auto\" id=\"style-css-av-l32umasn-8afd305493d8ff0f511cfd68122e56db\">\n.avia-section.av-l32umasn-8afd305493d8ff0f511cfd68122e56db{\nbackground-color:#f6f6f4;\nbackground-image:unset;\nmargin-top:0px;\nmargin-bottom:0px;\n}\n<\/style>\n<div id='av_section_3'  class='avia-section av-l32umasn-8afd305493d8ff0f511cfd68122e56db main_color avia-section-large avia-no-border-styling  avia-builder-el-18  el_after_av_section  avia-builder-el-last  avia-bg-style-scroll container_wrap fullsize'  ><div class='container av-section-cont-open' ><div class='template-page content  av-content-full alpha units'><div class='post-entry post-entry-type-page post-entry-5656'><div class='entry-content-wrapper clearfix'>\n\n<style type=\"text\/css\" data-created_by=\"avia_inline_auto\" id=\"style-css-av-rtsen-25d0674a07affa5a1ef7416199c43fc9\">\n#top .hr.hr-invisible.av-rtsen-25d0674a07affa5a1ef7416199c43fc9{\nheight:20px;\n}\n<\/style>\n<div  class='hr av-rtsen-25d0674a07affa5a1ef7416199c43fc9 hr-invisible  avia-builder-el-19  el_before_av_one_full  avia-builder-el-first '><span class='hr-inner '><span class=\"hr-inner-style\"><\/span><\/span><\/div>\n\n<style type=\"text\/css\" data-created_by=\"avia_inline_auto\" id=\"style-css-av-lrsev-7865ffa9ebf3cc57527653b4793c77f2\">\n#top .flex_column.av-lrsev-7865ffa9ebf3cc57527653b4793c77f2{\nmargin-top:20px;\nmargin-bottom:20px;\n}\n.flex_column.av-lrsev-7865ffa9ebf3cc57527653b4793c77f2{\npadding:0 30px 0 30px;\n}\n.responsive #top #wrap_all .flex_column.av-lrsev-7865ffa9ebf3cc57527653b4793c77f2{\nmargin-top:20px;\nmargin-bottom:20px;\n}\n<\/style>\n<div  class='flex_column av-lrsev-7865ffa9ebf3cc57527653b4793c77f2 av_one_full  avia-builder-el-20  el_after_av_hr  el_before_av_hr  first flex_column_div  '     ><div  class='avia-video av-eqhl3-36eea49d0ec1a84acdd7a7079e37999f avia-video-16-9 av-no-preview-image avia-video-load-always av-lazyload-immediate av-lazyload-video-embed'  itemprop=\"video\" itemtype=\"https:\/\/schema.org\/VideoObject\"  data-original_url='https:\/\/youtu.be\/q-vJYffSe1M'><script type='text\/html' class='av-video-tmpl'><div class='avia-iframe-wrap'><iframe loading=\"lazy\" title=\"Vi\u0301deo corporatiu Fundaci\u00f3 Impulsa\" width=\"1500\" height=\"844\" src=\"https:\/\/www.youtube.com\/embed\/q-vJYffSe1M?feature=oembed&autoplay=0&loop=0&controls=1&mute=0\" frameborder=\"0\" allow=\"accelerometer; autoplay; clipboard-write; encrypted-media; gyroscope; picture-in-picture; web-share\" referrerpolicy=\"strict-origin-when-cross-origin\" allowfullscreen><\/iframe><\/div><\/script><div class='av-click-to-play-overlay'><div class=\"avia_playpause_icon\"><\/div><\/div><\/div><\/div>\n<style type=\"text\/css\" data-created_by=\"avia_inline_auto\" id=\"style-css-av-6qbcv-9bda9ad85871eda117a270dd7367bce2\">\n#top .hr.hr-invisible.av-6qbcv-9bda9ad85871eda117a270dd7367bce2{\nheight:50px;\n}\n<\/style>\n<div  class='hr av-6qbcv-9bda9ad85871eda117a270dd7367bce2 hr-invisible  avia-builder-el-22  el_after_av_one_full  avia-builder-el-last '><span class='hr-inner '><span class=\"hr-inner-style\"><\/span><\/span><\/div>\n<\/p>\n","protected":false},"excerpt":{"rendered":"","protected":false},"author":1,"featured_media":0,"parent":0,"menu_order":0,"comment_status":"closed","ping_status":"closed","template":"","meta":{"_acf_changed":false,"footnotes":""},"class_list":["post-5656","page","type-page","status-publish","hentry"],"acf":[],"yoast_head":"<!-- This site is optimized with the Yoast SEO plugin v27.5 - https:\/\/yoast.com\/product\/yoast-seo-wordpress\/ -->\n<title>Impulsa Vida - Fundacio Impulsa<\/title>\n<meta name=\"robots\" content=\"index, follow, max-snippet:-1, max-image-preview:large, max-video-preview:-1\" \/>\n<link rel=\"canonical\" href=\"https:\/\/www.fundacioimpulsa.org\/es\/impulsa-vida\/\" \/>\n<meta property=\"og:locale\" content=\"es_ES\" \/>\n<meta property=\"og:type\" content=\"article\" \/>\n<meta property=\"og:title\" content=\"Impulsa Vida - Fundacio Impulsa\" \/>\n<meta property=\"og:url\" content=\"https:\/\/www.fundacioimpulsa.org\/es\/impulsa-vida\/\" \/>\n<meta property=\"og:site_name\" content=\"Fundacio Impulsa\" \/>\n<meta property=\"article:modified_time\" content=\"2025-11-27T08:29:38+00:00\" \/>\n<meta name=\"twitter:card\" content=\"summary_large_image\" \/>\n<meta name=\"twitter:label1\" content=\"Tiempo de lectura\" \/>\n\t<meta name=\"twitter:data1\" content=\"1 minuto\" \/>\n<script type=\"application\/ld+json\" class=\"yoast-schema-graph\">{\"@context\":\"https:\\\/\\\/schema.org\",\"@graph\":[{\"@type\":\"WebPage\",\"@id\":\"https:\\\/\\\/www.fundacioimpulsa.org\\\/es\\\/impulsa-vida\\\/\",\"url\":\"https:\\\/\\\/www.fundacioimpulsa.org\\\/es\\\/impulsa-vida\\\/\",\"name\":\"Impulsa Vida - Fundacio Impulsa\",\"isPartOf\":{\"@id\":\"https:\\\/\\\/www.fundacioimpulsa.org\\\/es\\\/#website\"},\"datePublished\":\"2022-02-21T11:28:06+00:00\",\"dateModified\":\"2025-11-27T08:29:38+00:00\",\"breadcrumb\":{\"@id\":\"https:\\\/\\\/www.fundacioimpulsa.org\\\/es\\\/impulsa-vida\\\/#breadcrumb\"},\"inLanguage\":\"es\",\"potentialAction\":[{\"@type\":\"ReadAction\",\"target\":[\"https:\\\/\\\/www.fundacioimpulsa.org\\\/es\\\/impulsa-vida\\\/\"]}]},{\"@type\":\"BreadcrumbList\",\"@id\":\"https:\\\/\\\/www.fundacioimpulsa.org\\\/es\\\/impulsa-vida\\\/#breadcrumb\",\"itemListElement\":[{\"@type\":\"ListItem\",\"position\":1,\"name\":\"Inici\",\"item\":\"https:\\\/\\\/www.fundacioimpulsa.org\\\/es\\\/fundacio-impulsa\\\/\"},{\"@type\":\"ListItem\",\"position\":2,\"name\":\"Impulsa Vida\"}]},{\"@type\":\"WebSite\",\"@id\":\"https:\\\/\\\/www.fundacioimpulsa.org\\\/es\\\/#website\",\"url\":\"https:\\\/\\\/www.fundacioimpulsa.org\\\/es\\\/\",\"name\":\"Fundacio Impulsa\",\"description\":\"\",\"potentialAction\":[{\"@type\":\"SearchAction\",\"target\":{\"@type\":\"EntryPoint\",\"urlTemplate\":\"https:\\\/\\\/www.fundacioimpulsa.org\\\/es\\\/?s={search_term_string}\"},\"query-input\":{\"@type\":\"PropertyValueSpecification\",\"valueRequired\":true,\"valueName\":\"search_term_string\"}}],\"inLanguage\":\"es\"}]}<\/script>\n<!-- \/ Yoast SEO plugin. -->","yoast_head_json":{"title":"Impulsa Vida - Fundacio Impulsa","robots":{"index":"index","follow":"follow","max-snippet":"max-snippet:-1","max-image-preview":"max-image-preview:large","max-video-preview":"max-video-preview:-1"},"canonical":"https:\/\/www.fundacioimpulsa.org\/es\/impulsa-vida\/","og_locale":"es_ES","og_type":"article","og_title":"Impulsa Vida - Fundacio Impulsa","og_url":"https:\/\/www.fundacioimpulsa.org\/es\/impulsa-vida\/","og_site_name":"Fundacio Impulsa","article_modified_time":"2025-11-27T08:29:38+00:00","twitter_card":"summary_large_image","twitter_misc":{"Tiempo de lectura":"1 minuto"},"schema":{"@context":"https:\/\/schema.org","@graph":[{"@type":"WebPage","@id":"https:\/\/www.fundacioimpulsa.org\/es\/impulsa-vida\/","url":"https:\/\/www.fundacioimpulsa.org\/es\/impulsa-vida\/","name":"Impulsa Vida - Fundacio Impulsa","isPartOf":{"@id":"https:\/\/www.fundacioimpulsa.org\/es\/#website"},"datePublished":"2022-02-21T11:28:06+00:00","dateModified":"2025-11-27T08:29:38+00:00","breadcrumb":{"@id":"https:\/\/www.fundacioimpulsa.org\/es\/impulsa-vida\/#breadcrumb"},"inLanguage":"es","potentialAction":[{"@type":"ReadAction","target":["https:\/\/www.fundacioimpulsa.org\/es\/impulsa-vida\/"]}]},{"@type":"BreadcrumbList","@id":"https:\/\/www.fundacioimpulsa.org\/es\/impulsa-vida\/#breadcrumb","itemListElement":[{"@type":"ListItem","position":1,"name":"Inici","item":"https:\/\/www.fundacioimpulsa.org\/es\/fundacio-impulsa\/"},{"@type":"ListItem","position":2,"name":"Impulsa Vida"}]},{"@type":"WebSite","@id":"https:\/\/www.fundacioimpulsa.org\/es\/#website","url":"https:\/\/www.fundacioimpulsa.org\/es\/","name":"Fundacio Impulsa","description":"","potentialAction":[{"@type":"SearchAction","target":{"@type":"EntryPoint","urlTemplate":"https:\/\/www.fundacioimpulsa.org\/es\/?s={search_term_string}"},"query-input":{"@type":"PropertyValueSpecification","valueRequired":true,"valueName":"search_term_string"}}],"inLanguage":"es"}]}},"publishpress_future_action":{"enabled":false,"date":"2026-05-08 18:49:22","action":"change-status","newStatus":"draft","terms":[],"taxonomy":"translation_priority","extraData":[]},"publishpress_future_workflow_manual_trigger":{"enabledWorkflows":[]},"_links":{"self":[{"href":"https:\/\/www.fundacioimpulsa.org\/es\/wp-json\/wp\/v2\/pages\/5656","targetHints":{"allow":["GET"]}}],"collection":[{"href":"https:\/\/www.fundacioimpulsa.org\/es\/wp-json\/wp\/v2\/pages"}],"about":[{"href":"https:\/\/www.fundacioimpulsa.org\/es\/wp-json\/wp\/v2\/types\/page"}],"author":[{"embeddable":true,"href":"https:\/\/www.fundacioimpulsa.org\/es\/wp-json\/wp\/v2\/users\/1"}],"replies":[{"embeddable":true,"href":"https:\/\/www.fundacioimpulsa.org\/es\/wp-json\/wp\/v2\/comments?post=5656"}],"version-history":[{"count":15,"href":"https:\/\/www.fundacioimpulsa.org\/es\/wp-json\/wp\/v2\/pages\/5656\/revisions"}],"predecessor-version":[{"id":13864,"href":"https:\/\/www.fundacioimpulsa.org\/es\/wp-json\/wp\/v2\/pages\/5656\/revisions\/13864"}],"wp:attachment":[{"href":"https:\/\/www.fundacioimpulsa.org\/es\/wp-json\/wp\/v2\/media?parent=5656"}],"curies":[{"name":"wp","href":"https:\/\/api.w.org\/{rel}","templated":true}]}}