{"id":5673,"date":"2022-02-21T09:19:19","date_gmt":"2022-02-21T08:19:19","guid":{"rendered":"https:\/\/www.fundacioimpulsa.org\/noticies\/"},"modified":"2024-07-17T15:22:03","modified_gmt":"2024-07-17T13:22:03","slug":"noticies","status":"publish","type":"page","link":"https:\/\/www.fundacioimpulsa.org\/es\/noticies\/","title":{"rendered":"Noticias"},"content":{"rendered":"\n<style type=\"text\/css\" data-created_by=\"avia_inline_auto\" id=\"style-css-av-b95y4-fd5f81c1c5d94b21edfeb131ba682ee9\">\n.avia-section.av-b95y4-fd5f81c1c5d94b21edfeb131ba682ee9{\nbackground-color:#ffdd94;\nbackground-image:unset;\n}\n<\/style>\n<div id='av_section_1'  class='avia-section av-b95y4-fd5f81c1c5d94b21edfeb131ba682ee9 main_color avia-section-default avia-no-border-styling  avia-builder-el-0  el_before_av_blog  avia-builder-el-first  avia-bg-style-scroll container_wrap fullsize'  ><div class='container av-section-cont-open' ><main  role=\"main\" itemprop=\"mainContentOfPage\"  class='template-page content  av-content-full alpha units'><div class='post-entry post-entry-type-page post-entry-5673'><div class='entry-content-wrapper clearfix'>\n\n<style type=\"text\/css\" data-created_by=\"avia_inline_auto\" id=\"style-css-av-l0gr89k8-9999b8fca80ea43039fb160ecd817d43\">\n#top .av-special-heading.av-l0gr89k8-9999b8fca80ea43039fb160ecd817d43{\npadding-bottom:10px;\n}\nbody .av-special-heading.av-l0gr89k8-9999b8fca80ea43039fb160ecd817d43 .av-special-heading-tag .heading-char{\nfont-size:25px;\n}\n.av-special-heading.av-l0gr89k8-9999b8fca80ea43039fb160ecd817d43 .av-subheading{\nfont-size:15px;\n}\n<\/style>\n<div  class='av-special-heading av-l0gr89k8-9999b8fca80ea43039fb160ecd817d43 av-special-heading-h3 blockquote modern-quote  avia-builder-el-1  avia-builder-el-no-sibling '><h3 class='av-special-heading-tag '  itemprop=\"headline\"  >Noticias<\/h3><div class=\"special-heading-border\"><div class=\"special-heading-inner-border\"><\/div><\/div><\/div>\n<\/div><\/div><\/main><!-- close content main element --><\/div><\/div><div id='after_section_1'  class='main_color av_default_container_wrap container_wrap fullsize'  ><div class='container av-section-cont-open' ><div class='template-page content  av-content-full alpha units'><div class='post-entry post-entry-type-page post-entry-5673'><div class='entry-content-wrapper clearfix'>\n<div  data-slideshow-options=\"{&quot;animation&quot;:&quot;fade&quot;,&quot;autoplay&quot;:false,&quot;loop_autoplay&quot;:&quot;once&quot;,&quot;interval&quot;:5,&quot;loop_manual&quot;:&quot;manual-endless&quot;,&quot;autoplay_stopper&quot;:false,&quot;noNavigation&quot;:false,&quot;show_slide_delay&quot;:90}\" class='avia-content-slider avia-content-grid-active avia-content-slider1 avia-content-slider-odd  avia-builder-el-2  el_after_av_section  avia-builder-el-no-sibling  av-slideshow-ui av-control-default   av-no-slider-navigation av-slideshow-manual av-loop-once av-loop-manual-endless '  itemscope=\"itemscope\" itemtype=\"https:\/\/schema.org\/Blog\" ><div class=\"avia-content-slider-inner\"><div class=\"slide-entry-wrap\"><article class='slide-entry flex_column  post-entry post-entry-14669 slide-entry-overview slide-loop-1 slide-parity-odd  av_one_third first real-thumbnail posttype-post post-format-standard'  itemscope=\"itemscope\" itemtype=\"https:\/\/schema.org\/CreativeWork\" ><a href='https:\/\/www.fundacioimpulsa.org\/es\/la-fundacion-impulsa-celebra-la-10a-edicion-de-su-charla-divulgativa-con-jordi-bernabeu-centrada-en-el-impacto-de-la-inteligencia-artificial-en-la-adolescencia\/' data-rel='slide-1' class='slide-image' title='La Fundaci\u00f3n Impulsa celebra la 10a edici\u00f3n de su charla divulgativa con Jordi Bernabeu, centrada en el impacto de la inteligencia artificial en la adolescencia'><img decoding=\"async\" fetchpriority=\"high\" width=\"2188\" height=\"1509\" src=\"https:\/\/www.fundacioimpulsa.org\/wp-content\/uploads\/2026\/04\/Portada-noti-Fundacio-Impulsa-24.jpg\" class=\"wp-image-14664 avia-img-lazy-loading-not-14664 attachment-no scaling size-no scaling wp-post-image\" alt=\"\" srcset=\"https:\/\/www.fundacioimpulsa.org\/wp-content\/uploads\/2026\/04\/Portada-noti-Fundacio-Impulsa-24.jpg 2188w, https:\/\/www.fundacioimpulsa.org\/wp-content\/uploads\/2026\/04\/Portada-noti-Fundacio-Impulsa-24-300x207.jpg 300w, https:\/\/www.fundacioimpulsa.org\/wp-content\/uploads\/2026\/04\/Portada-noti-Fundacio-Impulsa-24-1030x710.jpg 1030w, https:\/\/www.fundacioimpulsa.org\/wp-content\/uploads\/2026\/04\/Portada-noti-Fundacio-Impulsa-24-768x530.jpg 768w, https:\/\/www.fundacioimpulsa.org\/wp-content\/uploads\/2026\/04\/Portada-noti-Fundacio-Impulsa-24-1536x1059.jpg 1536w, https:\/\/www.fundacioimpulsa.org\/wp-content\/uploads\/2026\/04\/Portada-noti-Fundacio-Impulsa-24-2048x1412.jpg 2048w, https:\/\/www.fundacioimpulsa.org\/wp-content\/uploads\/2026\/04\/Portada-noti-Fundacio-Impulsa-24-1500x1035.jpg 1500w, https:\/\/www.fundacioimpulsa.org\/wp-content\/uploads\/2026\/04\/Portada-noti-Fundacio-Impulsa-24-705x486.jpg 705w, https:\/\/www.fundacioimpulsa.org\/wp-content\/uploads\/2026\/04\/Portada-noti-Fundacio-Impulsa-24-306x211.jpg 306w\" sizes=\"(max-width: 2188px) 100vw, 2188px\" \/><\/a><div class=\"slide-content\"><header class=\"entry-content-header\" aria-label=\"Slide: La Fundaci\u00f3n Impulsa celebra la 10a edici\u00f3n de su charla divulgativa con Jordi Bernabeu, centrada en el impacto de la inteligencia artificial en la adolescencia\"><h3 class='slide-entry-title entry-title '  itemprop=\"headline\" ><a href='https:\/\/www.fundacioimpulsa.org\/es\/la-fundacion-impulsa-celebra-la-10a-edicion-de-su-charla-divulgativa-con-jordi-bernabeu-centrada-en-el-impacto-de-la-inteligencia-artificial-en-la-adolescencia\/' title='La Fundaci\u00f3n Impulsa celebra la 10a edici\u00f3n de su charla divulgativa con Jordi Bernabeu, centrada en el impacto de la inteligencia artificial en la adolescencia'>La Fundaci\u00f3n Impulsa celebra la 10a edici\u00f3n de su charla divulgativa con Jordi Bernabeu, centrada en el impacto de la inteligencia artificial en la adolescencia<\/a><\/h3><span class=\"av-vertical-delimiter\"><\/span><\/header><div class=\"slide-meta\"><time class='slide-meta-time updated'  itemprop=\"datePublished\" datetime=\"2026-04-21T19:33:56+02:00\" >21 de abril de 2026<\/time><\/div><div class='slide-entry-excerpt entry-content'  itemprop=\"text\" ><div class=\"post-tags\" style=\"display:block\"><p class=\"post-tags-inner\"><a href=\"  https:\/\/www.fundacioimpulsa.org\/es\/tag\/metodeimpulsa-es\/  \"><strong> #M\u00e8todeImpulsa <\/strong><\/a><br><\/p><\/div><div class=\"read-more-link\"><a href=\"https:\/\/www.fundacioimpulsa.org\/es\/la-fundacion-impulsa-celebra-la-10a-edicion-de-su-charla-divulgativa-con-jordi-bernabeu-centrada-en-el-impacto-de-la-inteligencia-artificial-en-la-adolescencia\/\" class=\"more-link\">Leer m\u00e1s<span class='more-link-arrow avia-svg-icon avia-font-svg_entypo-fontello' data-av_svg_icon='right-open-big' data-av_iconset='svg_entypo-fontello'><svg version=\"1.1\" xmlns=\"http:\/\/www.w3.org\/2000\/svg\" width=\"15\" height=\"32\" viewBox=\"0 0 15 32\" preserveAspectRatio=\"xMidYMid meet\" role=\"graphics-symbol\" aria-hidden=\"true\">\n<path d=\"M0.416 27.84l11.456-11.84-11.456-11.904q-0.832-0.832 0-1.536 0.832-0.832 1.536 0l12.544 12.608q0.768 0.832 0 1.6l-12.544 12.608q-0.704 0.832-1.536 0-0.832-0.704 0-1.536z\"><\/path>\n<\/svg><\/span><\/a><\/div><\/div><\/div><footer class=\"entry-footer\"><\/footer><span class='hidden'>\n\t\t\t\t<span class='av-structured-data'  itemprop=\"image\" itemscope=\"itemscope\" itemtype=\"https:\/\/schema.org\/ImageObject\" >\n\t\t\t\t\t\t<span itemprop='url'>https:\/\/www.fundacioimpulsa.org\/wp-content\/uploads\/2026\/04\/Portada-noti-Fundacio-Impulsa-24.jpg<\/span>\n\t\t\t\t\t\t<span itemprop='height'>1509<\/span>\n\t\t\t\t\t\t<span itemprop='width'>2188<\/span>\n\t\t\t\t<\/span>\n\t\t\t\t<span class='av-structured-data'  itemprop=\"publisher\" itemtype=\"https:\/\/schema.org\/Organization\" itemscope=\"itemscope\" >\n\t\t\t\t\t\t<span itemprop='name'>anna<\/span>\n\t\t\t\t\t\t<span itemprop='logo' itemscope itemtype='https:\/\/schema.org\/ImageObject'>\n\t\t\t\t\t\t\t<span itemprop='url'>https:\/\/www.fundacioimpulsa.org\/wp-content\/uploads\/2022\/10\/fundacioImpulsa-logoes.png<\/span>\n\t\t\t\t\t\t<\/span>\n\t\t\t\t<\/span><span class='av-structured-data'  itemprop=\"author\" itemscope=\"itemscope\" itemtype=\"https:\/\/schema.org\/Person\" ><span itemprop='name'>anna<\/span><\/span><span class='av-structured-data'  itemprop=\"datePublished\" datetime=\"2022-02-21T09:19:19+01:00\" >2026-04-21 19:33:56<\/span><span class='av-structured-data'  itemprop=\"dateModified\" itemtype=\"https:\/\/schema.org\/dateModified\" >2026-04-22 17:08:02<\/span><span class='av-structured-data'  itemprop=\"mainEntityOfPage\" itemtype=\"https:\/\/schema.org\/mainEntityOfPage\" ><span itemprop='name'>La Fundaci\u00f3n Impulsa celebra la 10a edici\u00f3n de su charla divulgativa con Jordi Bernabeu, centrada en el impacto de la inteligencia artificial en la adolescencia<\/span><\/span><\/span><\/article><article class='slide-entry flex_column  post-entry post-entry-14540 slide-entry-overview slide-loop-2 slide-parity-even  av_one_third  real-thumbnail posttype-post post-format-standard'  itemscope=\"itemscope\" itemtype=\"https:\/\/schema.org\/CreativeWork\" ><a href='https:\/\/www.fundacioimpulsa.org\/es\/conectamos-con-impuls_-visita-frime-para-conocer-de-cerca-su-modelo-empresarial-y-reforzar-el-vinculo-con-el-talento-joven\/' data-rel='slide-1' class='slide-image' title='Conectamos con Impuls_@ visita Frime para conocer de cerca su modelo empresarial y reforzar el v\u00ednculo con el talento joven'><img decoding=\"async\" fetchpriority=\"high\" width=\"700\" height=\"483\" src=\"https:\/\/www.fundacioimpulsa.org\/wp-content\/uploads\/2026\/04\/Portada-noti-Fundacio-Impulsa-15.jpg\" class=\"wp-image-14522 avia-img-lazy-loading-not-14522 attachment-no scaling size-no scaling wp-post-image\" alt=\"\" srcset=\"https:\/\/www.fundacioimpulsa.org\/wp-content\/uploads\/2026\/04\/Portada-noti-Fundacio-Impulsa-15.jpg 700w, https:\/\/www.fundacioimpulsa.org\/wp-content\/uploads\/2026\/04\/Portada-noti-Fundacio-Impulsa-15-300x207.jpg 300w, https:\/\/www.fundacioimpulsa.org\/wp-content\/uploads\/2026\/04\/Portada-noti-Fundacio-Impulsa-15-306x211.jpg 306w\" sizes=\"(max-width: 700px) 100vw, 700px\" \/><\/a><div class=\"slide-content\"><header class=\"entry-content-header\" aria-label=\"Slide: Conectamos con Impuls_@ visita Frime para conocer de cerca su modelo empresarial y reforzar el v\u00ednculo con el talento joven\"><h3 class='slide-entry-title entry-title '  itemprop=\"headline\" ><a href='https:\/\/www.fundacioimpulsa.org\/es\/conectamos-con-impuls_-visita-frime-para-conocer-de-cerca-su-modelo-empresarial-y-reforzar-el-vinculo-con-el-talento-joven\/' title='Conectamos con Impuls_@ visita Frime para conocer de cerca su modelo empresarial y reforzar el v\u00ednculo con el talento joven'>Conectamos con Impuls_@ visita Frime para conocer de cerca su modelo empresarial y reforzar el v\u00ednculo con el talento joven<\/a><\/h3><span class=\"av-vertical-delimiter\"><\/span><\/header><div class=\"slide-meta\"><time class='slide-meta-time updated'  itemprop=\"datePublished\" datetime=\"2026-04-08T09:06:23+02:00\" >8 de abril de 2026<\/time><\/div><div class='slide-entry-excerpt entry-content'  itemprop=\"text\" ><div class=\"post-tags\" style=\"display:block\"><p class=\"post-tags-inner\"><a href=\"  https:\/\/www.fundacioimpulsa.org\/es\/tag\/organitzacionsimpulsores-es\/  \"><strong> #OrganizacionesImpulsoras <\/strong><\/a><br><\/p><\/div><div class=\"read-more-link\"><a href=\"https:\/\/www.fundacioimpulsa.org\/es\/conectamos-con-impuls_-visita-frime-para-conocer-de-cerca-su-modelo-empresarial-y-reforzar-el-vinculo-con-el-talento-joven\/\" class=\"more-link\">Leer m\u00e1s<span class='more-link-arrow avia-svg-icon avia-font-svg_entypo-fontello' data-av_svg_icon='right-open-big' data-av_iconset='svg_entypo-fontello'><svg version=\"1.1\" xmlns=\"http:\/\/www.w3.org\/2000\/svg\" width=\"15\" height=\"32\" viewBox=\"0 0 15 32\" preserveAspectRatio=\"xMidYMid meet\" role=\"graphics-symbol\" aria-hidden=\"true\">\n<path d=\"M0.416 27.84l11.456-11.84-11.456-11.904q-0.832-0.832 0-1.536 0.832-0.832 1.536 0l12.544 12.608q0.768 0.832 0 1.6l-12.544 12.608q-0.704 0.832-1.536 0-0.832-0.704 0-1.536z\"><\/path>\n<\/svg><\/span><\/a><\/div><\/div><\/div><footer class=\"entry-footer\"><\/footer><span class='hidden'>\n\t\t\t\t<span class='av-structured-data'  itemprop=\"image\" itemscope=\"itemscope\" itemtype=\"https:\/\/schema.org\/ImageObject\" >\n\t\t\t\t\t\t<span itemprop='url'>https:\/\/www.fundacioimpulsa.org\/wp-content\/uploads\/2026\/04\/Portada-noti-Fundacio-Impulsa-15.jpg<\/span>\n\t\t\t\t\t\t<span itemprop='height'>483<\/span>\n\t\t\t\t\t\t<span itemprop='width'>700<\/span>\n\t\t\t\t<\/span>\n\t\t\t\t<span class='av-structured-data'  itemprop=\"publisher\" itemtype=\"https:\/\/schema.org\/Organization\" itemscope=\"itemscope\" >\n\t\t\t\t\t\t<span itemprop='name'>anna<\/span>\n\t\t\t\t\t\t<span itemprop='logo' itemscope itemtype='https:\/\/schema.org\/ImageObject'>\n\t\t\t\t\t\t\t<span itemprop='url'>https:\/\/www.fundacioimpulsa.org\/wp-content\/uploads\/2022\/10\/fundacioImpulsa-logoes.png<\/span>\n\t\t\t\t\t\t<\/span>\n\t\t\t\t<\/span><span class='av-structured-data'  itemprop=\"author\" itemscope=\"itemscope\" itemtype=\"https:\/\/schema.org\/Person\" ><span itemprop='name'>anna<\/span><\/span><span class='av-structured-data'  itemprop=\"datePublished\" datetime=\"2022-02-21T09:19:19+01:00\" >2026-04-08 09:06:23<\/span><span class='av-structured-data'  itemprop=\"dateModified\" itemtype=\"https:\/\/schema.org\/dateModified\" >2026-04-09 17:22:38<\/span><span class='av-structured-data'  itemprop=\"mainEntityOfPage\" itemtype=\"https:\/\/schema.org\/mainEntityOfPage\" ><span itemprop='name'>Conectamos con Impuls_@ visita Frime para conocer de cerca su modelo empresarial y reforzar el v\u00ednculo con el talento joven<\/span><\/span><\/span><\/article><article class='slide-entry flex_column  post-entry post-entry-14510 slide-entry-overview slide-loop-3 slide-parity-odd  av_one_third  real-thumbnail posttype-post post-format-standard'  itemscope=\"itemscope\" itemtype=\"https:\/\/schema.org\/CreativeWork\" ><a href='https:\/\/www.fundacioimpulsa.org\/es\/foment-del-treball-y-la-fundacio-impulsa-unen-esfuerzos-para-impulsar-el-talento-joven-a-traves-de-la-formacion-profesional\/' data-rel='slide-1' class='slide-image' title='Foment del Treball y la Fundaci\u00f3 Impulsa unen esfuerzos para impulsar el talento joven a trav\u00e9s de la Formaci\u00f3n Profesional'><img decoding=\"async\" fetchpriority=\"high\" width=\"2560\" height=\"1706\" src=\"https:\/\/www.fundacioimpulsa.org\/wp-content\/uploads\/2026\/04\/DSC_0030-scaled.jpg\" class=\"wp-image-14506 avia-img-lazy-loading-not-14506 attachment-no scaling size-no scaling wp-post-image\" alt=\"\" srcset=\"https:\/\/www.fundacioimpulsa.org\/wp-content\/uploads\/2026\/04\/DSC_0030-scaled.jpg 2560w, https:\/\/www.fundacioimpulsa.org\/wp-content\/uploads\/2026\/04\/DSC_0030-300x200.jpg 300w, https:\/\/www.fundacioimpulsa.org\/wp-content\/uploads\/2026\/04\/DSC_0030-1030x687.jpg 1030w, https:\/\/www.fundacioimpulsa.org\/wp-content\/uploads\/2026\/04\/DSC_0030-768x512.jpg 768w, https:\/\/www.fundacioimpulsa.org\/wp-content\/uploads\/2026\/04\/DSC_0030-1536x1024.jpg 1536w, https:\/\/www.fundacioimpulsa.org\/wp-content\/uploads\/2026\/04\/DSC_0030-2048x1365.jpg 2048w, https:\/\/www.fundacioimpulsa.org\/wp-content\/uploads\/2026\/04\/DSC_0030-1500x1000.jpg 1500w, https:\/\/www.fundacioimpulsa.org\/wp-content\/uploads\/2026\/04\/DSC_0030-705x470.jpg 705w, https:\/\/www.fundacioimpulsa.org\/wp-content\/uploads\/2026\/04\/DSC_0030-795x530.jpg 795w, https:\/\/www.fundacioimpulsa.org\/wp-content\/uploads\/2026\/04\/DSC_0030-315x211.jpg 315w\" sizes=\"(max-width: 2560px) 100vw, 2560px\" \/><\/a><div class=\"slide-content\"><header class=\"entry-content-header\" aria-label=\"Slide: Foment del Treball y la Fundaci\u00f3 Impulsa unen esfuerzos para impulsar el talento joven a trav\u00e9s de la Formaci\u00f3n Profesional\"><h3 class='slide-entry-title entry-title '  itemprop=\"headline\" ><a href='https:\/\/www.fundacioimpulsa.org\/es\/foment-del-treball-y-la-fundacio-impulsa-unen-esfuerzos-para-impulsar-el-talento-joven-a-traves-de-la-formacion-profesional\/' title='Foment del Treball y la Fundaci\u00f3 Impulsa unen esfuerzos para impulsar el talento joven a trav\u00e9s de la Formaci\u00f3n Profesional'>Foment del Treball y la Fundaci\u00f3 Impulsa unen esfuerzos para impulsar el talento joven a trav\u00e9s de la Formaci\u00f3n Profesional<\/a><\/h3><span class=\"av-vertical-delimiter\"><\/span><\/header><div class=\"slide-meta\"><time class='slide-meta-time updated'  itemprop=\"datePublished\" datetime=\"2026-04-01T06:40:21+02:00\" >1 de abril de 2026<\/time><\/div><div class='slide-entry-excerpt entry-content'  itemprop=\"text\" ><div class=\"read-more-link\"><a href=\"https:\/\/www.fundacioimpulsa.org\/es\/foment-del-treball-y-la-fundacio-impulsa-unen-esfuerzos-para-impulsar-el-talento-joven-a-traves-de-la-formacion-profesional\/\" class=\"more-link\">Leer m\u00e1s<span class='more-link-arrow avia-svg-icon avia-font-svg_entypo-fontello' data-av_svg_icon='right-open-big' data-av_iconset='svg_entypo-fontello'><svg version=\"1.1\" xmlns=\"http:\/\/www.w3.org\/2000\/svg\" width=\"15\" height=\"32\" viewBox=\"0 0 15 32\" preserveAspectRatio=\"xMidYMid meet\" role=\"graphics-symbol\" aria-hidden=\"true\">\n<path d=\"M0.416 27.84l11.456-11.84-11.456-11.904q-0.832-0.832 0-1.536 0.832-0.832 1.536 0l12.544 12.608q0.768 0.832 0 1.6l-12.544 12.608q-0.704 0.832-1.536 0-0.832-0.704 0-1.536z\"><\/path>\n<\/svg><\/span><\/a><\/div><\/div><\/div><footer class=\"entry-footer\"><\/footer><span class='hidden'>\n\t\t\t\t<span class='av-structured-data'  itemprop=\"image\" itemscope=\"itemscope\" itemtype=\"https:\/\/schema.org\/ImageObject\" >\n\t\t\t\t\t\t<span itemprop='url'>https:\/\/www.fundacioimpulsa.org\/wp-content\/uploads\/2026\/04\/DSC_0030-scaled.jpg<\/span>\n\t\t\t\t\t\t<span itemprop='height'>1706<\/span>\n\t\t\t\t\t\t<span itemprop='width'>2560<\/span>\n\t\t\t\t<\/span>\n\t\t\t\t<span class='av-structured-data'  itemprop=\"publisher\" itemtype=\"https:\/\/schema.org\/Organization\" itemscope=\"itemscope\" >\n\t\t\t\t\t\t<span itemprop='name'>anna<\/span>\n\t\t\t\t\t\t<span itemprop='logo' itemscope itemtype='https:\/\/schema.org\/ImageObject'>\n\t\t\t\t\t\t\t<span itemprop='url'>https:\/\/www.fundacioimpulsa.org\/wp-content\/uploads\/2022\/10\/fundacioImpulsa-logoes.png<\/span>\n\t\t\t\t\t\t<\/span>\n\t\t\t\t<\/span><span class='av-structured-data'  itemprop=\"author\" itemscope=\"itemscope\" itemtype=\"https:\/\/schema.org\/Person\" ><span itemprop='name'>anna<\/span><\/span><span class='av-structured-data'  itemprop=\"datePublished\" datetime=\"2022-02-21T09:19:19+01:00\" >2026-04-01 06:40:21<\/span><span class='av-structured-data'  itemprop=\"dateModified\" itemtype=\"https:\/\/schema.org\/dateModified\" >2026-04-01 17:28:39<\/span><span class='av-structured-data'  itemprop=\"mainEntityOfPage\" itemtype=\"https:\/\/schema.org\/mainEntityOfPage\" ><span itemprop='name'>Foment del Treball y la Fundaci\u00f3 Impulsa unen esfuerzos para impulsar el talento joven a trav\u00e9s de la Formaci\u00f3n Profesional<\/span><\/span><\/span><\/article><\/div><div class=\"slide-entry-wrap\"><article class='slide-entry flex_column  post-entry post-entry-14500 slide-entry-overview slide-loop-4 slide-parity-odd  av_one_third first real-thumbnail posttype-post post-format-standard'  itemscope=\"itemscope\" itemtype=\"https:\/\/schema.org\/CreativeWork\" ><a href='https:\/\/www.fundacioimpulsa.org\/es\/el-equipo-psicopedagogico-de-la-fundacion-elabora-recursos-trimestrales-de-apoyo-para-fortalecer-la-mentoria\/' data-rel='slide-1' class='slide-image' title='El equipo psicopedag\u00f3gico de la Fundaci\u00f3n elabora recursos trimestrales de apoyo para fortalecer la mentor\u00eda'><img decoding=\"async\" fetchpriority=\"high\" width=\"1600\" height=\"1200\" src=\"https:\/\/www.fundacioimpulsa.org\/wp-content\/uploads\/2026\/03\/PresentacioParelles_Osona-10.jpeg\" class=\"wp-image-14409 avia-img-lazy-loading-not-14409 attachment-no scaling size-no scaling wp-post-image\" alt=\"\" srcset=\"https:\/\/www.fundacioimpulsa.org\/wp-content\/uploads\/2026\/03\/PresentacioParelles_Osona-10.jpeg 1600w, https:\/\/www.fundacioimpulsa.org\/wp-content\/uploads\/2026\/03\/PresentacioParelles_Osona-10-300x225.jpeg 300w, https:\/\/www.fundacioimpulsa.org\/wp-content\/uploads\/2026\/03\/PresentacioParelles_Osona-10-1030x773.jpeg 1030w, https:\/\/www.fundacioimpulsa.org\/wp-content\/uploads\/2026\/03\/PresentacioParelles_Osona-10-768x576.jpeg 768w, https:\/\/www.fundacioimpulsa.org\/wp-content\/uploads\/2026\/03\/PresentacioParelles_Osona-10-1536x1152.jpeg 1536w, https:\/\/www.fundacioimpulsa.org\/wp-content\/uploads\/2026\/03\/PresentacioParelles_Osona-10-1500x1125.jpeg 1500w, https:\/\/www.fundacioimpulsa.org\/wp-content\/uploads\/2026\/03\/PresentacioParelles_Osona-10-705x529.jpeg 705w, https:\/\/www.fundacioimpulsa.org\/wp-content\/uploads\/2026\/03\/PresentacioParelles_Osona-10-707x530.jpeg 707w, https:\/\/www.fundacioimpulsa.org\/wp-content\/uploads\/2026\/03\/PresentacioParelles_Osona-10-281x211.jpeg 281w\" sizes=\"(max-width: 1600px) 100vw, 1600px\" \/><\/a><div class=\"slide-content\"><header class=\"entry-content-header\" aria-label=\"Slide: El equipo psicopedag\u00f3gico de la Fundaci\u00f3n elabora recursos trimestrales de apoyo para fortalecer la mentor\u00eda\"><h3 class='slide-entry-title entry-title '  itemprop=\"headline\" ><a href='https:\/\/www.fundacioimpulsa.org\/es\/el-equipo-psicopedagogico-de-la-fundacion-elabora-recursos-trimestrales-de-apoyo-para-fortalecer-la-mentoria\/' title='El equipo psicopedag\u00f3gico de la Fundaci\u00f3n elabora recursos trimestrales de apoyo para fortalecer la mentor\u00eda'>El equipo psicopedag\u00f3gico de la Fundaci\u00f3n elabora recursos trimestrales de apoyo para fortalecer la mentor\u00eda<\/a><\/h3><span class=\"av-vertical-delimiter\"><\/span><\/header><div class=\"slide-meta\"><time class='slide-meta-time updated'  itemprop=\"datePublished\" datetime=\"2026-03-25T06:49:27+01:00\" >25 de marzo de 2026<\/time><\/div><div class='slide-entry-excerpt entry-content'  itemprop=\"text\" ><div class=\"post-tags\" style=\"display:block\"><p class=\"post-tags-inner\"><a href=\"  https:\/\/www.fundacioimpulsa.org\/es\/tag\/mentoria-es\/  \"><strong> #Mentor\u00eda <\/strong><\/a><br><\/p><\/div><div class=\"read-more-link\"><a href=\"https:\/\/www.fundacioimpulsa.org\/es\/el-equipo-psicopedagogico-de-la-fundacion-elabora-recursos-trimestrales-de-apoyo-para-fortalecer-la-mentoria\/\" class=\"more-link\">Leer m\u00e1s<span class='more-link-arrow avia-svg-icon avia-font-svg_entypo-fontello' data-av_svg_icon='right-open-big' data-av_iconset='svg_entypo-fontello'><svg version=\"1.1\" xmlns=\"http:\/\/www.w3.org\/2000\/svg\" width=\"15\" height=\"32\" viewBox=\"0 0 15 32\" preserveAspectRatio=\"xMidYMid meet\" role=\"graphics-symbol\" aria-hidden=\"true\">\n<path d=\"M0.416 27.84l11.456-11.84-11.456-11.904q-0.832-0.832 0-1.536 0.832-0.832 1.536 0l12.544 12.608q0.768 0.832 0 1.6l-12.544 12.608q-0.704 0.832-1.536 0-0.832-0.704 0-1.536z\"><\/path>\n<\/svg><\/span><\/a><\/div><\/div><\/div><footer class=\"entry-footer\"><\/footer><span class='hidden'>\n\t\t\t\t<span class='av-structured-data'  itemprop=\"image\" itemscope=\"itemscope\" itemtype=\"https:\/\/schema.org\/ImageObject\" >\n\t\t\t\t\t\t<span itemprop='url'>https:\/\/www.fundacioimpulsa.org\/wp-content\/uploads\/2026\/03\/PresentacioParelles_Osona-10.jpeg<\/span>\n\t\t\t\t\t\t<span itemprop='height'>1200<\/span>\n\t\t\t\t\t\t<span itemprop='width'>1600<\/span>\n\t\t\t\t<\/span>\n\t\t\t\t<span class='av-structured-data'  itemprop=\"publisher\" itemtype=\"https:\/\/schema.org\/Organization\" itemscope=\"itemscope\" >\n\t\t\t\t\t\t<span itemprop='name'>anna<\/span>\n\t\t\t\t\t\t<span itemprop='logo' itemscope itemtype='https:\/\/schema.org\/ImageObject'>\n\t\t\t\t\t\t\t<span itemprop='url'>https:\/\/www.fundacioimpulsa.org\/wp-content\/uploads\/2022\/10\/fundacioImpulsa-logoes.png<\/span>\n\t\t\t\t\t\t<\/span>\n\t\t\t\t<\/span><span class='av-structured-data'  itemprop=\"author\" itemscope=\"itemscope\" itemtype=\"https:\/\/schema.org\/Person\" ><span itemprop='name'>anna<\/span><\/span><span class='av-structured-data'  itemprop=\"datePublished\" datetime=\"2022-02-21T09:19:19+01:00\" >2026-03-25 06:49:27<\/span><span class='av-structured-data'  itemprop=\"dateModified\" itemtype=\"https:\/\/schema.org\/dateModified\" >2026-03-30 17:04:26<\/span><span class='av-structured-data'  itemprop=\"mainEntityOfPage\" itemtype=\"https:\/\/schema.org\/mainEntityOfPage\" ><span itemprop='name'>El equipo psicopedag\u00f3gico de la Fundaci\u00f3n elabora recursos trimestrales de apoyo para fortalecer la mentor\u00eda<\/span><\/span><\/span><\/article><article class='slide-entry flex_column  post-entry post-entry-14496 slide-entry-overview slide-loop-5 slide-parity-even  av_one_third  real-thumbnail posttype-post post-format-standard'  itemscope=\"itemscope\" itemtype=\"https:\/\/schema.org\/CreativeWork\" ><a href='https:\/\/www.fundacioimpulsa.org\/es\/jovenes-impulsers-participan-en-una-formacion-sobre-estres-impulsada-por-la-fundacion-impulsa-y-el-programa-ocell-de-foc\/' data-rel='slide-1' class='slide-image' title='J\u00f3venes Impulsers participan en una formaci\u00f3n sobre estr\u00e9s impulsada por la Fundaci\u00f3n Impulsa y el programa Ocell de Foc'><img decoding=\"async\" fetchpriority=\"high\" width=\"1600\" height=\"1200\" src=\"https:\/\/www.fundacioimpulsa.org\/wp-content\/uploads\/2026\/03\/WhatsApp-Image-2026-02-09-at-9.39.52-AM-1.jpeg\" class=\"wp-image-14404 avia-img-lazy-loading-not-14404 attachment-no scaling size-no scaling wp-post-image\" alt=\"\" srcset=\"https:\/\/www.fundacioimpulsa.org\/wp-content\/uploads\/2026\/03\/WhatsApp-Image-2026-02-09-at-9.39.52-AM-1.jpeg 1600w, https:\/\/www.fundacioimpulsa.org\/wp-content\/uploads\/2026\/03\/WhatsApp-Image-2026-02-09-at-9.39.52-AM-1-300x225.jpeg 300w, https:\/\/www.fundacioimpulsa.org\/wp-content\/uploads\/2026\/03\/WhatsApp-Image-2026-02-09-at-9.39.52-AM-1-1030x773.jpeg 1030w, https:\/\/www.fundacioimpulsa.org\/wp-content\/uploads\/2026\/03\/WhatsApp-Image-2026-02-09-at-9.39.52-AM-1-768x576.jpeg 768w, https:\/\/www.fundacioimpulsa.org\/wp-content\/uploads\/2026\/03\/WhatsApp-Image-2026-02-09-at-9.39.52-AM-1-1536x1152.jpeg 1536w, https:\/\/www.fundacioimpulsa.org\/wp-content\/uploads\/2026\/03\/WhatsApp-Image-2026-02-09-at-9.39.52-AM-1-1500x1125.jpeg 1500w, https:\/\/www.fundacioimpulsa.org\/wp-content\/uploads\/2026\/03\/WhatsApp-Image-2026-02-09-at-9.39.52-AM-1-705x529.jpeg 705w, https:\/\/www.fundacioimpulsa.org\/wp-content\/uploads\/2026\/03\/WhatsApp-Image-2026-02-09-at-9.39.52-AM-1-707x530.jpeg 707w, https:\/\/www.fundacioimpulsa.org\/wp-content\/uploads\/2026\/03\/WhatsApp-Image-2026-02-09-at-9.39.52-AM-1-281x211.jpeg 281w\" sizes=\"(max-width: 1600px) 100vw, 1600px\" \/><\/a><div class=\"slide-content\"><header class=\"entry-content-header\" aria-label=\"Slide: J\u00f3venes Impulsers participan en una formaci\u00f3n sobre estr\u00e9s impulsada por la Fundaci\u00f3n Impulsa y el programa Ocell de Foc\"><h3 class='slide-entry-title entry-title '  itemprop=\"headline\" ><a href='https:\/\/www.fundacioimpulsa.org\/es\/jovenes-impulsers-participan-en-una-formacion-sobre-estres-impulsada-por-la-fundacion-impulsa-y-el-programa-ocell-de-foc\/' title='J\u00f3venes Impulsers participan en una formaci\u00f3n sobre estr\u00e9s impulsada por la Fundaci\u00f3n Impulsa y el programa Ocell de Foc'>J\u00f3venes Impulsers participan en una formaci\u00f3n sobre estr\u00e9s impulsada por la Fundaci\u00f3n Impulsa y el programa Ocell de Foc<\/a><\/h3><span class=\"av-vertical-delimiter\"><\/span><\/header><div class=\"slide-meta\"><time class='slide-meta-time updated'  itemprop=\"datePublished\" datetime=\"2026-03-25T06:43:25+01:00\" >25 de marzo de 2026<\/time><\/div><div class='slide-entry-excerpt entry-content'  itemprop=\"text\" ><div class=\"post-tags\" style=\"display:block\"><p class=\"post-tags-inner\"><a href=\"  https:\/\/www.fundacioimpulsa.org\/es\/tag\/formacio-es\/  \"><strong> #Formaci\u00f3n <\/strong><\/a><br><\/p><\/div><div class=\"read-more-link\"><a href=\"https:\/\/www.fundacioimpulsa.org\/es\/jovenes-impulsers-participan-en-una-formacion-sobre-estres-impulsada-por-la-fundacion-impulsa-y-el-programa-ocell-de-foc\/\" class=\"more-link\">Leer m\u00e1s<span class='more-link-arrow avia-svg-icon avia-font-svg_entypo-fontello' data-av_svg_icon='right-open-big' data-av_iconset='svg_entypo-fontello'><svg version=\"1.1\" xmlns=\"http:\/\/www.w3.org\/2000\/svg\" width=\"15\" height=\"32\" viewBox=\"0 0 15 32\" preserveAspectRatio=\"xMidYMid meet\" role=\"graphics-symbol\" aria-hidden=\"true\">\n<path d=\"M0.416 27.84l11.456-11.84-11.456-11.904q-0.832-0.832 0-1.536 0.832-0.832 1.536 0l12.544 12.608q0.768 0.832 0 1.6l-12.544 12.608q-0.704 0.832-1.536 0-0.832-0.704 0-1.536z\"><\/path>\n<\/svg><\/span><\/a><\/div><\/div><\/div><footer class=\"entry-footer\"><\/footer><span class='hidden'>\n\t\t\t\t<span class='av-structured-data'  itemprop=\"image\" itemscope=\"itemscope\" itemtype=\"https:\/\/schema.org\/ImageObject\" >\n\t\t\t\t\t\t<span itemprop='url'>https:\/\/www.fundacioimpulsa.org\/wp-content\/uploads\/2026\/03\/WhatsApp-Image-2026-02-09-at-9.39.52-AM-1.jpeg<\/span>\n\t\t\t\t\t\t<span itemprop='height'>1200<\/span>\n\t\t\t\t\t\t<span itemprop='width'>1600<\/span>\n\t\t\t\t<\/span>\n\t\t\t\t<span class='av-structured-data'  itemprop=\"publisher\" itemtype=\"https:\/\/schema.org\/Organization\" itemscope=\"itemscope\" >\n\t\t\t\t\t\t<span itemprop='name'>anna<\/span>\n\t\t\t\t\t\t<span itemprop='logo' itemscope itemtype='https:\/\/schema.org\/ImageObject'>\n\t\t\t\t\t\t\t<span itemprop='url'>https:\/\/www.fundacioimpulsa.org\/wp-content\/uploads\/2022\/10\/fundacioImpulsa-logoes.png<\/span>\n\t\t\t\t\t\t<\/span>\n\t\t\t\t<\/span><span class='av-structured-data'  itemprop=\"author\" itemscope=\"itemscope\" itemtype=\"https:\/\/schema.org\/Person\" ><span itemprop='name'>anna<\/span><\/span><span class='av-structured-data'  itemprop=\"datePublished\" datetime=\"2022-02-21T09:19:19+01:00\" >2026-03-25 06:43:25<\/span><span class='av-structured-data'  itemprop=\"dateModified\" itemtype=\"https:\/\/schema.org\/dateModified\" >2026-03-30 16:58:52<\/span><span class='av-structured-data'  itemprop=\"mainEntityOfPage\" itemtype=\"https:\/\/schema.org\/mainEntityOfPage\" ><span itemprop='name'>J\u00f3venes Impulsers participan en una formaci\u00f3n sobre estr\u00e9s impulsada por la Fundaci\u00f3n Impulsa y el programa Ocell de Foc<\/span><\/span><\/span><\/article><article class='slide-entry flex_column  post-entry post-entry-14369 slide-entry-overview slide-loop-6 slide-parity-odd  av_one_third  real-thumbnail posttype-post post-format-standard'  itemscope=\"itemscope\" itemtype=\"https:\/\/schema.org\/CreativeWork\" ><a href='https:\/\/www.fundacioimpulsa.org\/es\/impulsar-a-jovenes-con-talento-y-ganas-de-crecer-es-una-de-las-mejores-inversiones-que-podemos-hacer-como-sociedad-entrevista-josep-maria-baguda-sereno\/' data-rel='slide-1' class='slide-image' title='\u201cImpulsar a j\u00f3venes con talento y ganas de crecer es una de las mejores inversiones que podemos hacer como sociedad\u201d entrevista a Josep Maria Bagud\u00e0 Seren\u00f3'><img decoding=\"async\" fetchpriority=\"high\" width=\"700\" height=\"483\" src=\"https:\/\/www.fundacioimpulsa.org\/wp-content\/uploads\/2026\/03\/Protagonista-impulsa-Web.jpg\" class=\"wp-image-14366 avia-img-lazy-loading-not-14366 attachment-no scaling size-no scaling wp-post-image\" alt=\"\" srcset=\"https:\/\/www.fundacioimpulsa.org\/wp-content\/uploads\/2026\/03\/Protagonista-impulsa-Web.jpg 700w, https:\/\/www.fundacioimpulsa.org\/wp-content\/uploads\/2026\/03\/Protagonista-impulsa-Web-300x207.jpg 300w, https:\/\/www.fundacioimpulsa.org\/wp-content\/uploads\/2026\/03\/Protagonista-impulsa-Web-306x211.jpg 306w\" sizes=\"(max-width: 700px) 100vw, 700px\" \/><\/a><div class=\"slide-content\"><header class=\"entry-content-header\" aria-label=\"Slide: \u201cImpulsar a j\u00f3venes con talento y ganas de crecer es una de las mejores inversiones que podemos hacer como sociedad\u201d entrevista a Josep Maria Bagud\u00e0 Seren\u00f3\"><h3 class='slide-entry-title entry-title '  itemprop=\"headline\" ><a href='https:\/\/www.fundacioimpulsa.org\/es\/impulsar-a-jovenes-con-talento-y-ganas-de-crecer-es-una-de-las-mejores-inversiones-que-podemos-hacer-como-sociedad-entrevista-josep-maria-baguda-sereno\/' title='\u201cImpulsar a j\u00f3venes con talento y ganas de crecer es una de las mejores inversiones que podemos hacer como sociedad\u201d entrevista a Josep Maria Bagud\u00e0 Seren\u00f3'>\u201cImpulsar a j\u00f3venes con talento y ganas de crecer es una de las mejores inversiones que podemos hacer como sociedad\u201d entrevista a Josep Maria Bagud\u00e0 Seren\u00f3<\/a><\/h3><span class=\"av-vertical-delimiter\"><\/span><\/header><div class=\"slide-meta\"><time class='slide-meta-time updated'  itemprop=\"datePublished\" datetime=\"2026-03-21T11:00:41+01:00\" >21 de marzo de 2026<\/time><\/div><div class='slide-entry-excerpt entry-content'  itemprop=\"text\" ><div class=\"post-tags\" style=\"display:block\"><p class=\"post-tags-inner\"><a href=\"  https:\/\/www.fundacioimpulsa.org\/es\/tag\/protagonistesimpulsa-es\/  \"><strong> #ProtagonistasImpulsa <\/strong><\/a><br><\/p><\/div><div class=\"read-more-link\"><a href=\"https:\/\/www.fundacioimpulsa.org\/es\/impulsar-a-jovenes-con-talento-y-ganas-de-crecer-es-una-de-las-mejores-inversiones-que-podemos-hacer-como-sociedad-entrevista-josep-maria-baguda-sereno\/\" class=\"more-link\">Leer m\u00e1s<span class='more-link-arrow avia-svg-icon avia-font-svg_entypo-fontello' data-av_svg_icon='right-open-big' data-av_iconset='svg_entypo-fontello'><svg version=\"1.1\" xmlns=\"http:\/\/www.w3.org\/2000\/svg\" width=\"15\" height=\"32\" viewBox=\"0 0 15 32\" preserveAspectRatio=\"xMidYMid meet\" role=\"graphics-symbol\" aria-hidden=\"true\">\n<path d=\"M0.416 27.84l11.456-11.84-11.456-11.904q-0.832-0.832 0-1.536 0.832-0.832 1.536 0l12.544 12.608q0.768 0.832 0 1.6l-12.544 12.608q-0.704 0.832-1.536 0-0.832-0.704 0-1.536z\"><\/path>\n<\/svg><\/span><\/a><\/div><\/div><\/div><footer class=\"entry-footer\"><\/footer><span class='hidden'>\n\t\t\t\t<span class='av-structured-data'  itemprop=\"image\" itemscope=\"itemscope\" itemtype=\"https:\/\/schema.org\/ImageObject\" >\n\t\t\t\t\t\t<span itemprop='url'>https:\/\/www.fundacioimpulsa.org\/wp-content\/uploads\/2026\/03\/Protagonista-impulsa-Web.jpg<\/span>\n\t\t\t\t\t\t<span itemprop='height'>483<\/span>\n\t\t\t\t\t\t<span itemprop='width'>700<\/span>\n\t\t\t\t<\/span>\n\t\t\t\t<span class='av-structured-data'  itemprop=\"publisher\" itemtype=\"https:\/\/schema.org\/Organization\" itemscope=\"itemscope\" >\n\t\t\t\t\t\t<span itemprop='name'>anna<\/span>\n\t\t\t\t\t\t<span itemprop='logo' itemscope itemtype='https:\/\/schema.org\/ImageObject'>\n\t\t\t\t\t\t\t<span itemprop='url'>https:\/\/www.fundacioimpulsa.org\/wp-content\/uploads\/2022\/10\/fundacioImpulsa-logoes.png<\/span>\n\t\t\t\t\t\t<\/span>\n\t\t\t\t<\/span><span class='av-structured-data'  itemprop=\"author\" itemscope=\"itemscope\" itemtype=\"https:\/\/schema.org\/Person\" ><span itemprop='name'>anna<\/span><\/span><span class='av-structured-data'  itemprop=\"datePublished\" datetime=\"2022-02-21T09:19:19+01:00\" >2026-03-21 11:00:41<\/span><span class='av-structured-data'  itemprop=\"dateModified\" itemtype=\"https:\/\/schema.org\/dateModified\" >2026-03-20 13:21:17<\/span><span class='av-structured-data'  itemprop=\"mainEntityOfPage\" itemtype=\"https:\/\/schema.org\/mainEntityOfPage\" ><span itemprop='name'>\u201cImpulsar a j\u00f3venes con talento y ganas de crecer es una de las mejores inversiones que podemos hacer como sociedad\u201d entrevista a Josep Maria Bagud\u00e0 Seren\u00f3<\/span><\/span><\/span><\/article><\/div><div class=\"slide-entry-wrap\"><article class='slide-entry flex_column  post-entry post-entry-14360 slide-entry-overview slide-loop-7 slide-parity-odd  av_one_third first real-thumbnail posttype-post post-format-standard'  itemscope=\"itemscope\" itemtype=\"https:\/\/schema.org\/CreativeWork\" ><a href='https:\/\/www.fundacioimpulsa.org\/es\/georgina-comas-nueva-embajadora-de-la-fundacion-impulsa-en-la-selva\/' data-rel='slide-1' class='slide-image' title='Georgina Comas, nueva Embajadora de la Fundaci\u00f3n Impulsa en La Selva'><img decoding=\"async\" fetchpriority=\"high\" width=\"700\" height=\"483\" src=\"https:\/\/www.fundacioimpulsa.org\/wp-content\/uploads\/2026\/03\/Portada-noti-Fundacio-Impulsa-12.jpg\" class=\"wp-image-14349 avia-img-lazy-loading-not-14349 attachment-no scaling size-no scaling wp-post-image\" alt=\"\" srcset=\"https:\/\/www.fundacioimpulsa.org\/wp-content\/uploads\/2026\/03\/Portada-noti-Fundacio-Impulsa-12.jpg 700w, https:\/\/www.fundacioimpulsa.org\/wp-content\/uploads\/2026\/03\/Portada-noti-Fundacio-Impulsa-12-300x207.jpg 300w, https:\/\/www.fundacioimpulsa.org\/wp-content\/uploads\/2026\/03\/Portada-noti-Fundacio-Impulsa-12-306x211.jpg 306w\" sizes=\"(max-width: 700px) 100vw, 700px\" \/><\/a><div class=\"slide-content\"><header class=\"entry-content-header\" aria-label=\"Slide: Georgina Comas, nueva Embajadora de la Fundaci\u00f3n Impulsa en La Selva\"><h3 class='slide-entry-title entry-title '  itemprop=\"headline\" ><a href='https:\/\/www.fundacioimpulsa.org\/es\/georgina-comas-nueva-embajadora-de-la-fundacion-impulsa-en-la-selva\/' title='Georgina Comas, nueva Embajadora de la Fundaci\u00f3n Impulsa en La Selva'>Georgina Comas, nueva Embajadora de la Fundaci\u00f3n Impulsa en La Selva<\/a><\/h3><span class=\"av-vertical-delimiter\"><\/span><\/header><div class=\"slide-meta\"><time class='slide-meta-time updated'  itemprop=\"datePublished\" datetime=\"2026-03-16T09:00:00+01:00\" >16 de marzo de 2026<\/time><\/div><div class='slide-entry-excerpt entry-content'  itemprop=\"text\" ><div class=\"post-tags\" style=\"display:block\"><p class=\"post-tags-inner\"><a href=\"  https:\/\/www.fundacioimpulsa.org\/es\/tag\/organitzacionsimpulsores-es\/  \"><strong> #OrganizacionesImpulsoras <\/strong><\/a><br><\/p><\/div><div class=\"read-more-link\"><a href=\"https:\/\/www.fundacioimpulsa.org\/es\/georgina-comas-nueva-embajadora-de-la-fundacion-impulsa-en-la-selva\/\" class=\"more-link\">Leer m\u00e1s<span class='more-link-arrow avia-svg-icon avia-font-svg_entypo-fontello' data-av_svg_icon='right-open-big' data-av_iconset='svg_entypo-fontello'><svg version=\"1.1\" xmlns=\"http:\/\/www.w3.org\/2000\/svg\" width=\"15\" height=\"32\" viewBox=\"0 0 15 32\" preserveAspectRatio=\"xMidYMid meet\" role=\"graphics-symbol\" aria-hidden=\"true\">\n<path d=\"M0.416 27.84l11.456-11.84-11.456-11.904q-0.832-0.832 0-1.536 0.832-0.832 1.536 0l12.544 12.608q0.768 0.832 0 1.6l-12.544 12.608q-0.704 0.832-1.536 0-0.832-0.704 0-1.536z\"><\/path>\n<\/svg><\/span><\/a><\/div><\/div><\/div><footer class=\"entry-footer\"><\/footer><span class='hidden'>\n\t\t\t\t<span class='av-structured-data'  itemprop=\"image\" itemscope=\"itemscope\" itemtype=\"https:\/\/schema.org\/ImageObject\" >\n\t\t\t\t\t\t<span itemprop='url'>https:\/\/www.fundacioimpulsa.org\/wp-content\/uploads\/2026\/03\/Portada-noti-Fundacio-Impulsa-12.jpg<\/span>\n\t\t\t\t\t\t<span itemprop='height'>483<\/span>\n\t\t\t\t\t\t<span itemprop='width'>700<\/span>\n\t\t\t\t<\/span>\n\t\t\t\t<span class='av-structured-data'  itemprop=\"publisher\" itemtype=\"https:\/\/schema.org\/Organization\" itemscope=\"itemscope\" >\n\t\t\t\t\t\t<span itemprop='name'>anna<\/span>\n\t\t\t\t\t\t<span itemprop='logo' itemscope itemtype='https:\/\/schema.org\/ImageObject'>\n\t\t\t\t\t\t\t<span itemprop='url'>https:\/\/www.fundacioimpulsa.org\/wp-content\/uploads\/2022\/10\/fundacioImpulsa-logoes.png<\/span>\n\t\t\t\t\t\t<\/span>\n\t\t\t\t<\/span><span class='av-structured-data'  itemprop=\"author\" itemscope=\"itemscope\" itemtype=\"https:\/\/schema.org\/Person\" ><span itemprop='name'>anna<\/span><\/span><span class='av-structured-data'  itemprop=\"datePublished\" datetime=\"2022-02-21T09:19:19+01:00\" >2026-03-16 09:00:00<\/span><span class='av-structured-data'  itemprop=\"dateModified\" itemtype=\"https:\/\/schema.org\/dateModified\" >2026-03-19 08:30:59<\/span><span class='av-structured-data'  itemprop=\"mainEntityOfPage\" itemtype=\"https:\/\/schema.org\/mainEntityOfPage\" ><span itemprop='name'>Georgina Comas, nueva Embajadora de la Fundaci\u00f3n Impulsa en La Selva<\/span><\/span><\/span><\/article><article class='slide-entry flex_column  post-entry post-entry-14331 slide-entry-overview slide-loop-8 slide-parity-even  av_one_third  real-thumbnail posttype-post post-format-standard'  itemscope=\"itemscope\" itemtype=\"https:\/\/schema.org\/CreativeWork\" ><a href='https:\/\/www.fundacioimpulsa.org\/es\/el-patronato-los-embajadores-y-el-equipo-de-la-fundacion-impulsa-se-reunen-para-hacer-balance-y-trabajar-conjuntamente-las-lineas-de-futuro-de-la-entidad\/' data-rel='slide-1' class='slide-image' title='El Patronato, los Embajadores y el equipo de la Fundaci\u00f3n Impulsa se re\u00fanen para hacer balance y trabajar conjuntamente las l\u00edneas de futuro de la entidad'><img decoding=\"async\" fetchpriority=\"high\" width=\"700\" height=\"483\" src=\"https:\/\/www.fundacioimpulsa.org\/wp-content\/uploads\/2026\/03\/Portada-noti-Fundacio-Impulsa-10.jpg\" class=\"wp-image-14326 avia-img-lazy-loading-not-14326 attachment-no scaling size-no scaling wp-post-image\" alt=\"\" srcset=\"https:\/\/www.fundacioimpulsa.org\/wp-content\/uploads\/2026\/03\/Portada-noti-Fundacio-Impulsa-10.jpg 700w, https:\/\/www.fundacioimpulsa.org\/wp-content\/uploads\/2026\/03\/Portada-noti-Fundacio-Impulsa-10-300x207.jpg 300w, https:\/\/www.fundacioimpulsa.org\/wp-content\/uploads\/2026\/03\/Portada-noti-Fundacio-Impulsa-10-306x211.jpg 306w\" sizes=\"(max-width: 700px) 100vw, 700px\" \/><\/a><div class=\"slide-content\"><header class=\"entry-content-header\" aria-label=\"Slide: El Patronato, los Embajadores y el equipo de la Fundaci\u00f3n Impulsa se re\u00fanen para hacer balance y trabajar conjuntamente las l\u00edneas de futuro de la entidad\"><h3 class='slide-entry-title entry-title '  itemprop=\"headline\" ><a href='https:\/\/www.fundacioimpulsa.org\/es\/el-patronato-los-embajadores-y-el-equipo-de-la-fundacion-impulsa-se-reunen-para-hacer-balance-y-trabajar-conjuntamente-las-lineas-de-futuro-de-la-entidad\/' title='El Patronato, los Embajadores y el equipo de la Fundaci\u00f3n Impulsa se re\u00fanen para hacer balance y trabajar conjuntamente las l\u00edneas de futuro de la entidad'>El Patronato, los Embajadores y el equipo de la Fundaci\u00f3n Impulsa se re\u00fanen para hacer balance y trabajar conjuntamente las l\u00edneas de futuro de la entidad<\/a><\/h3><span class=\"av-vertical-delimiter\"><\/span><\/header><div class=\"slide-meta\"><time class='slide-meta-time updated'  itemprop=\"datePublished\" datetime=\"2026-03-06T16:40:17+01:00\" >6 de marzo de 2026<\/time><\/div><div class='slide-entry-excerpt entry-content'  itemprop=\"text\" ><div class=\"post-tags\" style=\"display:block\"><p class=\"post-tags-inner\"><a href=\"  https:\/\/www.fundacioimpulsa.org\/es\/tag\/metodeimpulsa-es\/  \"><strong> #M\u00e8todeImpulsa <\/strong><\/a><br><\/p><\/div><div class=\"read-more-link\"><a href=\"https:\/\/www.fundacioimpulsa.org\/es\/el-patronato-los-embajadores-y-el-equipo-de-la-fundacion-impulsa-se-reunen-para-hacer-balance-y-trabajar-conjuntamente-las-lineas-de-futuro-de-la-entidad\/\" class=\"more-link\">Leer m\u00e1s<span class='more-link-arrow avia-svg-icon avia-font-svg_entypo-fontello' data-av_svg_icon='right-open-big' data-av_iconset='svg_entypo-fontello'><svg version=\"1.1\" xmlns=\"http:\/\/www.w3.org\/2000\/svg\" width=\"15\" height=\"32\" viewBox=\"0 0 15 32\" preserveAspectRatio=\"xMidYMid meet\" role=\"graphics-symbol\" aria-hidden=\"true\">\n<path d=\"M0.416 27.84l11.456-11.84-11.456-11.904q-0.832-0.832 0-1.536 0.832-0.832 1.536 0l12.544 12.608q0.768 0.832 0 1.6l-12.544 12.608q-0.704 0.832-1.536 0-0.832-0.704 0-1.536z\"><\/path>\n<\/svg><\/span><\/a><\/div><\/div><\/div><footer class=\"entry-footer\"><\/footer><span class='hidden'>\n\t\t\t\t<span class='av-structured-data'  itemprop=\"image\" itemscope=\"itemscope\" itemtype=\"https:\/\/schema.org\/ImageObject\" >\n\t\t\t\t\t\t<span itemprop='url'>https:\/\/www.fundacioimpulsa.org\/wp-content\/uploads\/2026\/03\/Portada-noti-Fundacio-Impulsa-10.jpg<\/span>\n\t\t\t\t\t\t<span itemprop='height'>483<\/span>\n\t\t\t\t\t\t<span itemprop='width'>700<\/span>\n\t\t\t\t<\/span>\n\t\t\t\t<span class='av-structured-data'  itemprop=\"publisher\" itemtype=\"https:\/\/schema.org\/Organization\" itemscope=\"itemscope\" >\n\t\t\t\t\t\t<span itemprop='name'>anna<\/span>\n\t\t\t\t\t\t<span itemprop='logo' itemscope itemtype='https:\/\/schema.org\/ImageObject'>\n\t\t\t\t\t\t\t<span itemprop='url'>https:\/\/www.fundacioimpulsa.org\/wp-content\/uploads\/2022\/10\/fundacioImpulsa-logoes.png<\/span>\n\t\t\t\t\t\t<\/span>\n\t\t\t\t<\/span><span class='av-structured-data'  itemprop=\"author\" itemscope=\"itemscope\" itemtype=\"https:\/\/schema.org\/Person\" ><span itemprop='name'>anna<\/span><\/span><span class='av-structured-data'  itemprop=\"datePublished\" datetime=\"2022-02-21T09:19:19+01:00\" >2026-03-06 16:40:17<\/span><span class='av-structured-data'  itemprop=\"dateModified\" itemtype=\"https:\/\/schema.org\/dateModified\" >2026-03-10 09:01:39<\/span><span class='av-structured-data'  itemprop=\"mainEntityOfPage\" itemtype=\"https:\/\/schema.org\/mainEntityOfPage\" ><span itemprop='name'>El Patronato, los Embajadores y el equipo de la Fundaci\u00f3n Impulsa se re\u00fanen para hacer balance y trabajar conjuntamente las l\u00edneas de futuro de la entidad<\/span><\/span><\/span><\/article><article class='slide-entry flex_column  post-entry post-entry-14295 slide-entry-overview slide-loop-9 slide-parity-odd  post-entry-last  av_one_third  real-thumbnail posttype-post post-format-standard'  itemscope=\"itemscope\" itemtype=\"https:\/\/schema.org\/CreativeWork\" ><a href='https:\/\/www.fundacioimpulsa.org\/es\/la-fundacion-impulsa-refuerza-su-arraigo-territorial-con-la-nueva-adhesion-al-programa-ocell-de-foc-en-el-girones-la-selva\/' data-rel='slide-1' class='slide-image' title='La Fundaci\u00f3n Impulsa refuerza su arraigo territorial con la nueva adhesi\u00f3n al programa Ocell de Foc en el Giron\u00e8s \u2013 La Selva'><img decoding=\"async\" fetchpriority=\"high\" width=\"700\" height=\"483\" src=\"https:\/\/www.fundacioimpulsa.org\/wp-content\/uploads\/2026\/02\/Portada-noti-Fundacio-Impulsa-8.jpg\" class=\"wp-image-14292 avia-img-lazy-loading-not-14292 attachment-no scaling size-no scaling wp-post-image\" alt=\"\" srcset=\"https:\/\/www.fundacioimpulsa.org\/wp-content\/uploads\/2026\/02\/Portada-noti-Fundacio-Impulsa-8.jpg 700w, https:\/\/www.fundacioimpulsa.org\/wp-content\/uploads\/2026\/02\/Portada-noti-Fundacio-Impulsa-8-300x207.jpg 300w, https:\/\/www.fundacioimpulsa.org\/wp-content\/uploads\/2026\/02\/Portada-noti-Fundacio-Impulsa-8-306x211.jpg 306w\" sizes=\"(max-width: 700px) 100vw, 700px\" \/><\/a><div class=\"slide-content\"><header class=\"entry-content-header\" aria-label=\"Slide: La Fundaci\u00f3n Impulsa refuerza su arraigo territorial con la nueva adhesi\u00f3n al programa Ocell de Foc en el Giron\u00e8s \u2013 La Selva\"><h3 class='slide-entry-title entry-title '  itemprop=\"headline\" ><a href='https:\/\/www.fundacioimpulsa.org\/es\/la-fundacion-impulsa-refuerza-su-arraigo-territorial-con-la-nueva-adhesion-al-programa-ocell-de-foc-en-el-girones-la-selva\/' title='La Fundaci\u00f3n Impulsa refuerza su arraigo territorial con la nueva adhesi\u00f3n al programa Ocell de Foc en el Giron\u00e8s \u2013 La Selva'>La Fundaci\u00f3n Impulsa refuerza su arraigo territorial con la nueva adhesi\u00f3n al programa Ocell de Foc en el Giron\u00e8s \u2013 La Selva<\/a><\/h3><span class=\"av-vertical-delimiter\"><\/span><\/header><div class=\"slide-meta\"><time class='slide-meta-time updated'  itemprop=\"datePublished\" datetime=\"2026-02-25T10:14:12+01:00\" >25 de febrero de 2026<\/time><\/div><div class='slide-entry-excerpt entry-content'  itemprop=\"text\" ><div class=\"post-tags\" style=\"display:block\"><p class=\"post-tags-inner\"><a href=\"  https:\/\/www.fundacioimpulsa.org\/es\/tag\/metodeimpulsa-es\/  \"><strong> #M\u00e8todeImpulsa <\/strong><\/a><br><\/p><\/div><div class=\"read-more-link\"><a href=\"https:\/\/www.fundacioimpulsa.org\/es\/la-fundacion-impulsa-refuerza-su-arraigo-territorial-con-la-nueva-adhesion-al-programa-ocell-de-foc-en-el-girones-la-selva\/\" class=\"more-link\">Leer m\u00e1s<span class='more-link-arrow avia-svg-icon avia-font-svg_entypo-fontello' data-av_svg_icon='right-open-big' data-av_iconset='svg_entypo-fontello'><svg version=\"1.1\" xmlns=\"http:\/\/www.w3.org\/2000\/svg\" width=\"15\" height=\"32\" viewBox=\"0 0 15 32\" preserveAspectRatio=\"xMidYMid meet\" role=\"graphics-symbol\" aria-hidden=\"true\">\n<path d=\"M0.416 27.84l11.456-11.84-11.456-11.904q-0.832-0.832 0-1.536 0.832-0.832 1.536 0l12.544 12.608q0.768 0.832 0 1.6l-12.544 12.608q-0.704 0.832-1.536 0-0.832-0.704 0-1.536z\"><\/path>\n<\/svg><\/span><\/a><\/div><\/div><\/div><footer class=\"entry-footer\"><\/footer><span class='hidden'>\n\t\t\t\t<span class='av-structured-data'  itemprop=\"image\" itemscope=\"itemscope\" itemtype=\"https:\/\/schema.org\/ImageObject\" >\n\t\t\t\t\t\t<span itemprop='url'>https:\/\/www.fundacioimpulsa.org\/wp-content\/uploads\/2026\/02\/Portada-noti-Fundacio-Impulsa-8.jpg<\/span>\n\t\t\t\t\t\t<span itemprop='height'>483<\/span>\n\t\t\t\t\t\t<span itemprop='width'>700<\/span>\n\t\t\t\t<\/span>\n\t\t\t\t<span class='av-structured-data'  itemprop=\"publisher\" itemtype=\"https:\/\/schema.org\/Organization\" itemscope=\"itemscope\" >\n\t\t\t\t\t\t<span itemprop='name'>anna<\/span>\n\t\t\t\t\t\t<span itemprop='logo' itemscope itemtype='https:\/\/schema.org\/ImageObject'>\n\t\t\t\t\t\t\t<span itemprop='url'>https:\/\/www.fundacioimpulsa.org\/wp-content\/uploads\/2022\/10\/fundacioImpulsa-logoes.png<\/span>\n\t\t\t\t\t\t<\/span>\n\t\t\t\t<\/span><span class='av-structured-data'  itemprop=\"author\" itemscope=\"itemscope\" itemtype=\"https:\/\/schema.org\/Person\" ><span itemprop='name'>anna<\/span><\/span><span class='av-structured-data'  itemprop=\"datePublished\" datetime=\"2022-02-21T09:19:19+01:00\" >2026-02-25 10:14:12<\/span><span class='av-structured-data'  itemprop=\"dateModified\" itemtype=\"https:\/\/schema.org\/dateModified\" >2026-02-25 12:44:36<\/span><span class='av-structured-data'  itemprop=\"mainEntityOfPage\" itemtype=\"https:\/\/schema.org\/mainEntityOfPage\" ><span itemprop='name'>La Fundaci\u00f3n Impulsa refuerza su arraigo territorial con la nueva adhesi\u00f3n al programa Ocell de Foc en el Giron\u00e8s \u2013 La Selva<\/span><\/span><\/span><\/article><\/div><\/div><div class='pagination-wrap pagination-slider'><nav class='pagination'><span class='pagination-meta'>P\u00e1gina 1 de 17<\/span><span class='current'>1<\/span><a href='https:\/\/www.fundacioimpulsa.org\/es\/wp-json\/wp\/v2\/pages\/5673\/?avia-element-paging=2' class='inactive next_page' >2<\/a><a href='https:\/\/www.fundacioimpulsa.org\/es\/wp-json\/wp\/v2\/pages\/5673\/?avia-element-paging=3' class='inactive' >3<\/a><a href='https:\/\/www.fundacioimpulsa.org\/es\/wp-json\/wp\/v2\/pages\/5673\/?avia-element-paging=2'>&rsaquo;<\/a><a href='https:\/\/www.fundacioimpulsa.org\/es\/wp-json\/wp\/v2\/pages\/5673\/?avia-element-paging=17'>&raquo;<\/a><\/nav>\n<\/div><\/div>\n","protected":false},"excerpt":{"rendered":"","protected":false},"author":1,"featured_media":0,"parent":0,"menu_order":0,"comment_status":"closed","ping_status":"closed","template":"","meta":{"_acf_changed":false,"footnotes":""},"class_list":["post-5673","page","type-page","status-publish","hentry"],"acf":[],"yoast_head":"<!-- This site is optimized with the Yoast SEO plugin v27.3 - https:\/\/yoast.com\/product\/yoast-seo-wordpress\/ -->\n<title>Noticias - Fundacio Impulsa<\/title>\n<meta name=\"robots\" content=\"index, follow, max-snippet:-1, max-image-preview:large, max-video-preview:-1\" \/>\n<link rel=\"canonical\" href=\"https:\/\/www.fundacioimpulsa.org\/es\/noticies\/\" \/>\n<meta property=\"og:locale\" content=\"es_ES\" \/>\n<meta property=\"og:type\" content=\"article\" \/>\n<meta property=\"og:title\" content=\"Noticias - Fundacio Impulsa\" \/>\n<meta property=\"og:url\" content=\"https:\/\/www.fundacioimpulsa.org\/es\/noticies\/\" \/>\n<meta property=\"og:site_name\" content=\"Fundacio Impulsa\" \/>\n<meta property=\"article:modified_time\" content=\"2024-07-17T13:22:03+00:00\" \/>\n<meta name=\"twitter:card\" content=\"summary_large_image\" \/>\n<meta name=\"twitter:label1\" content=\"Tiempo de lectura\" \/>\n\t<meta name=\"twitter:data1\" content=\"5 minutos\" \/>\n<script type=\"application\/ld+json\" class=\"yoast-schema-graph\">{\"@context\":\"https:\\\/\\\/schema.org\",\"@graph\":[{\"@type\":\"WebPage\",\"@id\":\"https:\\\/\\\/www.fundacioimpulsa.org\\\/es\\\/noticies\\\/\",\"url\":\"https:\\\/\\\/www.fundacioimpulsa.org\\\/es\\\/noticies\\\/\",\"name\":\"Noticias - Fundacio Impulsa\",\"isPartOf\":{\"@id\":\"https:\\\/\\\/www.fundacioimpulsa.org\\\/es\\\/#website\"},\"datePublished\":\"2022-02-21T08:19:19+00:00\",\"dateModified\":\"2024-07-17T13:22:03+00:00\",\"breadcrumb\":{\"@id\":\"https:\\\/\\\/www.fundacioimpulsa.org\\\/es\\\/noticies\\\/#breadcrumb\"},\"inLanguage\":\"es\",\"potentialAction\":[{\"@type\":\"ReadAction\",\"target\":[\"https:\\\/\\\/www.fundacioimpulsa.org\\\/es\\\/noticies\\\/\"]}]},{\"@type\":\"BreadcrumbList\",\"@id\":\"https:\\\/\\\/www.fundacioimpulsa.org\\\/es\\\/noticies\\\/#breadcrumb\",\"itemListElement\":[{\"@type\":\"ListItem\",\"position\":1,\"name\":\"Inici\",\"item\":\"https:\\\/\\\/www.fundacioimpulsa.org\\\/es\\\/fundacio-impulsa\\\/\"},{\"@type\":\"ListItem\",\"position\":2,\"name\":\"Noticias\"}]},{\"@type\":\"WebSite\",\"@id\":\"https:\\\/\\\/www.fundacioimpulsa.org\\\/es\\\/#website\",\"url\":\"https:\\\/\\\/www.fundacioimpulsa.org\\\/es\\\/\",\"name\":\"Fundacio Impulsa\",\"description\":\"\",\"potentialAction\":[{\"@type\":\"SearchAction\",\"target\":{\"@type\":\"EntryPoint\",\"urlTemplate\":\"https:\\\/\\\/www.fundacioimpulsa.org\\\/es\\\/?s={search_term_string}\"},\"query-input\":{\"@type\":\"PropertyValueSpecification\",\"valueRequired\":true,\"valueName\":\"search_term_string\"}}],\"inLanguage\":\"es\"}]}<\/script>\n<!-- \/ Yoast SEO plugin. -->","yoast_head_json":{"title":"Noticias - Fundacio Impulsa","robots":{"index":"index","follow":"follow","max-snippet":"max-snippet:-1","max-image-preview":"max-image-preview:large","max-video-preview":"max-video-preview:-1"},"canonical":"https:\/\/www.fundacioimpulsa.org\/es\/noticies\/","og_locale":"es_ES","og_type":"article","og_title":"Noticias - Fundacio Impulsa","og_url":"https:\/\/www.fundacioimpulsa.org\/es\/noticies\/","og_site_name":"Fundacio Impulsa","article_modified_time":"2024-07-17T13:22:03+00:00","twitter_card":"summary_large_image","twitter_misc":{"Tiempo de lectura":"5 minutos"},"schema":{"@context":"https:\/\/schema.org","@graph":[{"@type":"WebPage","@id":"https:\/\/www.fundacioimpulsa.org\/es\/noticies\/","url":"https:\/\/www.fundacioimpulsa.org\/es\/noticies\/","name":"Noticias - Fundacio Impulsa","isPartOf":{"@id":"https:\/\/www.fundacioimpulsa.org\/es\/#website"},"datePublished":"2022-02-21T08:19:19+00:00","dateModified":"2024-07-17T13:22:03+00:00","breadcrumb":{"@id":"https:\/\/www.fundacioimpulsa.org\/es\/noticies\/#breadcrumb"},"inLanguage":"es","potentialAction":[{"@type":"ReadAction","target":["https:\/\/www.fundacioimpulsa.org\/es\/noticies\/"]}]},{"@type":"BreadcrumbList","@id":"https:\/\/www.fundacioimpulsa.org\/es\/noticies\/#breadcrumb","itemListElement":[{"@type":"ListItem","position":1,"name":"Inici","item":"https:\/\/www.fundacioimpulsa.org\/es\/fundacio-impulsa\/"},{"@type":"ListItem","position":2,"name":"Noticias"}]},{"@type":"WebSite","@id":"https:\/\/www.fundacioimpulsa.org\/es\/#website","url":"https:\/\/www.fundacioimpulsa.org\/es\/","name":"Fundacio Impulsa","description":"","potentialAction":[{"@type":"SearchAction","target":{"@type":"EntryPoint","urlTemplate":"https:\/\/www.fundacioimpulsa.org\/es\/?s={search_term_string}"},"query-input":{"@type":"PropertyValueSpecification","valueRequired":true,"valueName":"search_term_string"}}],"inLanguage":"es"}]}},"publishpress_future_action":{"enabled":false,"date":"2026-05-06 02:37:14","action":"change-status","newStatus":"draft","terms":[],"taxonomy":"translation_priority","extraData":[]},"publishpress_future_workflow_manual_trigger":{"enabledWorkflows":[]},"_links":{"self":[{"href":"https:\/\/www.fundacioimpulsa.org\/es\/wp-json\/wp\/v2\/pages\/5673","targetHints":{"allow":["GET"]}}],"collection":[{"href":"https:\/\/www.fundacioimpulsa.org\/es\/wp-json\/wp\/v2\/pages"}],"about":[{"href":"https:\/\/www.fundacioimpulsa.org\/es\/wp-json\/wp\/v2\/types\/page"}],"author":[{"embeddable":true,"href":"https:\/\/www.fundacioimpulsa.org\/es\/wp-json\/wp\/v2\/users\/1"}],"replies":[{"embeddable":true,"href":"https:\/\/www.fundacioimpulsa.org\/es\/wp-json\/wp\/v2\/comments?post=5673"}],"version-history":[{"count":6,"href":"https:\/\/www.fundacioimpulsa.org\/es\/wp-json\/wp\/v2\/pages\/5673\/revisions"}],"predecessor-version":[{"id":11673,"href":"https:\/\/www.fundacioimpulsa.org\/es\/wp-json\/wp\/v2\/pages\/5673\/revisions\/11673"}],"wp:attachment":[{"href":"https:\/\/www.fundacioimpulsa.org\/es\/wp-json\/wp\/v2\/media?parent=5673"}],"curies":[{"name":"wp","href":"https:\/\/api.w.org\/{rel}","templated":true}]}}