{"id":5717,"date":"2022-02-21T09:19:37","date_gmt":"2022-02-21T08:19:37","guid":{"rendered":"https:\/\/www.fundacioimpulsa.org\/protagonistes-impulsa\/"},"modified":"2022-11-23T11:32:02","modified_gmt":"2022-11-23T10:32:02","slug":"protagonistes-impulsa","status":"publish","type":"page","link":"https:\/\/www.fundacioimpulsa.org\/es\/protagonistes-impulsa\/","title":{"rendered":"Protagonistas Impulsa"},"content":{"rendered":"\n<style type=\"text\/css\" data-created_by=\"avia_inline_auto\" id=\"style-css-av-8kaan-48945ee74b828a5074829e8c997b2505\">\n.avia-section.av-8kaan-48945ee74b828a5074829e8c997b2505{\nbackground-color:#ffdd94;\nbackground-image:unset;\n}\n<\/style>\n<div id='av_section_1'  class='avia-section av-8kaan-48945ee74b828a5074829e8c997b2505 main_color avia-section-default avia-no-border-styling  avia-builder-el-0  el_before_av_blog  avia-builder-el-first  avia-bg-style-scroll container_wrap fullsize'  ><div class='container av-section-cont-open' ><main  role=\"main\" itemprop=\"mainContentOfPage\"  class='template-page content  av-content-full alpha units'><div class='post-entry post-entry-type-page post-entry-5717'><div class='entry-content-wrapper clearfix'>\n\n<style type=\"text\/css\" data-created_by=\"avia_inline_auto\" id=\"style-css-av-kzwhaejd-2c4cab2c46a48bbf5a1818151990a19a\">\n#top .av-special-heading.av-kzwhaejd-2c4cab2c46a48bbf5a1818151990a19a{\npadding-bottom:10px;\n}\nbody .av-special-heading.av-kzwhaejd-2c4cab2c46a48bbf5a1818151990a19a .av-special-heading-tag .heading-char{\nfont-size:25px;\n}\n.av-special-heading.av-kzwhaejd-2c4cab2c46a48bbf5a1818151990a19a .av-subheading{\nfont-size:15px;\n}\n<\/style>\n<div  class='av-special-heading av-kzwhaejd-2c4cab2c46a48bbf5a1818151990a19a av-special-heading-h3 blockquote modern-quote  avia-builder-el-1  avia-builder-el-no-sibling '><h3 class='av-special-heading-tag '  itemprop=\"headline\"  >Protagonistas Impulsa<\/h3><div class=\"special-heading-border\"><div class=\"special-heading-inner-border\"><\/div><\/div><\/div>\n<\/div><\/div><\/main><!-- close content main element --><\/div><\/div><div id='after_section_1'  class='main_color av_default_container_wrap container_wrap fullsize'  ><div class='container av-section-cont-open' ><div class='template-page content  av-content-full alpha units'><div class='post-entry post-entry-type-page post-entry-5717'><div class='entry-content-wrapper clearfix'>\n<div  data-slideshow-options=\"{&quot;animation&quot;:&quot;fade&quot;,&quot;autoplay&quot;:false,&quot;loop_autoplay&quot;:&quot;once&quot;,&quot;interval&quot;:5,&quot;loop_manual&quot;:&quot;manual-endless&quot;,&quot;autoplay_stopper&quot;:false,&quot;noNavigation&quot;:false,&quot;show_slide_delay&quot;:90}\" class='avia-content-slider avia-content-grid-active avia-content-slider1 avia-content-slider-odd  avia-builder-el-2  el_after_av_section  avia-builder-el-no-sibling  av-slideshow-ui av-control-default   av-no-slider-navigation av-slideshow-manual av-loop-once av-loop-manual-endless '  itemscope=\"itemscope\" itemtype=\"https:\/\/schema.org\/Blog\" ><div class=\"avia-content-slider-inner\"><div class=\"slide-entry-wrap\"><article class='slide-entry flex_column  post-entry post-entry-14369 slide-entry-overview slide-loop-1 slide-parity-odd  av_one_third first real-thumbnail posttype-post post-format-standard'  itemscope=\"itemscope\" itemtype=\"https:\/\/schema.org\/CreativeWork\" ><a href='https:\/\/www.fundacioimpulsa.org\/es\/impulsar-a-jovenes-con-talento-y-ganas-de-crecer-es-una-de-las-mejores-inversiones-que-podemos-hacer-como-sociedad-entrevista-josep-maria-baguda-sereno\/' data-rel='slide-1' class='slide-image' title='\u201cImpulsar a j\u00f3venes con talento y ganas de crecer es una de las mejores inversiones que podemos hacer como sociedad\u201d entrevista a Josep Maria Bagud\u00e0 Seren\u00f3'><img decoding=\"async\" fetchpriority=\"high\" width=\"700\" height=\"483\" src=\"https:\/\/www.fundacioimpulsa.org\/wp-content\/uploads\/2026\/03\/Protagonista-impulsa-Web.jpg\" class=\"wp-image-14366 avia-img-lazy-loading-not-14366 attachment-no scaling size-no scaling wp-post-image\" alt=\"\" srcset=\"https:\/\/www.fundacioimpulsa.org\/wp-content\/uploads\/2026\/03\/Protagonista-impulsa-Web.jpg 700w, https:\/\/www.fundacioimpulsa.org\/wp-content\/uploads\/2026\/03\/Protagonista-impulsa-Web-300x207.jpg 300w, https:\/\/www.fundacioimpulsa.org\/wp-content\/uploads\/2026\/03\/Protagonista-impulsa-Web-306x211.jpg 306w\" sizes=\"(max-width: 700px) 100vw, 700px\" \/><\/a><div class=\"slide-content\"><header class=\"entry-content-header\" aria-label=\"Slide: \u201cImpulsar a j\u00f3venes con talento y ganas de crecer es una de las mejores inversiones que podemos hacer como sociedad\u201d entrevista a Josep Maria Bagud\u00e0 Seren\u00f3\"><h3 class='slide-entry-title entry-title '  itemprop=\"headline\" ><a href='https:\/\/www.fundacioimpulsa.org\/es\/impulsar-a-jovenes-con-talento-y-ganas-de-crecer-es-una-de-las-mejores-inversiones-que-podemos-hacer-como-sociedad-entrevista-josep-maria-baguda-sereno\/' title='\u201cImpulsar a j\u00f3venes con talento y ganas de crecer es una de las mejores inversiones que podemos hacer como sociedad\u201d entrevista a Josep Maria Bagud\u00e0 Seren\u00f3'>\u201cImpulsar a j\u00f3venes con talento y ganas de crecer es una de las mejores inversiones que podemos hacer como sociedad\u201d entrevista a Josep Maria Bagud\u00e0 Seren\u00f3<\/a><\/h3><span class=\"av-vertical-delimiter\"><\/span><\/header><div class=\"slide-meta\"><time class='slide-meta-time updated'  itemprop=\"datePublished\" datetime=\"2026-03-21T11:00:41+01:00\" >21 de marzo de 2026<\/time><\/div><div class='slide-entry-excerpt entry-content'  itemprop=\"text\" ><div class=\"post-tags\" style=\"display:block\"><p class=\"post-tags-inner\"><a href=\"  https:\/\/www.fundacioimpulsa.org\/es\/tag\/protagonistesimpulsa-es\/  \"><strong> #ProtagonistasImpulsa <\/strong><\/a><br><\/p><\/div><div class=\"read-more-link\"><a href=\"https:\/\/www.fundacioimpulsa.org\/es\/impulsar-a-jovenes-con-talento-y-ganas-de-crecer-es-una-de-las-mejores-inversiones-que-podemos-hacer-como-sociedad-entrevista-josep-maria-baguda-sereno\/\" class=\"more-link\">Leer m\u00e1s<span class='more-link-arrow avia-svg-icon avia-font-svg_entypo-fontello' data-av_svg_icon='right-open-big' data-av_iconset='svg_entypo-fontello'><svg version=\"1.1\" xmlns=\"http:\/\/www.w3.org\/2000\/svg\" width=\"15\" height=\"32\" viewBox=\"0 0 15 32\" preserveAspectRatio=\"xMidYMid meet\" role=\"graphics-symbol\" aria-hidden=\"true\">\n<path d=\"M0.416 27.84l11.456-11.84-11.456-11.904q-0.832-0.832 0-1.536 0.832-0.832 1.536 0l12.544 12.608q0.768 0.832 0 1.6l-12.544 12.608q-0.704 0.832-1.536 0-0.832-0.704 0-1.536z\"><\/path>\n<\/svg><\/span><\/a><\/div><\/div><\/div><footer class=\"entry-footer\"><\/footer><span class='hidden'>\n\t\t\t\t<span class='av-structured-data'  itemprop=\"image\" itemscope=\"itemscope\" itemtype=\"https:\/\/schema.org\/ImageObject\" >\n\t\t\t\t\t\t<span itemprop='url'>https:\/\/www.fundacioimpulsa.org\/wp-content\/uploads\/2026\/03\/Protagonista-impulsa-Web.jpg<\/span>\n\t\t\t\t\t\t<span itemprop='height'>483<\/span>\n\t\t\t\t\t\t<span itemprop='width'>700<\/span>\n\t\t\t\t<\/span>\n\t\t\t\t<span class='av-structured-data'  itemprop=\"publisher\" itemtype=\"https:\/\/schema.org\/Organization\" itemscope=\"itemscope\" >\n\t\t\t\t\t\t<span itemprop='name'>anna<\/span>\n\t\t\t\t\t\t<span itemprop='logo' itemscope itemtype='https:\/\/schema.org\/ImageObject'>\n\t\t\t\t\t\t\t<span itemprop='url'>https:\/\/www.fundacioimpulsa.org\/wp-content\/uploads\/2022\/10\/fundacioImpulsa-logoes.png<\/span>\n\t\t\t\t\t\t<\/span>\n\t\t\t\t<\/span><span class='av-structured-data'  itemprop=\"author\" itemscope=\"itemscope\" itemtype=\"https:\/\/schema.org\/Person\" ><span itemprop='name'>anna<\/span><\/span><span class='av-structured-data'  itemprop=\"datePublished\" datetime=\"2022-02-21T09:19:37+01:00\" >2026-03-21 11:00:41<\/span><span class='av-structured-data'  itemprop=\"dateModified\" itemtype=\"https:\/\/schema.org\/dateModified\" >2026-03-20 13:21:17<\/span><span class='av-structured-data'  itemprop=\"mainEntityOfPage\" itemtype=\"https:\/\/schema.org\/mainEntityOfPage\" ><span itemprop='name'>\u201cImpulsar a j\u00f3venes con talento y ganas de crecer es una de las mejores inversiones que podemos hacer como sociedad\u201d entrevista a Josep Maria Bagud\u00e0 Seren\u00f3<\/span><\/span><\/span><\/article><article class='slide-entry flex_column  post-entry post-entry-14202 slide-entry-overview slide-loop-2 slide-parity-even  av_one_third  real-thumbnail posttype-post post-format-standard'  itemscope=\"itemscope\" itemtype=\"https:\/\/schema.org\/CreativeWork\" ><a href='https:\/\/www.fundacioimpulsa.org\/es\/innovacion-prudencia-financiera-y-constancia-asi-te-conviertes-en-el-primer-comercializador-independiente-de-espana-entrevista-a-emili-rousaud-i-pares\/' data-rel='slide-1' class='slide-image' title='\u201cInnovaci\u00f3n, prudencia financiera y constancia: as\u00ed te conviertes en el primer comercializador independiente de Espa\u00f1a\u201d \u2014 entrevista a Emili Rousaud i Par\u00e9s'><img decoding=\"async\" fetchpriority=\"high\" width=\"700\" height=\"483\" src=\"https:\/\/www.fundacioimpulsa.org\/wp-content\/uploads\/2026\/02\/Portada-noti-Fundacio-Impulsa.jpg\" class=\"wp-image-14197 avia-img-lazy-loading-not-14197 attachment-no scaling size-no scaling wp-post-image\" alt=\"\" srcset=\"https:\/\/www.fundacioimpulsa.org\/wp-content\/uploads\/2026\/02\/Portada-noti-Fundacio-Impulsa.jpg 700w, https:\/\/www.fundacioimpulsa.org\/wp-content\/uploads\/2026\/02\/Portada-noti-Fundacio-Impulsa-300x207.jpg 300w, https:\/\/www.fundacioimpulsa.org\/wp-content\/uploads\/2026\/02\/Portada-noti-Fundacio-Impulsa-306x211.jpg 306w\" sizes=\"(max-width: 700px) 100vw, 700px\" \/><\/a><div class=\"slide-content\"><header class=\"entry-content-header\" aria-label=\"Slide: \u201cInnovaci\u00f3n, prudencia financiera y constancia: as\u00ed te conviertes en el primer comercializador independiente de Espa\u00f1a\u201d \u2014 entrevista a Emili Rousaud i Par\u00e9s\"><h3 class='slide-entry-title entry-title '  itemprop=\"headline\" ><a href='https:\/\/www.fundacioimpulsa.org\/es\/innovacion-prudencia-financiera-y-constancia-asi-te-conviertes-en-el-primer-comercializador-independiente-de-espana-entrevista-a-emili-rousaud-i-pares\/' title='\u201cInnovaci\u00f3n, prudencia financiera y constancia: as\u00ed te conviertes en el primer comercializador independiente de Espa\u00f1a\u201d \u2014 entrevista a Emili Rousaud i Par\u00e9s'>\u201cInnovaci\u00f3n, prudencia financiera y constancia: as\u00ed te conviertes en el primer comercializador independiente de Espa\u00f1a\u201d \u2014 entrevista a Emili Rousaud i Par\u00e9s<\/a><\/h3><span class=\"av-vertical-delimiter\"><\/span><\/header><div class=\"slide-meta\"><time class='slide-meta-time updated'  itemprop=\"datePublished\" datetime=\"2026-02-14T11:00:40+01:00\" >14 de febrero de 2026<\/time><\/div><div class='slide-entry-excerpt entry-content'  itemprop=\"text\" ><div class=\"post-tags\" style=\"display:block\"><p class=\"post-tags-inner\"><a href=\"  https:\/\/www.fundacioimpulsa.org\/es\/tag\/protagonistesimpulsa-es\/  \"><strong> #ProtagonistasImpulsa <\/strong><\/a><br><\/p><\/div><div class=\"read-more-link\"><a href=\"https:\/\/www.fundacioimpulsa.org\/es\/innovacion-prudencia-financiera-y-constancia-asi-te-conviertes-en-el-primer-comercializador-independiente-de-espana-entrevista-a-emili-rousaud-i-pares\/\" class=\"more-link\">Leer m\u00e1s<span class='more-link-arrow avia-svg-icon avia-font-svg_entypo-fontello' data-av_svg_icon='right-open-big' data-av_iconset='svg_entypo-fontello'><svg version=\"1.1\" xmlns=\"http:\/\/www.w3.org\/2000\/svg\" width=\"15\" height=\"32\" viewBox=\"0 0 15 32\" preserveAspectRatio=\"xMidYMid meet\" role=\"graphics-symbol\" aria-hidden=\"true\">\n<path d=\"M0.416 27.84l11.456-11.84-11.456-11.904q-0.832-0.832 0-1.536 0.832-0.832 1.536 0l12.544 12.608q0.768 0.832 0 1.6l-12.544 12.608q-0.704 0.832-1.536 0-0.832-0.704 0-1.536z\"><\/path>\n<\/svg><\/span><\/a><\/div><\/div><\/div><footer class=\"entry-footer\"><\/footer><span class='hidden'>\n\t\t\t\t<span class='av-structured-data'  itemprop=\"image\" itemscope=\"itemscope\" itemtype=\"https:\/\/schema.org\/ImageObject\" >\n\t\t\t\t\t\t<span itemprop='url'>https:\/\/www.fundacioimpulsa.org\/wp-content\/uploads\/2026\/02\/Portada-noti-Fundacio-Impulsa.jpg<\/span>\n\t\t\t\t\t\t<span itemprop='height'>483<\/span>\n\t\t\t\t\t\t<span itemprop='width'>700<\/span>\n\t\t\t\t<\/span>\n\t\t\t\t<span class='av-structured-data'  itemprop=\"publisher\" itemtype=\"https:\/\/schema.org\/Organization\" itemscope=\"itemscope\" >\n\t\t\t\t\t\t<span itemprop='name'>anna<\/span>\n\t\t\t\t\t\t<span itemprop='logo' itemscope itemtype='https:\/\/schema.org\/ImageObject'>\n\t\t\t\t\t\t\t<span itemprop='url'>https:\/\/www.fundacioimpulsa.org\/wp-content\/uploads\/2022\/10\/fundacioImpulsa-logoes.png<\/span>\n\t\t\t\t\t\t<\/span>\n\t\t\t\t<\/span><span class='av-structured-data'  itemprop=\"author\" itemscope=\"itemscope\" itemtype=\"https:\/\/schema.org\/Person\" ><span itemprop='name'>anna<\/span><\/span><span class='av-structured-data'  itemprop=\"datePublished\" datetime=\"2022-02-21T09:19:37+01:00\" >2026-02-14 11:00:40<\/span><span class='av-structured-data'  itemprop=\"dateModified\" itemtype=\"https:\/\/schema.org\/dateModified\" >2026-02-11 12:16:53<\/span><span class='av-structured-data'  itemprop=\"mainEntityOfPage\" itemtype=\"https:\/\/schema.org\/mainEntityOfPage\" ><span itemprop='name'>\u201cInnovaci\u00f3n, prudencia financiera y constancia: as\u00ed te conviertes en el primer comercializador independiente de Espa\u00f1a\u201d \u2014 entrevista a Emili Rousaud i Par\u00e9s<\/span><\/span><\/span><\/article><article class='slide-entry flex_column  post-entry post-entry-13898 slide-entry-overview slide-loop-3 slide-parity-odd  av_one_third  real-thumbnail posttype-post post-format-standard'  itemscope=\"itemscope\" itemtype=\"https:\/\/schema.org\/CreativeWork\" ><a href='https:\/\/www.fundacioimpulsa.org\/es\/tener-estudios-superiores-te-abre-puertas-si-no-pierdes-la-posibilidad-de-ascender-dentro-de-una-empresa-entrevista-a-abderrahmane-eddarai\/' data-rel='slide-1' class='slide-image' title='\u201cTener estudios superiores te abre puertas; si no, pierdes la posibilidad de ascender dentro de una empresa.\u201d entrevista a Abderrahmane Eddarai'><img decoding=\"async\" fetchpriority=\"high\" width=\"700\" height=\"483\" src=\"https:\/\/www.fundacioimpulsa.org\/wp-content\/uploads\/2025\/12\/abde-2-1.jpg\" class=\"wp-image-13893 avia-img-lazy-loading-not-13893 attachment-no scaling size-no scaling wp-post-image\" alt=\"\" srcset=\"https:\/\/www.fundacioimpulsa.org\/wp-content\/uploads\/2025\/12\/abde-2-1.jpg 700w, https:\/\/www.fundacioimpulsa.org\/wp-content\/uploads\/2025\/12\/abde-2-1-300x207.jpg 300w, https:\/\/www.fundacioimpulsa.org\/wp-content\/uploads\/2025\/12\/abde-2-1-306x211.jpg 306w\" sizes=\"(max-width: 700px) 100vw, 700px\" \/><\/a><div class=\"slide-content\"><header class=\"entry-content-header\" aria-label=\"Slide: \u201cTener estudios superiores te abre puertas; si no, pierdes la posibilidad de ascender dentro de una empresa.\u201d entrevista a Abderrahmane Eddarai\"><h3 class='slide-entry-title entry-title '  itemprop=\"headline\" ><a href='https:\/\/www.fundacioimpulsa.org\/es\/tener-estudios-superiores-te-abre-puertas-si-no-pierdes-la-posibilidad-de-ascender-dentro-de-una-empresa-entrevista-a-abderrahmane-eddarai\/' title='\u201cTener estudios superiores te abre puertas; si no, pierdes la posibilidad de ascender dentro de una empresa.\u201d entrevista a Abderrahmane Eddarai'>\u201cTener estudios superiores te abre puertas; si no, pierdes la posibilidad de ascender dentro de una empresa.\u201d entrevista a Abderrahmane Eddarai<\/a><\/h3><span class=\"av-vertical-delimiter\"><\/span><\/header><div class=\"slide-meta\"><time class='slide-meta-time updated'  itemprop=\"datePublished\" datetime=\"2025-12-13T11:00:43+01:00\" >13 de diciembre de 2025<\/time><\/div><div class='slide-entry-excerpt entry-content'  itemprop=\"text\" ><div class=\"post-tags\" style=\"display:block\"><p class=\"post-tags-inner\"><a href=\"  https:\/\/www.fundacioimpulsa.org\/es\/tag\/protagonistesimpulsa-es\/  \"><strong> #ProtagonistasImpulsa <\/strong><\/a><br><\/p><\/div><div class=\"read-more-link\"><a href=\"https:\/\/www.fundacioimpulsa.org\/es\/tener-estudios-superiores-te-abre-puertas-si-no-pierdes-la-posibilidad-de-ascender-dentro-de-una-empresa-entrevista-a-abderrahmane-eddarai\/\" class=\"more-link\">Leer m\u00e1s<span class='more-link-arrow avia-svg-icon avia-font-svg_entypo-fontello' data-av_svg_icon='right-open-big' data-av_iconset='svg_entypo-fontello'><svg version=\"1.1\" xmlns=\"http:\/\/www.w3.org\/2000\/svg\" width=\"15\" height=\"32\" viewBox=\"0 0 15 32\" preserveAspectRatio=\"xMidYMid meet\" role=\"graphics-symbol\" aria-hidden=\"true\">\n<path d=\"M0.416 27.84l11.456-11.84-11.456-11.904q-0.832-0.832 0-1.536 0.832-0.832 1.536 0l12.544 12.608q0.768 0.832 0 1.6l-12.544 12.608q-0.704 0.832-1.536 0-0.832-0.704 0-1.536z\"><\/path>\n<\/svg><\/span><\/a><\/div><\/div><\/div><footer class=\"entry-footer\"><\/footer><span class='hidden'>\n\t\t\t\t<span class='av-structured-data'  itemprop=\"image\" itemscope=\"itemscope\" itemtype=\"https:\/\/schema.org\/ImageObject\" >\n\t\t\t\t\t\t<span itemprop='url'>https:\/\/www.fundacioimpulsa.org\/wp-content\/uploads\/2025\/12\/abde-2-1.jpg<\/span>\n\t\t\t\t\t\t<span itemprop='height'>483<\/span>\n\t\t\t\t\t\t<span itemprop='width'>700<\/span>\n\t\t\t\t<\/span>\n\t\t\t\t<span class='av-structured-data'  itemprop=\"publisher\" itemtype=\"https:\/\/schema.org\/Organization\" itemscope=\"itemscope\" >\n\t\t\t\t\t\t<span itemprop='name'>anna<\/span>\n\t\t\t\t\t\t<span itemprop='logo' itemscope itemtype='https:\/\/schema.org\/ImageObject'>\n\t\t\t\t\t\t\t<span itemprop='url'>https:\/\/www.fundacioimpulsa.org\/wp-content\/uploads\/2022\/10\/fundacioImpulsa-logoes.png<\/span>\n\t\t\t\t\t\t<\/span>\n\t\t\t\t<\/span><span class='av-structured-data'  itemprop=\"author\" itemscope=\"itemscope\" itemtype=\"https:\/\/schema.org\/Person\" ><span itemprop='name'>anna<\/span><\/span><span class='av-structured-data'  itemprop=\"datePublished\" datetime=\"2022-02-21T09:19:37+01:00\" >2025-12-13 11:00:43<\/span><span class='av-structured-data'  itemprop=\"dateModified\" itemtype=\"https:\/\/schema.org\/dateModified\" >2025-12-12 12:20:58<\/span><span class='av-structured-data'  itemprop=\"mainEntityOfPage\" itemtype=\"https:\/\/schema.org\/mainEntityOfPage\" ><span itemprop='name'>\u201cTener estudios superiores te abre puertas; si no, pierdes la posibilidad de ascender dentro de una empresa.\u201d entrevista a Abderrahmane Eddarai<\/span><\/span><\/span><\/article><\/div><div class=\"slide-entry-wrap\"><article class='slide-entry flex_column  post-entry post-entry-13817 slide-entry-overview slide-loop-4 slide-parity-odd  av_one_third first real-thumbnail posttype-post post-format-standard'  itemscope=\"itemscope\" itemtype=\"https:\/\/schema.org\/CreativeWork\" ><a href='https:\/\/www.fundacioimpulsa.org\/es\/creamos-la-fundacion-mutua-para-hacer-realidad-una-frase-de-nuestro-primer-presidente-hay-que-devolver-a-la-sociedad-lo-que-de-ella-se-ha-recibido-entrevista-a-daniel-redondo\/' data-rel='slide-1' class='slide-image' title='\u00abCreamos la Fundaci\u00f3n M\u00fatua [&#8230;] para hacer realidad una frase de nuestro primer presidente: \u00abHay que devolver a la sociedad lo que de ella se ha recibido\u201d Entrevista a Daniel Redondo'><img decoding=\"async\" fetchpriority=\"high\" width=\"700\" height=\"483\" src=\"https:\/\/www.fundacioimpulsa.org\/wp-content\/uploads\/2025\/11\/Daniel-Redondo.jpg\" class=\"wp-image-13802 avia-img-lazy-loading-not-13802 attachment-no scaling size-no scaling wp-post-image\" alt=\"\" srcset=\"https:\/\/www.fundacioimpulsa.org\/wp-content\/uploads\/2025\/11\/Daniel-Redondo.jpg 700w, https:\/\/www.fundacioimpulsa.org\/wp-content\/uploads\/2025\/11\/Daniel-Redondo-300x207.jpg 300w, https:\/\/www.fundacioimpulsa.org\/wp-content\/uploads\/2025\/11\/Daniel-Redondo-306x211.jpg 306w\" sizes=\"(max-width: 700px) 100vw, 700px\" \/><\/a><div class=\"slide-content\"><header class=\"entry-content-header\" aria-label=\"Slide: &quot;Creamos la Fundaci\u00f3n M\u00fatua [...] para hacer realidad una frase de nuestro primer presidente: &quot;Hay que devolver a la sociedad lo que de ella se ha recibido\u201d Entrevista a Daniel Redondo\"><h3 class='slide-entry-title entry-title '  itemprop=\"headline\" ><a href='https:\/\/www.fundacioimpulsa.org\/es\/creamos-la-fundacion-mutua-para-hacer-realidad-una-frase-de-nuestro-primer-presidente-hay-que-devolver-a-la-sociedad-lo-que-de-ella-se-ha-recibido-entrevista-a-daniel-redondo\/' title='\u00abCreamos la Fundaci\u00f3n M\u00fatua [&#8230;] para hacer realidad una frase de nuestro primer presidente: \u00abHay que devolver a la sociedad lo que de ella se ha recibido\u201d Entrevista a Daniel Redondo'>\u00abCreamos la Fundaci\u00f3n M\u00fatua [&#8230;] para hacer realidad una frase de nuestro primer presidente: \u00abHay que devolver a la sociedad lo que de ella se ha recibido\u201d Entrevista a Daniel Redondo<\/a><\/h3><span class=\"av-vertical-delimiter\"><\/span><\/header><div class=\"slide-meta\"><time class='slide-meta-time updated'  itemprop=\"datePublished\" datetime=\"2025-11-29T10:00:20+01:00\" >29 de noviembre de 2025<\/time><\/div><div class='slide-entry-excerpt entry-content'  itemprop=\"text\" ><div class=\"post-tags\" style=\"display:block\"><p class=\"post-tags-inner\"><a href=\"  https:\/\/www.fundacioimpulsa.org\/es\/tag\/protagonistesimpulsa-es\/  \"><strong> #ProtagonistasImpulsa <\/strong><\/a><br><\/p><\/div><div class=\"read-more-link\"><a href=\"https:\/\/www.fundacioimpulsa.org\/es\/creamos-la-fundacion-mutua-para-hacer-realidad-una-frase-de-nuestro-primer-presidente-hay-que-devolver-a-la-sociedad-lo-que-de-ella-se-ha-recibido-entrevista-a-daniel-redondo\/\" class=\"more-link\">Leer m\u00e1s<span class='more-link-arrow avia-svg-icon avia-font-svg_entypo-fontello' data-av_svg_icon='right-open-big' data-av_iconset='svg_entypo-fontello'><svg version=\"1.1\" xmlns=\"http:\/\/www.w3.org\/2000\/svg\" width=\"15\" height=\"32\" viewBox=\"0 0 15 32\" preserveAspectRatio=\"xMidYMid meet\" role=\"graphics-symbol\" aria-hidden=\"true\">\n<path d=\"M0.416 27.84l11.456-11.84-11.456-11.904q-0.832-0.832 0-1.536 0.832-0.832 1.536 0l12.544 12.608q0.768 0.832 0 1.6l-12.544 12.608q-0.704 0.832-1.536 0-0.832-0.704 0-1.536z\"><\/path>\n<\/svg><\/span><\/a><\/div><\/div><\/div><footer class=\"entry-footer\"><\/footer><span class='hidden'>\n\t\t\t\t<span class='av-structured-data'  itemprop=\"image\" itemscope=\"itemscope\" itemtype=\"https:\/\/schema.org\/ImageObject\" >\n\t\t\t\t\t\t<span itemprop='url'>https:\/\/www.fundacioimpulsa.org\/wp-content\/uploads\/2025\/11\/Daniel-Redondo.jpg<\/span>\n\t\t\t\t\t\t<span itemprop='height'>483<\/span>\n\t\t\t\t\t\t<span itemprop='width'>700<\/span>\n\t\t\t\t<\/span>\n\t\t\t\t<span class='av-structured-data'  itemprop=\"publisher\" itemtype=\"https:\/\/schema.org\/Organization\" itemscope=\"itemscope\" >\n\t\t\t\t\t\t<span itemprop='name'>anna<\/span>\n\t\t\t\t\t\t<span itemprop='logo' itemscope itemtype='https:\/\/schema.org\/ImageObject'>\n\t\t\t\t\t\t\t<span itemprop='url'>https:\/\/www.fundacioimpulsa.org\/wp-content\/uploads\/2022\/10\/fundacioImpulsa-logoes.png<\/span>\n\t\t\t\t\t\t<\/span>\n\t\t\t\t<\/span><span class='av-structured-data'  itemprop=\"author\" itemscope=\"itemscope\" itemtype=\"https:\/\/schema.org\/Person\" ><span itemprop='name'>anna<\/span><\/span><span class='av-structured-data'  itemprop=\"datePublished\" datetime=\"2022-02-21T09:19:37+01:00\" >2025-11-29 10:00:20<\/span><span class='av-structured-data'  itemprop=\"dateModified\" itemtype=\"https:\/\/schema.org\/dateModified\" >2025-11-26 10:14:51<\/span><span class='av-structured-data'  itemprop=\"mainEntityOfPage\" itemtype=\"https:\/\/schema.org\/mainEntityOfPage\" ><span itemprop='name'>\u00abCreamos la Fundaci\u00f3n M\u00fatua [&#8230;] para hacer realidad una frase de nuestro primer presidente: \u00abHay que devolver a la sociedad lo que de ella se ha recibido\u201d Entrevista a Daniel Redondo<\/span><\/span><\/span><\/article><article class='slide-entry flex_column  post-entry post-entry-13582 slide-entry-overview slide-loop-5 slide-parity-even  av_one_third  real-thumbnail posttype-post post-format-standard'  itemscope=\"itemscope\" itemtype=\"https:\/\/schema.org\/CreativeWork\" ><a href='https:\/\/www.fundacioimpulsa.org\/es\/vi-un-simil-entre-lo-que-yo-habia-vivido-en-mis-inicios-como-emprendedora-y-lo-que-la-fundacion-impulsa-ofrece-a-los-jovenes-entrevista-a-anna-guixa\/' data-rel='slide-1' class='slide-image' title='\u00abVi un s\u00edmil entre lo que yo hab\u00eda vivido en mis inicios como emprendedora y lo que la Fundaci\u00f3n Impulsa ofrece a los j\u00f3venes\u201d \u2014 entrevista a Anna Guix\u00e0'><img decoding=\"async\" fetchpriority=\"high\" width=\"700\" height=\"483\" src=\"https:\/\/www.fundacioimpulsa.org\/wp-content\/uploads\/2025\/10\/Portada-noti-Fundacio-Impulsa-1.jpg\" class=\"wp-image-13575 avia-img-lazy-loading-not-13575 attachment-no scaling size-no scaling wp-post-image\" alt=\"\" srcset=\"https:\/\/www.fundacioimpulsa.org\/wp-content\/uploads\/2025\/10\/Portada-noti-Fundacio-Impulsa-1.jpg 700w, https:\/\/www.fundacioimpulsa.org\/wp-content\/uploads\/2025\/10\/Portada-noti-Fundacio-Impulsa-1-300x207.jpg 300w, https:\/\/www.fundacioimpulsa.org\/wp-content\/uploads\/2025\/10\/Portada-noti-Fundacio-Impulsa-1-306x211.jpg 306w\" sizes=\"(max-width: 700px) 100vw, 700px\" \/><\/a><div class=\"slide-content\"><header class=\"entry-content-header\" aria-label=\"Slide: &quot;Vi un s\u00edmil entre lo que yo hab\u00eda vivido en mis inicios como emprendedora y lo que la Fundaci\u00f3n Impulsa ofrece a los j\u00f3venes\u201d \u2014 entrevista a Anna Guix\u00e0\"><h3 class='slide-entry-title entry-title '  itemprop=\"headline\" ><a href='https:\/\/www.fundacioimpulsa.org\/es\/vi-un-simil-entre-lo-que-yo-habia-vivido-en-mis-inicios-como-emprendedora-y-lo-que-la-fundacion-impulsa-ofrece-a-los-jovenes-entrevista-a-anna-guixa\/' title='\u00abVi un s\u00edmil entre lo que yo hab\u00eda vivido en mis inicios como emprendedora y lo que la Fundaci\u00f3n Impulsa ofrece a los j\u00f3venes\u201d \u2014 entrevista a Anna Guix\u00e0'>\u00abVi un s\u00edmil entre lo que yo hab\u00eda vivido en mis inicios como emprendedora y lo que la Fundaci\u00f3n Impulsa ofrece a los j\u00f3venes\u201d \u2014 entrevista a Anna Guix\u00e0<\/a><\/h3><span class=\"av-vertical-delimiter\"><\/span><\/header><div class=\"slide-meta\"><time class='slide-meta-time updated'  itemprop=\"datePublished\" datetime=\"2025-10-18T10:00:12+02:00\" >18 de octubre de 2025<\/time><\/div><div class='slide-entry-excerpt entry-content'  itemprop=\"text\" ><div class=\"post-tags\" style=\"display:block\"><p class=\"post-tags-inner\"><a href=\"  https:\/\/www.fundacioimpulsa.org\/es\/tag\/protagonistesimpulsa-es\/  \"><strong> #ProtagonistasImpulsa <\/strong><\/a><br><\/p><\/div><div class=\"read-more-link\"><a href=\"https:\/\/www.fundacioimpulsa.org\/es\/vi-un-simil-entre-lo-que-yo-habia-vivido-en-mis-inicios-como-emprendedora-y-lo-que-la-fundacion-impulsa-ofrece-a-los-jovenes-entrevista-a-anna-guixa\/\" class=\"more-link\">Leer m\u00e1s<span class='more-link-arrow avia-svg-icon avia-font-svg_entypo-fontello' data-av_svg_icon='right-open-big' data-av_iconset='svg_entypo-fontello'><svg version=\"1.1\" xmlns=\"http:\/\/www.w3.org\/2000\/svg\" width=\"15\" height=\"32\" viewBox=\"0 0 15 32\" preserveAspectRatio=\"xMidYMid meet\" role=\"graphics-symbol\" aria-hidden=\"true\">\n<path d=\"M0.416 27.84l11.456-11.84-11.456-11.904q-0.832-0.832 0-1.536 0.832-0.832 1.536 0l12.544 12.608q0.768 0.832 0 1.6l-12.544 12.608q-0.704 0.832-1.536 0-0.832-0.704 0-1.536z\"><\/path>\n<\/svg><\/span><\/a><\/div><\/div><\/div><footer class=\"entry-footer\"><\/footer><span class='hidden'>\n\t\t\t\t<span class='av-structured-data'  itemprop=\"image\" itemscope=\"itemscope\" itemtype=\"https:\/\/schema.org\/ImageObject\" >\n\t\t\t\t\t\t<span itemprop='url'>https:\/\/www.fundacioimpulsa.org\/wp-content\/uploads\/2025\/10\/Portada-noti-Fundacio-Impulsa-1.jpg<\/span>\n\t\t\t\t\t\t<span itemprop='height'>483<\/span>\n\t\t\t\t\t\t<span itemprop='width'>700<\/span>\n\t\t\t\t<\/span>\n\t\t\t\t<span class='av-structured-data'  itemprop=\"publisher\" itemtype=\"https:\/\/schema.org\/Organization\" itemscope=\"itemscope\" >\n\t\t\t\t\t\t<span itemprop='name'>anna<\/span>\n\t\t\t\t\t\t<span itemprop='logo' itemscope itemtype='https:\/\/schema.org\/ImageObject'>\n\t\t\t\t\t\t\t<span itemprop='url'>https:\/\/www.fundacioimpulsa.org\/wp-content\/uploads\/2022\/10\/fundacioImpulsa-logoes.png<\/span>\n\t\t\t\t\t\t<\/span>\n\t\t\t\t<\/span><span class='av-structured-data'  itemprop=\"author\" itemscope=\"itemscope\" itemtype=\"https:\/\/schema.org\/Person\" ><span itemprop='name'>anna<\/span><\/span><span class='av-structured-data'  itemprop=\"datePublished\" datetime=\"2022-02-21T09:19:37+01:00\" >2025-10-18 10:00:12<\/span><span class='av-structured-data'  itemprop=\"dateModified\" itemtype=\"https:\/\/schema.org\/dateModified\" >2025-10-20 09:16:12<\/span><span class='av-structured-data'  itemprop=\"mainEntityOfPage\" itemtype=\"https:\/\/schema.org\/mainEntityOfPage\" ><span itemprop='name'>\u00abVi un s\u00edmil entre lo que yo hab\u00eda vivido en mis inicios como emprendedora y lo que la Fundaci\u00f3n Impulsa ofrece a los j\u00f3venes\u201d \u2014 entrevista a Anna Guix\u00e0<\/span><\/span><\/span><\/article><article class='slide-entry flex_column  post-entry post-entry-13375 slide-entry-overview slide-loop-6 slide-parity-odd  av_one_third  real-thumbnail posttype-post post-format-standard'  itemscope=\"itemscope\" itemtype=\"https:\/\/schema.org\/CreativeWork\" ><a href='https:\/\/www.fundacioimpulsa.org\/es\/philippe-eberle\/' data-rel='slide-1' class='slide-image' title='\u201cHace 40 a\u00f1os, cuando el vino se vend\u00eda a granel, traer vino embotellado como el que ofrec\u00edamos era como la inteligencia artificial ahora\u201d Philippe Eberl\u00e9'><img decoding=\"async\" fetchpriority=\"high\" width=\"700\" height=\"483\" src=\"https:\/\/www.fundacioimpulsa.org\/wp-content\/uploads\/2025\/09\/philippe-eberle-1.jpg\" class=\"wp-image-13373 avia-img-lazy-loading-not-13373 attachment-no scaling size-no scaling wp-post-image\" alt=\"\" srcset=\"https:\/\/www.fundacioimpulsa.org\/wp-content\/uploads\/2025\/09\/philippe-eberle-1.jpg 700w, https:\/\/www.fundacioimpulsa.org\/wp-content\/uploads\/2025\/09\/philippe-eberle-1-300x207.jpg 300w, https:\/\/www.fundacioimpulsa.org\/wp-content\/uploads\/2025\/09\/philippe-eberle-1-306x211.jpg 306w\" sizes=\"(max-width: 700px) 100vw, 700px\" \/><\/a><div class=\"slide-content\"><header class=\"entry-content-header\" aria-label=\"Slide: \u201cHace 40 a\u00f1os, cuando el vino se vend\u00eda a granel, traer vino embotellado como el que ofrec\u00edamos era como la inteligencia artificial ahora\u201d Philippe Eberl\u00e9\"><h3 class='slide-entry-title entry-title '  itemprop=\"headline\" ><a href='https:\/\/www.fundacioimpulsa.org\/es\/philippe-eberle\/' title='\u201cHace 40 a\u00f1os, cuando el vino se vend\u00eda a granel, traer vino embotellado como el que ofrec\u00edamos era como la inteligencia artificial ahora\u201d Philippe Eberl\u00e9'>\u201cHace 40 a\u00f1os, cuando el vino se vend\u00eda a granel, traer vino embotellado como el que ofrec\u00edamos era como la inteligencia artificial ahora\u201d Philippe Eberl\u00e9<\/a><\/h3><span class=\"av-vertical-delimiter\"><\/span><\/header><div class=\"slide-meta\"><time class='slide-meta-time updated'  itemprop=\"datePublished\" datetime=\"2025-09-22T10:14:12+02:00\" >22 de septiembre de 2025<\/time><\/div><div class='slide-entry-excerpt entry-content'  itemprop=\"text\" ><div class=\"post-tags\" style=\"display:block\"><p class=\"post-tags-inner\"><a href=\"  https:\/\/www.fundacioimpulsa.org\/es\/tag\/protagonistesimpulsa-es\/  \"><strong> #ProtagonistasImpulsa <\/strong><\/a><br><\/p><\/div><div class=\"read-more-link\"><a href=\"https:\/\/www.fundacioimpulsa.org\/es\/philippe-eberle\/\" class=\"more-link\">Leer m\u00e1s<span class='more-link-arrow avia-svg-icon avia-font-svg_entypo-fontello' data-av_svg_icon='right-open-big' data-av_iconset='svg_entypo-fontello'><svg version=\"1.1\" xmlns=\"http:\/\/www.w3.org\/2000\/svg\" width=\"15\" height=\"32\" viewBox=\"0 0 15 32\" preserveAspectRatio=\"xMidYMid meet\" role=\"graphics-symbol\" aria-hidden=\"true\">\n<path d=\"M0.416 27.84l11.456-11.84-11.456-11.904q-0.832-0.832 0-1.536 0.832-0.832 1.536 0l12.544 12.608q0.768 0.832 0 1.6l-12.544 12.608q-0.704 0.832-1.536 0-0.832-0.704 0-1.536z\"><\/path>\n<\/svg><\/span><\/a><\/div><\/div><\/div><footer class=\"entry-footer\"><\/footer><span class='hidden'>\n\t\t\t\t<span class='av-structured-data'  itemprop=\"image\" itemscope=\"itemscope\" itemtype=\"https:\/\/schema.org\/ImageObject\" >\n\t\t\t\t\t\t<span itemprop='url'>https:\/\/www.fundacioimpulsa.org\/wp-content\/uploads\/2025\/09\/philippe-eberle-1.jpg<\/span>\n\t\t\t\t\t\t<span itemprop='height'>483<\/span>\n\t\t\t\t\t\t<span itemprop='width'>700<\/span>\n\t\t\t\t<\/span>\n\t\t\t\t<span class='av-structured-data'  itemprop=\"publisher\" itemtype=\"https:\/\/schema.org\/Organization\" itemscope=\"itemscope\" >\n\t\t\t\t\t\t<span itemprop='name'>anna<\/span>\n\t\t\t\t\t\t<span itemprop='logo' itemscope itemtype='https:\/\/schema.org\/ImageObject'>\n\t\t\t\t\t\t\t<span itemprop='url'>https:\/\/www.fundacioimpulsa.org\/wp-content\/uploads\/2022\/10\/fundacioImpulsa-logoes.png<\/span>\n\t\t\t\t\t\t<\/span>\n\t\t\t\t<\/span><span class='av-structured-data'  itemprop=\"author\" itemscope=\"itemscope\" itemtype=\"https:\/\/schema.org\/Person\" ><span itemprop='name'>anna<\/span><\/span><span class='av-structured-data'  itemprop=\"datePublished\" datetime=\"2022-02-21T09:19:37+01:00\" >2025-09-22 10:14:12<\/span><span class='av-structured-data'  itemprop=\"dateModified\" itemtype=\"https:\/\/schema.org\/dateModified\" >2025-09-22 10:29:34<\/span><span class='av-structured-data'  itemprop=\"mainEntityOfPage\" itemtype=\"https:\/\/schema.org\/mainEntityOfPage\" ><span itemprop='name'>\u201cHace 40 a\u00f1os, cuando el vino se vend\u00eda a granel, traer vino embotellado como el que ofrec\u00edamos era como la inteligencia artificial ahora\u201d Philippe Eberl\u00e9<\/span><\/span><\/span><\/article><\/div><div class=\"slide-entry-wrap\"><article class='slide-entry flex_column  post-entry post-entry-13246 slide-entry-overview slide-loop-7 slide-parity-odd  av_one_third first real-thumbnail posttype-post post-format-standard'  itemscope=\"itemscope\" itemtype=\"https:\/\/schema.org\/CreativeWork\" ><a href='https:\/\/www.fundacioimpulsa.org\/es\/miquel-noguer\/' data-rel='slide-1' class='slide-image' title='\u00abAbrimos puertas y ponemos alfombra roja a iniciativas como la Fundaci\u00f3n Impulsa\u00bb Miquel Noguer'><img decoding=\"async\" fetchpriority=\"high\" width=\"719\" height=\"496\" src=\"https:\/\/www.fundacioimpulsa.org\/wp-content\/uploads\/2025\/07\/Obrim-portes-i-posem-catifa-vermella-a-iniciatives-com-la-Fundacio-Impulsa-1.jpg\" class=\"wp-image-13238 avia-img-lazy-loading-not-13238 attachment-no scaling size-no scaling wp-post-image\" alt=\"\" srcset=\"https:\/\/www.fundacioimpulsa.org\/wp-content\/uploads\/2025\/07\/Obrim-portes-i-posem-catifa-vermella-a-iniciatives-com-la-Fundacio-Impulsa-1.jpg 719w, https:\/\/www.fundacioimpulsa.org\/wp-content\/uploads\/2025\/07\/Obrim-portes-i-posem-catifa-vermella-a-iniciatives-com-la-Fundacio-Impulsa-1-300x207.jpg 300w, https:\/\/www.fundacioimpulsa.org\/wp-content\/uploads\/2025\/07\/Obrim-portes-i-posem-catifa-vermella-a-iniciatives-com-la-Fundacio-Impulsa-1-705x486.jpg 705w, https:\/\/www.fundacioimpulsa.org\/wp-content\/uploads\/2025\/07\/Obrim-portes-i-posem-catifa-vermella-a-iniciatives-com-la-Fundacio-Impulsa-1-306x211.jpg 306w\" sizes=\"(max-width: 719px) 100vw, 719px\" \/><\/a><div class=\"slide-content\"><header class=\"entry-content-header\" aria-label=\"Slide: &quot;Abrimos puertas y ponemos alfombra roja a iniciativas como la Fundaci\u00f3n Impulsa&quot; Miquel Noguer\"><h3 class='slide-entry-title entry-title '  itemprop=\"headline\" ><a href='https:\/\/www.fundacioimpulsa.org\/es\/miquel-noguer\/' title='\u00abAbrimos puertas y ponemos alfombra roja a iniciativas como la Fundaci\u00f3n Impulsa\u00bb Miquel Noguer'>\u00abAbrimos puertas y ponemos alfombra roja a iniciativas como la Fundaci\u00f3n Impulsa\u00bb Miquel Noguer<\/a><\/h3><span class=\"av-vertical-delimiter\"><\/span><\/header><div class=\"slide-meta\"><time class='slide-meta-time updated'  itemprop=\"datePublished\" datetime=\"2025-07-15T09:51:34+02:00\" >15 de julio de 2025<\/time><\/div><div class='slide-entry-excerpt entry-content'  itemprop=\"text\" ><div class=\"post-tags\" style=\"display:block\"><p class=\"post-tags-inner\"><a href=\"  https:\/\/www.fundacioimpulsa.org\/es\/tag\/protagonistesimpulsa-es\/  \"><strong> #ProtagonistasImpulsa <\/strong><\/a><br><\/p><\/div><div class=\"read-more-link\"><a href=\"https:\/\/www.fundacioimpulsa.org\/es\/miquel-noguer\/\" class=\"more-link\">Leer m\u00e1s<span class='more-link-arrow avia-svg-icon avia-font-svg_entypo-fontello' data-av_svg_icon='right-open-big' data-av_iconset='svg_entypo-fontello'><svg version=\"1.1\" xmlns=\"http:\/\/www.w3.org\/2000\/svg\" width=\"15\" height=\"32\" viewBox=\"0 0 15 32\" preserveAspectRatio=\"xMidYMid meet\" role=\"graphics-symbol\" aria-hidden=\"true\">\n<path d=\"M0.416 27.84l11.456-11.84-11.456-11.904q-0.832-0.832 0-1.536 0.832-0.832 1.536 0l12.544 12.608q0.768 0.832 0 1.6l-12.544 12.608q-0.704 0.832-1.536 0-0.832-0.704 0-1.536z\"><\/path>\n<\/svg><\/span><\/a><\/div><\/div><\/div><footer class=\"entry-footer\"><\/footer><span class='hidden'>\n\t\t\t\t<span class='av-structured-data'  itemprop=\"image\" itemscope=\"itemscope\" itemtype=\"https:\/\/schema.org\/ImageObject\" >\n\t\t\t\t\t\t<span itemprop='url'>https:\/\/www.fundacioimpulsa.org\/wp-content\/uploads\/2025\/07\/Obrim-portes-i-posem-catifa-vermella-a-iniciatives-com-la-Fundacio-Impulsa-1.jpg<\/span>\n\t\t\t\t\t\t<span itemprop='height'>496<\/span>\n\t\t\t\t\t\t<span itemprop='width'>719<\/span>\n\t\t\t\t<\/span>\n\t\t\t\t<span class='av-structured-data'  itemprop=\"publisher\" itemtype=\"https:\/\/schema.org\/Organization\" itemscope=\"itemscope\" >\n\t\t\t\t\t\t<span itemprop='name'>anna<\/span>\n\t\t\t\t\t\t<span itemprop='logo' itemscope itemtype='https:\/\/schema.org\/ImageObject'>\n\t\t\t\t\t\t\t<span itemprop='url'>https:\/\/www.fundacioimpulsa.org\/wp-content\/uploads\/2022\/10\/fundacioImpulsa-logoes.png<\/span>\n\t\t\t\t\t\t<\/span>\n\t\t\t\t<\/span><span class='av-structured-data'  itemprop=\"author\" itemscope=\"itemscope\" itemtype=\"https:\/\/schema.org\/Person\" ><span itemprop='name'>anna<\/span><\/span><span class='av-structured-data'  itemprop=\"datePublished\" datetime=\"2022-02-21T09:19:37+01:00\" >2025-07-15 09:51:34<\/span><span class='av-structured-data'  itemprop=\"dateModified\" itemtype=\"https:\/\/schema.org\/dateModified\" >2025-07-15 10:10:35<\/span><span class='av-structured-data'  itemprop=\"mainEntityOfPage\" itemtype=\"https:\/\/schema.org\/mainEntityOfPage\" ><span itemprop='name'>\u00abAbrimos puertas y ponemos alfombra roja a iniciativas como la Fundaci\u00f3n Impulsa\u00bb Miquel Noguer<\/span><\/span><\/span><\/article><article class='slide-entry flex_column  post-entry post-entry-12980 slide-entry-overview slide-loop-8 slide-parity-even  av_one_third  real-thumbnail posttype-post post-format-standard'  itemscope=\"itemscope\" itemtype=\"https:\/\/schema.org\/CreativeWork\" ><a href='https:\/\/www.fundacioimpulsa.org\/es\/isam-dani\/' data-rel='slide-1' class='slide-image' title='\u00abExiste el estigma de que los j\u00f3venes no queremos trabajar, y eso es mentira.\u00bb Isam Dani'><img decoding=\"async\" fetchpriority=\"high\" width=\"700\" height=\"483\" src=\"https:\/\/www.fundacioimpulsa.org\/wp-content\/uploads\/2025\/05\/Portada-noti-Fundacio-Impulsa-30.jpg\" class=\"wp-image-12885 avia-img-lazy-loading-not-12885 attachment-no scaling size-no scaling wp-post-image\" alt=\"\" srcset=\"https:\/\/www.fundacioimpulsa.org\/wp-content\/uploads\/2025\/05\/Portada-noti-Fundacio-Impulsa-30.jpg 700w, https:\/\/www.fundacioimpulsa.org\/wp-content\/uploads\/2025\/05\/Portada-noti-Fundacio-Impulsa-30-300x207.jpg 300w, https:\/\/www.fundacioimpulsa.org\/wp-content\/uploads\/2025\/05\/Portada-noti-Fundacio-Impulsa-30-306x211.jpg 306w\" sizes=\"(max-width: 700px) 100vw, 700px\" \/><\/a><div class=\"slide-content\"><header class=\"entry-content-header\" aria-label=\"Slide: &quot;Existe el estigma de que los j\u00f3venes no queremos trabajar, y eso es mentira.&quot; Isam Dani\"><h3 class='slide-entry-title entry-title '  itemprop=\"headline\" ><a href='https:\/\/www.fundacioimpulsa.org\/es\/isam-dani\/' title='\u00abExiste el estigma de que los j\u00f3venes no queremos trabajar, y eso es mentira.\u00bb Isam Dani'>\u00abExiste el estigma de que los j\u00f3venes no queremos trabajar, y eso es mentira.\u00bb Isam Dani<\/a><\/h3><span class=\"av-vertical-delimiter\"><\/span><\/header><div class=\"slide-meta\"><time class='slide-meta-time updated'  itemprop=\"datePublished\" datetime=\"2025-05-20T15:20:45+02:00\" >20 de mayo de 2025<\/time><\/div><div class='slide-entry-excerpt entry-content'  itemprop=\"text\" ><div class=\"post-tags\" style=\"display:block\"><p class=\"post-tags-inner\"><a href=\"  https:\/\/www.fundacioimpulsa.org\/es\/tag\/protagonistesimpulsa-es\/  \"><strong> #ProtagonistasImpulsa <\/strong><\/a><br><\/p><\/div><div class=\"read-more-link\"><a href=\"https:\/\/www.fundacioimpulsa.org\/es\/isam-dani\/\" class=\"more-link\">Leer m\u00e1s<span class='more-link-arrow avia-svg-icon avia-font-svg_entypo-fontello' data-av_svg_icon='right-open-big' data-av_iconset='svg_entypo-fontello'><svg version=\"1.1\" xmlns=\"http:\/\/www.w3.org\/2000\/svg\" width=\"15\" height=\"32\" viewBox=\"0 0 15 32\" preserveAspectRatio=\"xMidYMid meet\" role=\"graphics-symbol\" aria-hidden=\"true\">\n<path d=\"M0.416 27.84l11.456-11.84-11.456-11.904q-0.832-0.832 0-1.536 0.832-0.832 1.536 0l12.544 12.608q0.768 0.832 0 1.6l-12.544 12.608q-0.704 0.832-1.536 0-0.832-0.704 0-1.536z\"><\/path>\n<\/svg><\/span><\/a><\/div><\/div><\/div><footer class=\"entry-footer\"><\/footer><span class='hidden'>\n\t\t\t\t<span class='av-structured-data'  itemprop=\"image\" itemscope=\"itemscope\" itemtype=\"https:\/\/schema.org\/ImageObject\" >\n\t\t\t\t\t\t<span itemprop='url'>https:\/\/www.fundacioimpulsa.org\/wp-content\/uploads\/2025\/05\/Portada-noti-Fundacio-Impulsa-30.jpg<\/span>\n\t\t\t\t\t\t<span itemprop='height'>483<\/span>\n\t\t\t\t\t\t<span itemprop='width'>700<\/span>\n\t\t\t\t<\/span>\n\t\t\t\t<span class='av-structured-data'  itemprop=\"publisher\" itemtype=\"https:\/\/schema.org\/Organization\" itemscope=\"itemscope\" >\n\t\t\t\t\t\t<span itemprop='name'>anna<\/span>\n\t\t\t\t\t\t<span itemprop='logo' itemscope itemtype='https:\/\/schema.org\/ImageObject'>\n\t\t\t\t\t\t\t<span itemprop='url'>https:\/\/www.fundacioimpulsa.org\/wp-content\/uploads\/2022\/10\/fundacioImpulsa-logoes.png<\/span>\n\t\t\t\t\t\t<\/span>\n\t\t\t\t<\/span><span class='av-structured-data'  itemprop=\"author\" itemscope=\"itemscope\" itemtype=\"https:\/\/schema.org\/Person\" ><span itemprop='name'>anna<\/span><\/span><span class='av-structured-data'  itemprop=\"datePublished\" datetime=\"2022-02-21T09:19:37+01:00\" >2025-05-20 15:20:45<\/span><span class='av-structured-data'  itemprop=\"dateModified\" itemtype=\"https:\/\/schema.org\/dateModified\" >2025-06-02 14:25:35<\/span><span class='av-structured-data'  itemprop=\"mainEntityOfPage\" itemtype=\"https:\/\/schema.org\/mainEntityOfPage\" ><span itemprop='name'>\u00abExiste el estigma de que los j\u00f3venes no queremos trabajar, y eso es mentira.\u00bb Isam Dani<\/span><\/span><\/span><\/article><article class='slide-entry flex_column  post-entry post-entry-12965 slide-entry-overview slide-loop-9 slide-parity-odd  post-entry-last  av_one_third  real-thumbnail posttype-post post-format-standard'  itemscope=\"itemscope\" itemtype=\"https:\/\/schema.org\/CreativeWork\" ><a href='https:\/\/www.fundacioimpulsa.org\/es\/quan-hi-ha-persones-que-queden-enrere-es-posa-en-risc-la-cohesio-social-i-cal-fer-hi-front-ja-que-les-seves-consequencies-tambe-impacten-en-el-mon-empresarial-xavier-carles\/' data-rel='slide-1' class='slide-image' title='\u00abCuando hay personas que se quedan atr\u00e1s, se pone en riesgo la cohesi\u00f3n social, y es necesario afrontarlo, ya que sus consecuencias tambi\u00e9n impactan en el mundo empresarial.\u00bb \u2014 Xavier Carles'><img decoding=\"async\" fetchpriority=\"high\" width=\"700\" height=\"483\" src=\"https:\/\/www.fundacioimpulsa.org\/wp-content\/uploads\/2025\/04\/Portada-noti-Fundacio-Impulsa-27.jpg\" class=\"wp-image-12788 avia-img-lazy-loading-not-12788 attachment-no scaling size-no scaling wp-post-image\" alt=\"\" srcset=\"https:\/\/www.fundacioimpulsa.org\/wp-content\/uploads\/2025\/04\/Portada-noti-Fundacio-Impulsa-27.jpg 700w, https:\/\/www.fundacioimpulsa.org\/wp-content\/uploads\/2025\/04\/Portada-noti-Fundacio-Impulsa-27-300x207.jpg 300w, https:\/\/www.fundacioimpulsa.org\/wp-content\/uploads\/2025\/04\/Portada-noti-Fundacio-Impulsa-27-306x211.jpg 306w\" sizes=\"(max-width: 700px) 100vw, 700px\" \/><\/a><div class=\"slide-content\"><header class=\"entry-content-header\" aria-label=\"Slide: &quot;Cuando hay personas que se quedan atr\u00e1s, se pone en riesgo la cohesi\u00f3n social, y es necesario afrontarlo, ya que sus consecuencias tambi\u00e9n impactan en el mundo empresarial.&quot; \u2014 Xavier Carles\"><h3 class='slide-entry-title entry-title '  itemprop=\"headline\" ><a href='https:\/\/www.fundacioimpulsa.org\/es\/quan-hi-ha-persones-que-queden-enrere-es-posa-en-risc-la-cohesio-social-i-cal-fer-hi-front-ja-que-les-seves-consequencies-tambe-impacten-en-el-mon-empresarial-xavier-carles\/' title='\u00abCuando hay personas que se quedan atr\u00e1s, se pone en riesgo la cohesi\u00f3n social, y es necesario afrontarlo, ya que sus consecuencias tambi\u00e9n impactan en el mundo empresarial.\u00bb \u2014 Xavier Carles'>\u00abCuando hay personas que se quedan atr\u00e1s, se pone en riesgo la cohesi\u00f3n social, y es necesario afrontarlo, ya que sus consecuencias tambi\u00e9n impactan en el mundo empresarial.\u00bb \u2014 Xavier Carles<\/a><\/h3><span class=\"av-vertical-delimiter\"><\/span><\/header><div class=\"slide-meta\"><time class='slide-meta-time updated'  itemprop=\"datePublished\" datetime=\"2025-04-12T10:30:49+02:00\" >12 de abril de 2025<\/time><\/div><div class='slide-entry-excerpt entry-content'  itemprop=\"text\" ><div class=\"post-tags\" style=\"display:block\"><p class=\"post-tags-inner\"><a href=\"  https:\/\/www.fundacioimpulsa.org\/es\/tag\/protagonistesimpulsa-es\/  \"><strong> #ProtagonistasImpulsa <\/strong><\/a><br><\/p><\/div><div class=\"read-more-link\"><a href=\"https:\/\/www.fundacioimpulsa.org\/es\/quan-hi-ha-persones-que-queden-enrere-es-posa-en-risc-la-cohesio-social-i-cal-fer-hi-front-ja-que-les-seves-consequencies-tambe-impacten-en-el-mon-empresarial-xavier-carles\/\" class=\"more-link\">Leer m\u00e1s<span class='more-link-arrow avia-svg-icon avia-font-svg_entypo-fontello' data-av_svg_icon='right-open-big' data-av_iconset='svg_entypo-fontello'><svg version=\"1.1\" xmlns=\"http:\/\/www.w3.org\/2000\/svg\" width=\"15\" height=\"32\" viewBox=\"0 0 15 32\" preserveAspectRatio=\"xMidYMid meet\" role=\"graphics-symbol\" aria-hidden=\"true\">\n<path d=\"M0.416 27.84l11.456-11.84-11.456-11.904q-0.832-0.832 0-1.536 0.832-0.832 1.536 0l12.544 12.608q0.768 0.832 0 1.6l-12.544 12.608q-0.704 0.832-1.536 0-0.832-0.704 0-1.536z\"><\/path>\n<\/svg><\/span><\/a><\/div><\/div><\/div><footer class=\"entry-footer\"><\/footer><span class='hidden'>\n\t\t\t\t<span class='av-structured-data'  itemprop=\"image\" itemscope=\"itemscope\" itemtype=\"https:\/\/schema.org\/ImageObject\" >\n\t\t\t\t\t\t<span itemprop='url'>https:\/\/www.fundacioimpulsa.org\/wp-content\/uploads\/2025\/04\/Portada-noti-Fundacio-Impulsa-27.jpg<\/span>\n\t\t\t\t\t\t<span itemprop='height'>483<\/span>\n\t\t\t\t\t\t<span itemprop='width'>700<\/span>\n\t\t\t\t<\/span>\n\t\t\t\t<span class='av-structured-data'  itemprop=\"publisher\" itemtype=\"https:\/\/schema.org\/Organization\" itemscope=\"itemscope\" >\n\t\t\t\t\t\t<span itemprop='name'>anna<\/span>\n\t\t\t\t\t\t<span itemprop='logo' itemscope itemtype='https:\/\/schema.org\/ImageObject'>\n\t\t\t\t\t\t\t<span itemprop='url'>https:\/\/www.fundacioimpulsa.org\/wp-content\/uploads\/2022\/10\/fundacioImpulsa-logoes.png<\/span>\n\t\t\t\t\t\t<\/span>\n\t\t\t\t<\/span><span class='av-structured-data'  itemprop=\"author\" itemscope=\"itemscope\" itemtype=\"https:\/\/schema.org\/Person\" ><span itemprop='name'>anna<\/span><\/span><span class='av-structured-data'  itemprop=\"datePublished\" datetime=\"2022-02-21T09:19:37+01:00\" >2025-04-12 10:30:49<\/span><span class='av-structured-data'  itemprop=\"dateModified\" itemtype=\"https:\/\/schema.org\/dateModified\" >2025-06-02 14:03:11<\/span><span class='av-structured-data'  itemprop=\"mainEntityOfPage\" itemtype=\"https:\/\/schema.org\/mainEntityOfPage\" ><span itemprop='name'>\u00abCuando hay personas que se quedan atr\u00e1s, se pone en riesgo la cohesi\u00f3n social, y es necesario afrontarlo, ya que sus consecuencias tambi\u00e9n impactan en el mundo empresarial.\u00bb \u2014 Xavier Carles<\/span><\/span><\/span><\/article><\/div><\/div><div class='pagination-wrap pagination-slider'><nav class='pagination'><span class='pagination-meta'>P\u00e1gina 1 de 3<\/span><span class='current'>1<\/span><a href='https:\/\/www.fundacioimpulsa.org\/es\/wp-json\/wp\/v2\/pages\/5717\/?avia-element-paging=2' class='inactive next_page' >2<\/a><a href='https:\/\/www.fundacioimpulsa.org\/es\/wp-json\/wp\/v2\/pages\/5717\/?avia-element-paging=3' class='inactive' >3<\/a><\/nav>\n<\/div><\/div>\n","protected":false},"excerpt":{"rendered":"","protected":false},"author":1,"featured_media":0,"parent":0,"menu_order":0,"comment_status":"closed","ping_status":"closed","template":"","meta":{"_acf_changed":false,"footnotes":""},"class_list":["post-5717","page","type-page","status-publish","hentry"],"acf":[],"yoast_head":"<!-- This site is optimized with the Yoast SEO plugin v27.3 - https:\/\/yoast.com\/product\/yoast-seo-wordpress\/ -->\n<title>Protagonistas Impulsa - Fundacio Impulsa<\/title>\n<meta name=\"robots\" content=\"index, follow, max-snippet:-1, max-image-preview:large, max-video-preview:-1\" \/>\n<link rel=\"canonical\" href=\"https:\/\/www.fundacioimpulsa.org\/es\/protagonistes-impulsa\/\" \/>\n<meta property=\"og:locale\" content=\"es_ES\" \/>\n<meta property=\"og:type\" content=\"article\" \/>\n<meta property=\"og:title\" content=\"Protagonistas Impulsa - Fundacio Impulsa\" \/>\n<meta property=\"og:url\" content=\"https:\/\/www.fundacioimpulsa.org\/es\/protagonistes-impulsa\/\" \/>\n<meta property=\"og:site_name\" content=\"Fundacio Impulsa\" \/>\n<meta property=\"article:modified_time\" content=\"2022-11-23T10:32:02+00:00\" \/>\n<meta name=\"twitter:card\" content=\"summary_large_image\" \/>\n<meta name=\"twitter:label1\" content=\"Tiempo de lectura\" \/>\n\t<meta name=\"twitter:data1\" content=\"2 minutos\" \/>\n<script type=\"application\/ld+json\" class=\"yoast-schema-graph\">{\"@context\":\"https:\\\/\\\/schema.org\",\"@graph\":[{\"@type\":\"WebPage\",\"@id\":\"https:\\\/\\\/www.fundacioimpulsa.org\\\/es\\\/protagonistes-impulsa\\\/\",\"url\":\"https:\\\/\\\/www.fundacioimpulsa.org\\\/es\\\/protagonistes-impulsa\\\/\",\"name\":\"Protagonistas Impulsa - Fundacio Impulsa\",\"isPartOf\":{\"@id\":\"https:\\\/\\\/www.fundacioimpulsa.org\\\/es\\\/#website\"},\"datePublished\":\"2022-02-21T08:19:37+00:00\",\"dateModified\":\"2022-11-23T10:32:02+00:00\",\"breadcrumb\":{\"@id\":\"https:\\\/\\\/www.fundacioimpulsa.org\\\/es\\\/protagonistes-impulsa\\\/#breadcrumb\"},\"inLanguage\":\"es\",\"potentialAction\":[{\"@type\":\"ReadAction\",\"target\":[\"https:\\\/\\\/www.fundacioimpulsa.org\\\/es\\\/protagonistes-impulsa\\\/\"]}]},{\"@type\":\"BreadcrumbList\",\"@id\":\"https:\\\/\\\/www.fundacioimpulsa.org\\\/es\\\/protagonistes-impulsa\\\/#breadcrumb\",\"itemListElement\":[{\"@type\":\"ListItem\",\"position\":1,\"name\":\"Inici\",\"item\":\"https:\\\/\\\/www.fundacioimpulsa.org\\\/es\\\/fundacio-impulsa\\\/\"},{\"@type\":\"ListItem\",\"position\":2,\"name\":\"Protagonistas Impulsa\"}]},{\"@type\":\"WebSite\",\"@id\":\"https:\\\/\\\/www.fundacioimpulsa.org\\\/es\\\/#website\",\"url\":\"https:\\\/\\\/www.fundacioimpulsa.org\\\/es\\\/\",\"name\":\"Fundacio Impulsa\",\"description\":\"\",\"potentialAction\":[{\"@type\":\"SearchAction\",\"target\":{\"@type\":\"EntryPoint\",\"urlTemplate\":\"https:\\\/\\\/www.fundacioimpulsa.org\\\/es\\\/?s={search_term_string}\"},\"query-input\":{\"@type\":\"PropertyValueSpecification\",\"valueRequired\":true,\"valueName\":\"search_term_string\"}}],\"inLanguage\":\"es\"}]}<\/script>\n<!-- \/ Yoast SEO plugin. -->","yoast_head_json":{"title":"Protagonistas Impulsa - Fundacio Impulsa","robots":{"index":"index","follow":"follow","max-snippet":"max-snippet:-1","max-image-preview":"max-image-preview:large","max-video-preview":"max-video-preview:-1"},"canonical":"https:\/\/www.fundacioimpulsa.org\/es\/protagonistes-impulsa\/","og_locale":"es_ES","og_type":"article","og_title":"Protagonistas Impulsa - Fundacio Impulsa","og_url":"https:\/\/www.fundacioimpulsa.org\/es\/protagonistes-impulsa\/","og_site_name":"Fundacio Impulsa","article_modified_time":"2022-11-23T10:32:02+00:00","twitter_card":"summary_large_image","twitter_misc":{"Tiempo de lectura":"2 minutos"},"schema":{"@context":"https:\/\/schema.org","@graph":[{"@type":"WebPage","@id":"https:\/\/www.fundacioimpulsa.org\/es\/protagonistes-impulsa\/","url":"https:\/\/www.fundacioimpulsa.org\/es\/protagonistes-impulsa\/","name":"Protagonistas Impulsa - Fundacio Impulsa","isPartOf":{"@id":"https:\/\/www.fundacioimpulsa.org\/es\/#website"},"datePublished":"2022-02-21T08:19:37+00:00","dateModified":"2022-11-23T10:32:02+00:00","breadcrumb":{"@id":"https:\/\/www.fundacioimpulsa.org\/es\/protagonistes-impulsa\/#breadcrumb"},"inLanguage":"es","potentialAction":[{"@type":"ReadAction","target":["https:\/\/www.fundacioimpulsa.org\/es\/protagonistes-impulsa\/"]}]},{"@type":"BreadcrumbList","@id":"https:\/\/www.fundacioimpulsa.org\/es\/protagonistes-impulsa\/#breadcrumb","itemListElement":[{"@type":"ListItem","position":1,"name":"Inici","item":"https:\/\/www.fundacioimpulsa.org\/es\/fundacio-impulsa\/"},{"@type":"ListItem","position":2,"name":"Protagonistas Impulsa"}]},{"@type":"WebSite","@id":"https:\/\/www.fundacioimpulsa.org\/es\/#website","url":"https:\/\/www.fundacioimpulsa.org\/es\/","name":"Fundacio Impulsa","description":"","potentialAction":[{"@type":"SearchAction","target":{"@type":"EntryPoint","urlTemplate":"https:\/\/www.fundacioimpulsa.org\/es\/?s={search_term_string}"},"query-input":{"@type":"PropertyValueSpecification","valueRequired":true,"valueName":"search_term_string"}}],"inLanguage":"es"}]}},"publishpress_future_action":{"enabled":false,"date":"2026-05-07 12:31:11","action":"change-status","newStatus":"draft","terms":[],"taxonomy":"translation_priority","extraData":[]},"publishpress_future_workflow_manual_trigger":{"enabledWorkflows":[]},"_links":{"self":[{"href":"https:\/\/www.fundacioimpulsa.org\/es\/wp-json\/wp\/v2\/pages\/5717","targetHints":{"allow":["GET"]}}],"collection":[{"href":"https:\/\/www.fundacioimpulsa.org\/es\/wp-json\/wp\/v2\/pages"}],"about":[{"href":"https:\/\/www.fundacioimpulsa.org\/es\/wp-json\/wp\/v2\/types\/page"}],"author":[{"embeddable":true,"href":"https:\/\/www.fundacioimpulsa.org\/es\/wp-json\/wp\/v2\/users\/1"}],"replies":[{"embeddable":true,"href":"https:\/\/www.fundacioimpulsa.org\/es\/wp-json\/wp\/v2\/comments?post=5717"}],"version-history":[{"count":5,"href":"https:\/\/www.fundacioimpulsa.org\/es\/wp-json\/wp\/v2\/pages\/5717\/revisions"}],"predecessor-version":[{"id":5984,"href":"https:\/\/www.fundacioimpulsa.org\/es\/wp-json\/wp\/v2\/pages\/5717\/revisions\/5984"}],"wp:attachment":[{"href":"https:\/\/www.fundacioimpulsa.org\/es\/wp-json\/wp\/v2\/media?parent=5717"}],"curies":[{"name":"wp","href":"https:\/\/api.w.org\/{rel}","templated":true}]}}